{"id":5605,"date":"2023-11-29T16:52:51","date_gmt":"2023-11-29T15:52:51","guid":{"rendered":"https:\/\/www.deco-travaux.fr\/savoie\/?page_id=5605"},"modified":"2026-04-03T09:56:12","modified_gmt":"2026-04-03T08:56:12","slug":"portes-fenetres","status":"publish","type":"page","link":"https:\/\/www.deco-travaux.fr\/savoie\/portes-fenetres\/","title":{"rendered":"Portes fen\u00eatres"},"content":{"rendered":"\t\t<div data-elementor-type=\"wp-page\" data-elementor-id=\"5605\" class=\"elementor elementor-5605\">\n\t\t\t\t\t\t<section class=\"elementor-section elementor-top-section elementor-element elementor-element-51d7790c elementor-section-boxed elementor-section-height-default elementor-section-height-default\" data-id=\"51d7790c\" data-element_type=\"section\" data-e-type=\"section\">\n\t\t\t\t\t\t<div class=\"elementor-container elementor-column-gap-default\">\n\t\t\t\t\t<div class=\"elementor-column elementor-col-100 elementor-top-column elementor-element elementor-element-582c8d96\" data-id=\"582c8d96\" data-element_type=\"column\" data-e-type=\"column\">\n\t\t\t<div class=\"elementor-widget-wrap elementor-element-populated\">\n\t\t\t\t\t\t<div class=\"elementor-element elementor-element-19df40bd elementor-widget elementor-widget-heading\" data-id=\"19df40bd\" data-element_type=\"widget\" data-e-type=\"widget\" data-widget_type=\"heading.default\">\n\t\t\t\t<div class=\"elementor-widget-container\">\n\t\t\t\t\t<h1 class=\"elementor-heading-title elementor-size-medium\">Magasin de fen\u00eatres et portes entre Moutiers et Bourg Saint Maurice<\/h1>\t\t\t\t<\/div>\n\t\t\t\t<\/div>\n\t\t\t\t\t<\/div>\n\t\t<\/div>\n\t\t\t\t\t<\/div>\n\t\t<\/section>\n\t\t\t\t<section class=\"elementor-section elementor-top-section elementor-element elementor-element-4578ec75 elementor-section-content-middle elementor-section-boxed elementor-section-height-default elementor-section-height-default\" data-id=\"4578ec75\" data-element_type=\"section\" data-e-type=\"section\">\n\t\t\t\t\t\t<div class=\"elementor-container elementor-column-gap-no\">\n\t\t\t\t\t<div class=\"elementor-column elementor-col-100 elementor-top-column elementor-element elementor-element-8de8d88\" data-id=\"8de8d88\" data-element_type=\"column\" data-e-type=\"column\">\n\t\t\t<div class=\"elementor-widget-wrap elementor-element-populated\">\n\t\t\t\t\t\t<div class=\"elementor-element elementor-element-0ff932f elementor-widget elementor-widget-heading\" data-id=\"0ff932f\" data-element_type=\"widget\" data-e-type=\"widget\" data-widget_type=\"heading.default\">\n\t\t\t\t<div class=\"elementor-widget-container\">\n\t\t\t\t\t<h2 class=\"elementor-heading-title elementor-size-default\">Magasin Christelle portes et fen\u00eatres \u00e9l\u00e9gantes haute qualit\u00e9 \u00e0 prix bas<\/h2>\t\t\t\t<\/div>\n\t\t\t\t<\/div>\n\t\t\t\t<div class=\"elementor-element elementor-element-3438fb6 elementor-widget elementor-widget-heading\" data-id=\"3438fb6\" data-element_type=\"widget\" data-e-type=\"widget\" data-widget_type=\"heading.default\">\n\t\t\t\t<div class=\"elementor-widget-container\">\n\t\t\t\t\t<h3 class=\"elementor-heading-title elementor-size-default\">Porte d'entr\u00e9e, porte de garage, fen\u00eatres et volets harmonis\u00e9s<\/h3>\t\t\t\t<\/div>\n\t\t\t\t<\/div>\n\t\t\t\t<div class=\"elementor-element elementor-element-6aab164 elementor-widget elementor-widget-heading\" data-id=\"6aab164\" data-element_type=\"widget\" data-e-type=\"widget\" data-widget_type=\"heading.default\">\n\t\t\t\t<div class=\"elementor-widget-container\">\n\t\t\t\t\t<h3 class=\"elementor-heading-title elementor-size-default\">Magasin menuiserie Savoie haute qualit\u00e9 et \u00e9conomie d'\u00e9nergie<\/h3>\t\t\t\t<\/div>\n\t\t\t\t<\/div>\n\t\t\t\t<div class=\"elementor-element elementor-element-9f31f3b elementor-widget elementor-widget-heading\" data-id=\"9f31f3b\" data-element_type=\"widget\" data-e-type=\"widget\" data-widget_type=\"heading.default\">\n\t\t\t\t<div class=\"elementor-widget-container\">\n\t\t\t\t\t<h3 class=\"elementor-heading-title elementor-size-default\">D\u00e9lais de livraison de fen\u00eatres et portes les plus courts de Savoie<\/h3>\t\t\t\t<\/div>\n\t\t\t\t<\/div>\n\t\t\t\t<div class=\"elementor-element elementor-element-1a7c35c gallery-spacing-custom e-transform elementor-widget elementor-widget-image-gallery\" data-id=\"1a7c35c\" data-element_type=\"widget\" data-e-type=\"widget\" data-settings=\"{&quot;_transform_translateX_effect&quot;:{&quot;unit&quot;:&quot;px&quot;,&quot;size&quot;:&quot;&quot;,&quot;sizes&quot;:[]},&quot;_transform_translateX_effect_tablet&quot;:{&quot;unit&quot;:&quot;px&quot;,&quot;size&quot;:&quot;&quot;,&quot;sizes&quot;:[]},&quot;_transform_translateX_effect_mobile&quot;:{&quot;unit&quot;:&quot;px&quot;,&quot;size&quot;:&quot;&quot;,&quot;sizes&quot;:[]},&quot;_transform_translateY_effect&quot;:{&quot;unit&quot;:&quot;px&quot;,&quot;size&quot;:&quot;&quot;,&quot;sizes&quot;:[]},&quot;_transform_translateY_effect_tablet&quot;:{&quot;unit&quot;:&quot;px&quot;,&quot;size&quot;:&quot;&quot;,&quot;sizes&quot;:[]},&quot;_transform_translateY_effect_mobile&quot;:{&quot;unit&quot;:&quot;px&quot;,&quot;size&quot;:&quot;&quot;,&quot;sizes&quot;:[]}}\" data-widget_type=\"image-gallery.default\">\n\t\t\t\t<div class=\"elementor-widget-container\">\n\t\t\t\t\t\t\t<div class=\"elementor-image-gallery\">\n\t\t\t<div id='gallery-1' class='gallery galleryid-5605 gallery-columns-2 gallery-size-estore-featured-image'><figure class='gallery-item'>\n\t\t\t<div class='gallery-icon landscape'>\n\t\t\t\t<a data-elementor-open-lightbox=\"yes\" data-elementor-lightbox-slideshow=\"1a7c35c\" data-elementor-lightbox-title=\"Magasin menuiserie Savoie portes et fen\u00eatres nombreux coloris et finitions alu bois acier bois ou pvc\" data-e-action-hash=\"#elementor-action%3Aaction%3Dlightbox%26settings%3DeyJpZCI6ODY1MCwidXJsIjoiaHR0cHM6XC9cL3d3dy5kZWNvLXRyYXZhdXguZnJcL3Nhdm9pZVwvd3AtY29udGVudFwvdXBsb2Fkc1wvMjAyNVwvMDVcL01hZ2FzaW4tbWVudWlzZXJpZS1TYXZvaWUtcG9ydGVzLWV0LWZlbmV0cmVzLW5vbWJyZXV4LWNvbG9yaXMtZXQtZmluaXRpb25zLWFsdS1ib2lzLWFjaWVyLWJvaXMtb3UtcHZjLmpwZyIsInNsaWRlc2hvdyI6IjFhN2MzNWMifQ%3D%3D\" href='https:\/\/www.deco-travaux.fr\/savoie\/wp-content\/uploads\/2025\/05\/Magasin-menuiserie-Savoie-portes-et-fenetres-nombreux-coloris-et-finitions-alu-bois-acier-bois-ou-pvc.jpg'><img fetchpriority=\"high\" decoding=\"async\" width=\"380\" height=\"250\" src=\"https:\/\/www.deco-travaux.fr\/savoie\/wp-content\/uploads\/2025\/05\/Magasin-menuiserie-Savoie-portes-et-fenetres-nombreux-coloris-et-finitions-alu-bois-acier-bois-ou-pvc-380x250.jpg\" class=\"attachment-estore-featured-image size-estore-featured-image\" alt=\"Magasin menuiserie Savoie portes et fen\u00eatres nombreux coloris et finitions alu bois acier bois ou pvc\" \/><\/a>\n\t\t\t<\/div><\/figure><figure class='gallery-item'>\n\t\t\t<div class='gallery-icon landscape'>\n\t\t\t\t<a data-elementor-open-lightbox=\"yes\" data-elementor-lightbox-slideshow=\"1a7c35c\" data-elementor-lightbox-title=\"porte entr\u00e9e alu \u00e9paisse isol\u00e9e avec mousse xps fermeture 5 points sur mesure nombreuses finitions\" data-e-action-hash=\"#elementor-action%3Aaction%3Dlightbox%26settings%3DeyJpZCI6ODY5MywidXJsIjoiaHR0cHM6XC9cL3d3dy5kZWNvLXRyYXZhdXguZnJcL3Nhdm9pZVwvd3AtY29udGVudFwvdXBsb2Fkc1wvMjAyNVwvMDVcL3BvcnRlLWVudHJlZS1hbHUtZXBhaXNzZS1pc29sZWUtYXZlYy1tb3Vzc2UteHBzLWZlcm1ldHVyZS01LXBvaW50cy1zdXItbWVzdXJlLW5vbWJyZXVzZXMtZmluaXRpb25zLTIuanBnIiwic2xpZGVzaG93IjoiMWE3YzM1YyJ9\" href='https:\/\/www.deco-travaux.fr\/savoie\/wp-content\/uploads\/2025\/05\/porte-entree-alu-epaisse-isolee-avec-mousse-xps-fermeture-5-points-sur-mesure-nombreuses-finitions-2.jpg'><img decoding=\"async\" width=\"380\" height=\"250\" src=\"https:\/\/www.deco-travaux.fr\/savoie\/wp-content\/uploads\/2025\/05\/porte-entree-alu-epaisse-isolee-avec-mousse-xps-fermeture-5-points-sur-mesure-nombreuses-finitions-2-380x250.jpg\" class=\"attachment-estore-featured-image size-estore-featured-image\" alt=\"porte entr\u00e9e alu \u00e9paisse isol\u00e9e avec mousse xps fermeture 5 points sur mesure nombreuses finitions\" \/><\/a>\n\t\t\t<\/div><\/figure>\n\t\t<\/div>\n\t\t<\/div>\n\t\t\t\t\t\t<\/div>\n\t\t\t\t<\/div>\n\t\t\t\t\t<\/div>\n\t\t<\/div>\n\t\t\t\t\t<\/div>\n\t\t<\/section>\n\t\t\t\t<section class=\"elementor-section elementor-top-section elementor-element elementor-element-3e6eb7c elementor-section-content-middle elementor-section-boxed elementor-section-height-default elementor-section-height-default\" data-id=\"3e6eb7c\" data-element_type=\"section\" data-e-type=\"section\">\n\t\t\t\t\t\t<div class=\"elementor-container elementor-column-gap-no\">\n\t\t\t\t\t<div class=\"elementor-column elementor-col-100 elementor-top-column elementor-element elementor-element-5335267\" data-id=\"5335267\" data-element_type=\"column\" data-e-type=\"column\">\n\t\t\t<div class=\"elementor-widget-wrap elementor-element-populated\">\n\t\t\t\t\t\t<div class=\"elementor-element elementor-element-4deec7e elementor-widget elementor-widget-heading\" data-id=\"4deec7e\" data-element_type=\"widget\" data-e-type=\"widget\" data-widget_type=\"heading.default\">\n\t\t\t\t<div class=\"elementor-widget-container\">\n\t\t\t\t\t<h2 class=\"elementor-heading-title elementor-size-default\">Magasin de portes et fen\u00eatres en bois, aluminium, acier, PVC ou mixte avec montant \u00e9pais renforc\u00e9 isol\u00e9<\/h2>\t\t\t\t<\/div>\n\t\t\t\t<\/div>\n\t\t\t\t<div class=\"elementor-element elementor-element-2c86ee6 elementor-widget elementor-widget-heading\" data-id=\"2c86ee6\" data-element_type=\"widget\" data-e-type=\"widget\" data-widget_type=\"heading.default\">\n\t\t\t\t<div class=\"elementor-widget-container\">\n\t\t\t\t\t<h3 class=\"elementor-heading-title elementor-size-default\">Menuiserie avec verre transparent, mat ou teint\u00e9 ou \u00e0 effet miroir<\/h3>\t\t\t\t<\/div>\n\t\t\t\t<\/div>\n\t\t\t\t<div class=\"elementor-element elementor-element-637773a elementor-widget elementor-widget-heading\" data-id=\"637773a\" data-element_type=\"widget\" data-e-type=\"widget\" data-widget_type=\"heading.default\">\n\t\t\t\t<div class=\"elementor-widget-container\">\n\t\t\t\t\t<h3 class=\"elementor-heading-title elementor-size-default\">Style moderne ou classique, nombreux coloris et finitions de portes et fen\u00eatres<\/h3>\t\t\t\t<\/div>\n\t\t\t\t<\/div>\n\t\t\t\t<div class=\"elementor-element elementor-element-8d7d54e elementor-widget elementor-widget-heading\" data-id=\"8d7d54e\" data-element_type=\"widget\" data-e-type=\"widget\" data-widget_type=\"heading.default\">\n\t\t\t\t<div class=\"elementor-widget-container\">\n\t\t\t\t\t<h3 class=\"elementor-heading-title elementor-size-default\">Menuiserie isol\u00e9e r\u00e9sistante et \u00e9l\u00e9gante qui dure des ann\u00e9es<\/h3>\t\t\t\t<\/div>\n\t\t\t\t<\/div>\n\t\t\t\t<div class=\"elementor-element elementor-element-1a9871f elementor-widget elementor-widget-heading\" data-id=\"1a9871f\" data-element_type=\"widget\" data-e-type=\"widget\" data-widget_type=\"heading.default\">\n\t\t\t\t<div class=\"elementor-widget-container\">\n\t\t\t\t\t<h3 class=\"elementor-heading-title elementor-size-default\">Magasin Savoie de fen\u00eatres sur mesure et vari\u00e9es pour tout type d'ouverture<\/h3>\t\t\t\t<\/div>\n\t\t\t\t<\/div>\n\t\t\t\t<div class=\"elementor-element elementor-element-d5d8f76 gallery-spacing-custom e-transform elementor-widget elementor-widget-image-gallery\" data-id=\"d5d8f76\" data-element_type=\"widget\" data-e-type=\"widget\" data-settings=\"{&quot;_transform_translateX_effect&quot;:{&quot;unit&quot;:&quot;px&quot;,&quot;size&quot;:&quot;&quot;,&quot;sizes&quot;:[]},&quot;_transform_translateX_effect_tablet&quot;:{&quot;unit&quot;:&quot;px&quot;,&quot;size&quot;:&quot;&quot;,&quot;sizes&quot;:[]},&quot;_transform_translateX_effect_mobile&quot;:{&quot;unit&quot;:&quot;px&quot;,&quot;size&quot;:&quot;&quot;,&quot;sizes&quot;:[]},&quot;_transform_translateY_effect&quot;:{&quot;unit&quot;:&quot;px&quot;,&quot;size&quot;:&quot;&quot;,&quot;sizes&quot;:[]},&quot;_transform_translateY_effect_tablet&quot;:{&quot;unit&quot;:&quot;px&quot;,&quot;size&quot;:&quot;&quot;,&quot;sizes&quot;:[]},&quot;_transform_translateY_effect_mobile&quot;:{&quot;unit&quot;:&quot;px&quot;,&quot;size&quot;:&quot;&quot;,&quot;sizes&quot;:[]}}\" data-widget_type=\"image-gallery.default\">\n\t\t\t\t<div class=\"elementor-widget-container\">\n\t\t\t\t\t\t\t<div class=\"elementor-image-gallery\">\n\t\t\t<div id='gallery-2' class='gallery galleryid-5605 gallery-columns-3 gallery-size-medium'><figure class='gallery-item'>\n\t\t\t<div class='gallery-icon landscape'>\n\t\t\t\t<a data-elementor-open-lightbox=\"yes\" data-elementor-lightbox-slideshow=\"d5d8f76\" data-elementor-lightbox-title=\"Magasin Christelle \u00e0 Landry de fen\u00eatre, volet roulant acier ou alu, porte entr\u00e9e et porte de garage anthracite ou nombreux coloris\" data-e-action-hash=\"#elementor-action%3Aaction%3Dlightbox%26settings%3DeyJpZCI6NzI4MCwidXJsIjoiaHR0cHM6XC9cL3d3dy5kZWNvLXRyYXZhdXguZnJcL3Nhdm9pZVwvd3AtY29udGVudFwvdXBsb2Fkc1wvMjAyNFwvMDNcL01hZ2FzaW4tQ2hyaXN0ZWxsZS1hLUxhbmRyeS1kZS1mZW5ldHJlLXZvbGV0LXJvdWxhbnQtYWNpZXItb3UtYWx1LXBvcnRlLWVudHJlZS1ldC1wb3J0ZS1kZS1nYXJhZ2UtYW50aHJhY2l0ZS1vdS1ub21icmV1eC1jb2xvcmlzLmpwZyIsInNsaWRlc2hvdyI6ImQ1ZDhmNzYifQ%3D%3D\" href='https:\/\/www.deco-travaux.fr\/savoie\/wp-content\/uploads\/2024\/03\/Magasin-Christelle-a-Landry-de-fenetre-volet-roulant-acier-ou-alu-porte-entree-et-porte-de-garage-anthracite-ou-nombreux-coloris.jpg'><img decoding=\"async\" width=\"300\" height=\"175\" src=\"https:\/\/www.deco-travaux.fr\/savoie\/wp-content\/uploads\/2024\/03\/Magasin-Christelle-a-Landry-de-fenetre-volet-roulant-acier-ou-alu-porte-entree-et-porte-de-garage-anthracite-ou-nombreux-coloris-300x175.jpg\" class=\"attachment-medium size-medium\" alt=\"Magasin Christelle \u00e0 Landry de fen\u00eatre, volet roulant acier ou alu, porte entr\u00e9e et porte de garage anthracite ou nombreux coloris\" srcset=\"https:\/\/www.deco-travaux.fr\/savoie\/wp-content\/uploads\/2024\/03\/Magasin-Christelle-a-Landry-de-fenetre-volet-roulant-acier-ou-alu-porte-entree-et-porte-de-garage-anthracite-ou-nombreux-coloris-300x175.jpg 300w, https:\/\/www.deco-travaux.fr\/savoie\/wp-content\/uploads\/2024\/03\/Magasin-Christelle-a-Landry-de-fenetre-volet-roulant-acier-ou-alu-porte-entree-et-porte-de-garage-anthracite-ou-nombreux-coloris-768x447.jpg 768w, https:\/\/www.deco-travaux.fr\/savoie\/wp-content\/uploads\/2024\/03\/Magasin-Christelle-a-Landry-de-fenetre-volet-roulant-acier-ou-alu-porte-entree-et-porte-de-garage-anthracite-ou-nombreux-coloris.jpg 790w\" sizes=\"(max-width: 300px) 100vw, 300px\" \/><\/a>\n\t\t\t<\/div><\/figure><figure class='gallery-item'>\n\t\t\t<div class='gallery-icon portrait'>\n\t\t\t\t<a data-elementor-open-lightbox=\"yes\" data-elementor-lightbox-slideshow=\"d5d8f76\" data-elementor-lightbox-title=\"fen\u00eatre triple vitrage bois pin du Nord prot\u00e9g\u00e9e alu ext\u00e9rieur anthracite Magasin Christelle\" data-e-action-hash=\"#elementor-action%3Aaction%3Dlightbox%26settings%3DeyJpZCI6OTE4MiwidXJsIjoiaHR0cHM6XC9cL3d3dy5kZWNvLXRyYXZhdXguZnJcL3Nhdm9pZVwvd3AtY29udGVudFwvdXBsb2Fkc1wvMjAyNlwvMDRcL2ZlbmV0cmUtdHJpcGxlLXZpdHJhZ2UtYm9pcy1waW4tZHUtTm9yZC1wcm90ZWdlZS1hbHUtZXh0ZXJpZXVyLWFudGhyYWNpdGUtTWFnYXNpbi1DaHJpc3RlbGxlLmpwZyIsInNsaWRlc2hvdyI6ImQ1ZDhmNzYifQ%3D%3D\" href='https:\/\/www.deco-travaux.fr\/savoie\/wp-content\/uploads\/2026\/04\/fenetre-triple-vitrage-bois-pin-du-Nord-protegee-alu-exterieur-anthracite-Magasin-Christelle.jpg'><img loading=\"lazy\" decoding=\"async\" width=\"220\" height=\"240\" src=\"https:\/\/www.deco-travaux.fr\/savoie\/wp-content\/uploads\/2026\/04\/fenetre-triple-vitrage-bois-pin-du-Nord-protegee-alu-exterieur-anthracite-Magasin-Christelle-220x240.jpg\" class=\"attachment-medium size-medium\" alt=\"fen\u00eatre triple vitrage bois pin du Nord prot\u00e9g\u00e9e alu ext\u00e9rieur anthracite du Magasin Christelle\" srcset=\"https:\/\/www.deco-travaux.fr\/savoie\/wp-content\/uploads\/2026\/04\/fenetre-triple-vitrage-bois-pin-du-Nord-protegee-alu-exterieur-anthracite-Magasin-Christelle-220x240.jpg 220w, https:\/\/www.deco-travaux.fr\/savoie\/wp-content\/uploads\/2026\/04\/fenetre-triple-vitrage-bois-pin-du-Nord-protegee-alu-exterieur-anthracite-Magasin-Christelle.jpg 459w\" sizes=\"(max-width: 220px) 100vw, 220px\" \/><\/a>\n\t\t\t<\/div><\/figure><figure class='gallery-item'>\n\t\t\t<div class='gallery-icon portrait'>\n\t\t\t\t<a data-elementor-open-lightbox=\"yes\" data-elementor-lightbox-slideshow=\"d5d8f76\" data-elementor-lightbox-title=\"fen\u00eatre triple vitrage PVC prot\u00e9g\u00e9e alu ext\u00e9rieur anthracite ou coloris vari\u00e9s Magasin Christelle Aime Bourg Saint Maurice\" data-e-action-hash=\"#elementor-action%3Aaction%3Dlightbox%26settings%3DeyJpZCI6OTE4NCwidXJsIjoiaHR0cHM6XC9cL3d3dy5kZWNvLXRyYXZhdXguZnJcL3Nhdm9pZVwvd3AtY29udGVudFwvdXBsb2Fkc1wvMjAyNlwvMDRcL2ZlbmV0cmUtdHJpcGxlLXZpdHJhZ2UtUFZDLXByb3RlZ2VlLWFsdS1leHRlcmlldXItYW50aHJhY2l0ZS1vdS1jb2xvcmlzLXZhcmllcy1NYWdhc2luLUNocmlzdGVsbGUtQWltZS1Cb3VyZy1TYWludC1NYXVyaWNlLmpwZyIsInNsaWRlc2hvdyI6ImQ1ZDhmNzYifQ%3D%3D\" href='https:\/\/www.deco-travaux.fr\/savoie\/wp-content\/uploads\/2026\/04\/fenetre-triple-vitrage-PVC-protegee-alu-exterieur-anthracite-ou-coloris-varies-Magasin-Christelle-Aime-Bourg-Saint-Maurice.jpg'><img loading=\"lazy\" decoding=\"async\" width=\"168\" height=\"240\" src=\"https:\/\/www.deco-travaux.fr\/savoie\/wp-content\/uploads\/2026\/04\/fenetre-triple-vitrage-PVC-protegee-alu-exterieur-anthracite-ou-coloris-varies-Magasin-Christelle-Aime-Bourg-Saint-Maurice-168x240.jpg\" class=\"attachment-medium size-medium\" alt=\"fen\u00eatre triple vitrage PVC prot\u00e9g\u00e9e alu ext\u00e9rieur anthracite ou coloris vari\u00e9s Magasin Christelle entre Aime et Bourg Saint Maurice\" srcset=\"https:\/\/www.deco-travaux.fr\/savoie\/wp-content\/uploads\/2026\/04\/fenetre-triple-vitrage-PVC-protegee-alu-exterieur-anthracite-ou-coloris-varies-Magasin-Christelle-Aime-Bourg-Saint-Maurice-168x240.jpg 168w, https:\/\/www.deco-travaux.fr\/savoie\/wp-content\/uploads\/2026\/04\/fenetre-triple-vitrage-PVC-protegee-alu-exterieur-anthracite-ou-coloris-varies-Magasin-Christelle-Aime-Bourg-Saint-Maurice.jpg 351w\" sizes=\"(max-width: 168px) 100vw, 168px\" \/><\/a>\n\t\t\t<\/div><\/figure>\n\t\t<\/div>\n\t\t<\/div>\n\t\t\t\t\t\t<\/div>\n\t\t\t\t<\/div>\n\t\t\t\t\t<\/div>\n\t\t<\/div>\n\t\t\t\t\t<\/div>\n\t\t<\/section>\n\t\t\t\t<section class=\"elementor-section elementor-top-section elementor-element elementor-element-2509ff6 elementor-section-content-middle elementor-section-boxed elementor-section-height-default elementor-section-height-default\" data-id=\"2509ff6\" data-element_type=\"section\" data-e-type=\"section\">\n\t\t\t\t\t\t<div class=\"elementor-container elementor-column-gap-no\">\n\t\t\t\t\t<div class=\"elementor-column elementor-col-100 elementor-top-column elementor-element elementor-element-a7fe3dd\" data-id=\"a7fe3dd\" data-element_type=\"column\" data-e-type=\"column\">\n\t\t\t<div class=\"elementor-widget-wrap elementor-element-populated\">\n\t\t\t\t\t\t<div class=\"elementor-element elementor-element-f2009ce elementor-widget elementor-widget-heading\" data-id=\"f2009ce\" data-element_type=\"widget\" data-e-type=\"widget\" data-widget_type=\"heading.default\">\n\t\t\t\t<div class=\"elementor-widget-container\">\n\t\t\t\t\t<h2 class=\"elementor-heading-title elementor-size-default\">Magasin Haute Tarentaise fen\u00eatres, portes et volets aluminium ou acier isol\u00e9s<\/h2>\t\t\t\t<\/div>\n\t\t\t\t<\/div>\n\t\t\t\t<div class=\"elementor-element elementor-element-0dfe42b elementor-widget elementor-widget-heading\" data-id=\"0dfe42b\" data-element_type=\"widget\" data-e-type=\"widget\" data-widget_type=\"heading.default\">\n\t\t\t\t<div class=\"elementor-widget-container\">\n\t\t\t\t\t<h3 class=\"elementor-heading-title elementor-size-default\">Personnalisez les finitions, couleurs, joints, poign\u00e9es et accessoires des menuiseries<\/h3>\t\t\t\t<\/div>\n\t\t\t\t<\/div>\n\t\t\t\t<div class=\"elementor-element elementor-element-9cd494c elementor-widget elementor-widget-heading\" data-id=\"9cd494c\" data-element_type=\"widget\" data-e-type=\"widget\" data-widget_type=\"heading.default\">\n\t\t\t\t<div class=\"elementor-widget-container\">\n\t\t\t\t\t<h3 class=\"elementor-heading-title elementor-size-default\">Nombreuses chambres et intercalaires thermiques dans les profil\u00e9s permettant un faible coefficient de transfert de chaleur<\/h3>\t\t\t\t<\/div>\n\t\t\t\t<\/div>\n\t\t\t\t<div class=\"elementor-element elementor-element-2e4c817 elementor-widget elementor-widget-heading\" data-id=\"2e4c817\" data-element_type=\"widget\" data-e-type=\"widget\" data-widget_type=\"heading.default\">\n\t\t\t\t<div class=\"elementor-widget-container\">\n\t\t\t\t\t<h3 class=\"elementor-heading-title elementor-size-default\">Magasin Christelle vend des fen\u00eatres aluminium isol\u00e9es et renforc\u00e9es de haute r\u00e9sistance performantes, passives et durables<\/h3>\t\t\t\t<\/div>\n\t\t\t\t<\/div>\n\t\t\t\t<div class=\"elementor-element elementor-element-57f8c9c gallery-spacing-custom e-transform elementor-widget elementor-widget-image-gallery\" data-id=\"57f8c9c\" data-element_type=\"widget\" data-e-type=\"widget\" data-settings=\"{&quot;_transform_translateX_effect&quot;:{&quot;unit&quot;:&quot;px&quot;,&quot;size&quot;:&quot;&quot;,&quot;sizes&quot;:[]},&quot;_transform_translateX_effect_tablet&quot;:{&quot;unit&quot;:&quot;px&quot;,&quot;size&quot;:&quot;&quot;,&quot;sizes&quot;:[]},&quot;_transform_translateX_effect_mobile&quot;:{&quot;unit&quot;:&quot;px&quot;,&quot;size&quot;:&quot;&quot;,&quot;sizes&quot;:[]},&quot;_transform_translateY_effect&quot;:{&quot;unit&quot;:&quot;px&quot;,&quot;size&quot;:&quot;&quot;,&quot;sizes&quot;:[]},&quot;_transform_translateY_effect_tablet&quot;:{&quot;unit&quot;:&quot;px&quot;,&quot;size&quot;:&quot;&quot;,&quot;sizes&quot;:[]},&quot;_transform_translateY_effect_mobile&quot;:{&quot;unit&quot;:&quot;px&quot;,&quot;size&quot;:&quot;&quot;,&quot;sizes&quot;:[]}}\" data-widget_type=\"image-gallery.default\">\n\t\t\t\t<div class=\"elementor-widget-container\">\n\t\t\t\t\t\t\t<div class=\"elementor-image-gallery\">\n\t\t\t<div id='gallery-3' class='gallery galleryid-5605 gallery-columns-3 gallery-size-medium'><figure class='gallery-item'>\n\t\t\t<div class='gallery-icon portrait'>\n\t\t\t\t<a data-elementor-open-lightbox=\"yes\" data-elementor-lightbox-slideshow=\"57f8c9c\" data-elementor-lightbox-title=\"nuancier effet bois pour fen\u00eatre et porte en aluminium magasin menuiserie Savoie\" data-e-action-hash=\"#elementor-action%3Aaction%3Dlightbox%26settings%3DeyJpZCI6ODY4MSwidXJsIjoiaHR0cHM6XC9cL3d3dy5kZWNvLXRyYXZhdXguZnJcL3Nhdm9pZVwvd3AtY29udGVudFwvdXBsb2Fkc1wvMjAyNVwvMDVcL251YW5jaWVyLWVmZmV0LWJvaXMtcG91ci1mZW5ldHJlLWV0LXBvcnRlLWVuLWFsdW1pbml1bS1tYWdhc2luLW1lbnVpc2VyaWUtU2F2b2llLmpwZyIsInNsaWRlc2hvdyI6IjU3ZjhjOWMifQ%3D%3D\" href='https:\/\/www.deco-travaux.fr\/savoie\/wp-content\/uploads\/2025\/05\/nuancier-effet-bois-pour-fenetre-et-porte-en-aluminium-magasin-menuiserie-Savoie.jpg'><img loading=\"lazy\" decoding=\"async\" width=\"198\" height=\"240\" src=\"https:\/\/www.deco-travaux.fr\/savoie\/wp-content\/uploads\/2025\/05\/nuancier-effet-bois-pour-fenetre-et-porte-en-aluminium-magasin-menuiserie-Savoie-198x240.jpg\" class=\"attachment-medium size-medium\" alt=\"nuancier effet bois ch\u00eane clair pour fen\u00eatre et porte en aluminium magasin menuiserie Christelle\" srcset=\"https:\/\/www.deco-travaux.fr\/savoie\/wp-content\/uploads\/2025\/05\/nuancier-effet-bois-pour-fenetre-et-porte-en-aluminium-magasin-menuiserie-Savoie-198x240.jpg 198w, https:\/\/www.deco-travaux.fr\/savoie\/wp-content\/uploads\/2025\/05\/nuancier-effet-bois-pour-fenetre-et-porte-en-aluminium-magasin-menuiserie-Savoie.jpg 330w\" sizes=\"(max-width: 198px) 100vw, 198px\" \/><\/a>\n\t\t\t<\/div><\/figure><figure class='gallery-item'>\n\t\t\t<div class='gallery-icon portrait'>\n\t\t\t\t<a data-elementor-open-lightbox=\"yes\" data-elementor-lightbox-slideshow=\"57f8c9c\" data-elementor-lightbox-title=\"nuancier effet bois ch\u00eane clair pour fen\u00eatre et porte en aluminium magasin menuiserie Christelle\" data-e-action-hash=\"#elementor-action%3Aaction%3Dlightbox%26settings%3DeyJpZCI6ODY3NCwidXJsIjoiaHR0cHM6XC9cL3d3dy5kZWNvLXRyYXZhdXguZnJcL3Nhdm9pZVwvd3AtY29udGVudFwvdXBsb2Fkc1wvMjAyNVwvMDVcL251YW5jaWVyLWVmZmV0LWJvaXMtY2hlbmUtY2xhaXItcG91ci1mZW5ldHJlLWV0LXBvcnRlLWVuLWFsdW1pbml1bS1tYWdhc2luLW1lbnVpc2VyaWUtQ2hyaXN0ZWxsZS0yLmpwZyIsInNsaWRlc2hvdyI6IjU3ZjhjOWMifQ%3D%3D\" href='https:\/\/www.deco-travaux.fr\/savoie\/wp-content\/uploads\/2025\/05\/nuancier-effet-bois-chene-clair-pour-fenetre-et-porte-en-aluminium-magasin-menuiserie-Christelle-2.jpg'><img loading=\"lazy\" decoding=\"async\" width=\"204\" height=\"240\" src=\"https:\/\/www.deco-travaux.fr\/savoie\/wp-content\/uploads\/2025\/05\/nuancier-effet-bois-chene-clair-pour-fenetre-et-porte-en-aluminium-magasin-menuiserie-Christelle-2-204x240.jpg\" class=\"attachment-medium size-medium\" alt=\"nuancier effet bois ch\u00eane clair pour fen\u00eatre et porte en aluminium magasin menuiserie Christelle\" srcset=\"https:\/\/www.deco-travaux.fr\/savoie\/wp-content\/uploads\/2025\/05\/nuancier-effet-bois-chene-clair-pour-fenetre-et-porte-en-aluminium-magasin-menuiserie-Christelle-2-204x240.jpg 204w, https:\/\/www.deco-travaux.fr\/savoie\/wp-content\/uploads\/2025\/05\/nuancier-effet-bois-chene-clair-pour-fenetre-et-porte-en-aluminium-magasin-menuiserie-Christelle-2.jpg 340w\" sizes=\"(max-width: 204px) 100vw, 204px\" \/><\/a>\n\t\t\t<\/div><\/figure><figure class='gallery-item'>\n\t\t\t<div class='gallery-icon landscape'>\n\t\t\t\t<a data-elementor-open-lightbox=\"yes\" data-elementor-lightbox-slideshow=\"57f8c9c\" data-elementor-lightbox-title=\"Magasin Bourg Saint Maurice fen\u00eatre et porte alu isol\u00e9 M78 haute r\u00e9sistance\" data-e-action-hash=\"#elementor-action%3Aaction%3Dlightbox%26settings%3DeyJpZCI6NzEyNywidXJsIjoiaHR0cHM6XC9cL3d3dy5kZWNvLXRyYXZhdXguZnJcL3Nhdm9pZVwvd3AtY29udGVudFwvdXBsb2Fkc1wvMjAyNFwvMDJcL0ZlbmV0cmUtZXQtcG9ydGUtTTc4LWhhdXRlLXJlc2l0YW5jZS10aGVybWlxdWUtZXQtY291cGUtZmV1LWF2ZWMtcmVzdGFuY2UtYXUtZmV1LUVJLTMwLWEtNjAuanBnIiwic2xpZGVzaG93IjoiNTdmOGM5YyJ9\" href='https:\/\/www.deco-travaux.fr\/savoie\/wp-content\/uploads\/2024\/02\/Fenetre-et-porte-M78-haute-resitance-thermique-et-coupe-feu-avec-restance-au-feu-EI-30-a-60.jpg'><img loading=\"lazy\" decoding=\"async\" width=\"240\" height=\"240\" src=\"https:\/\/www.deco-travaux.fr\/savoie\/wp-content\/uploads\/2024\/02\/Fenetre-et-porte-M78-haute-resitance-thermique-et-coupe-feu-avec-restance-au-feu-EI-30-a-60-240x240.jpg\" class=\"attachment-medium size-medium\" alt=\"Magasin Bourg Saint Maurice fen\u00eatre et porte alu isol\u00e9 M78 haute r\u00e9sistance thermique et coupe feu\" srcset=\"https:\/\/www.deco-travaux.fr\/savoie\/wp-content\/uploads\/2024\/02\/Fenetre-et-porte-M78-haute-resitance-thermique-et-coupe-feu-avec-restance-au-feu-EI-30-a-60-240x240.jpg 240w, https:\/\/www.deco-travaux.fr\/savoie\/wp-content\/uploads\/2024\/02\/Fenetre-et-porte-M78-haute-resitance-thermique-et-coupe-feu-avec-restance-au-feu-EI-30-a-60-150x150.jpg 150w, https:\/\/www.deco-travaux.fr\/savoie\/wp-content\/uploads\/2024\/02\/Fenetre-et-porte-M78-haute-resitance-thermique-et-coupe-feu-avec-restance-au-feu-EI-30-a-60-75x75.jpg 75w, https:\/\/www.deco-travaux.fr\/savoie\/wp-content\/uploads\/2024\/02\/Fenetre-et-porte-M78-haute-resitance-thermique-et-coupe-feu-avec-restance-au-feu-EI-30-a-60-444x444.jpg 444w, https:\/\/www.deco-travaux.fr\/savoie\/wp-content\/uploads\/2024\/02\/Fenetre-et-porte-M78-haute-resitance-thermique-et-coupe-feu-avec-restance-au-feu-EI-30-a-60.jpg 500w\" sizes=\"(max-width: 240px) 100vw, 240px\" \/><\/a>\n\t\t\t<\/div><\/figure>\n\t\t<\/div>\n\t\t<\/div>\n\t\t\t\t\t\t<\/div>\n\t\t\t\t<\/div>\n\t\t\t\t\t<\/div>\n\t\t<\/div>\n\t\t\t\t\t<\/div>\n\t\t<\/section>\n\t\t\t\t<section class=\"elementor-section elementor-top-section elementor-element elementor-element-5f68aec elementor-section-content-middle elementor-section-boxed elementor-section-height-default elementor-section-height-default\" data-id=\"5f68aec\" data-element_type=\"section\" data-e-type=\"section\">\n\t\t\t\t\t\t<div class=\"elementor-container elementor-column-gap-no\">\n\t\t\t\t\t<div class=\"elementor-column elementor-col-100 elementor-top-column elementor-element elementor-element-86f317c\" data-id=\"86f317c\" data-element_type=\"column\" data-e-type=\"column\">\n\t\t\t<div class=\"elementor-widget-wrap elementor-element-populated\">\n\t\t\t\t\t\t<div class=\"elementor-element elementor-element-c8680f7 elementor-widget elementor-widget-heading\" data-id=\"c8680f7\" data-element_type=\"widget\" data-e-type=\"widget\" data-widget_type=\"heading.default\">\n\t\t\t\t<div class=\"elementor-widget-container\">\n\t\t\t\t\t<h2 class=\"elementor-heading-title elementor-size-default\">Magasin Christelle portes et fen\u00eatres bois Bourg Saint Maurice<\/h2>\t\t\t\t<\/div>\n\t\t\t\t<\/div>\n\t\t\t\t<div class=\"elementor-element elementor-element-9e5e83a elementor-widget elementor-widget-heading\" data-id=\"9e5e83a\" data-element_type=\"widget\" data-e-type=\"widget\" data-widget_type=\"heading.default\">\n\t\t\t\t<div class=\"elementor-widget-container\">\n\t\t\t\t\t<h3 class=\"elementor-heading-title elementor-size-default\">Fen\u00eatres en bois Pin du nord, M\u00e9ranti, Ch\u00eane de Haute qualit\u00e9 \u00e0 prix bas<\/h3>\t\t\t\t<\/div>\n\t\t\t\t<\/div>\n\t\t\t\t<div class=\"elementor-element elementor-element-ee00e97 gallery-spacing-custom e-transform elementor-widget elementor-widget-image-gallery\" data-id=\"ee00e97\" data-element_type=\"widget\" data-e-type=\"widget\" data-settings=\"{&quot;_transform_translateX_effect&quot;:{&quot;unit&quot;:&quot;px&quot;,&quot;size&quot;:&quot;&quot;,&quot;sizes&quot;:[]},&quot;_transform_translateX_effect_tablet&quot;:{&quot;unit&quot;:&quot;px&quot;,&quot;size&quot;:&quot;&quot;,&quot;sizes&quot;:[]},&quot;_transform_translateX_effect_mobile&quot;:{&quot;unit&quot;:&quot;px&quot;,&quot;size&quot;:&quot;&quot;,&quot;sizes&quot;:[]},&quot;_transform_translateY_effect&quot;:{&quot;unit&quot;:&quot;px&quot;,&quot;size&quot;:&quot;&quot;,&quot;sizes&quot;:[]},&quot;_transform_translateY_effect_tablet&quot;:{&quot;unit&quot;:&quot;px&quot;,&quot;size&quot;:&quot;&quot;,&quot;sizes&quot;:[]},&quot;_transform_translateY_effect_mobile&quot;:{&quot;unit&quot;:&quot;px&quot;,&quot;size&quot;:&quot;&quot;,&quot;sizes&quot;:[]}}\" data-widget_type=\"image-gallery.default\">\n\t\t\t\t<div class=\"elementor-widget-container\">\n\t\t\t\t\t\t\t<div class=\"elementor-image-gallery\">\n\t\t\t<div id='gallery-4' class='gallery galleryid-5605 gallery-columns-4 gallery-size-medium'><figure class='gallery-item'>\n\t\t\t<div class='gallery-icon portrait'>\n\t\t\t\t<a data-elementor-open-lightbox=\"yes\" data-elementor-lightbox-slideshow=\"ee00e97\" data-elementor-lightbox-title=\"magasin Christelle fen\u00eatre bois lasur\u00e9e triple vitrage vente deco-travaux.fr\" data-e-action-hash=\"#elementor-action%3Aaction%3Dlightbox%26settings%3DeyJpZCI6NzI4OSwidXJsIjoiaHR0cHM6XC9cL3d3dy5kZWNvLXRyYXZhdXguZnJcL3Nhdm9pZVwvd3AtY29udGVudFwvdXBsb2Fkc1wvMjAyNFwvMDNcL21hZ2FzaW4tQ2hyaXN0ZWxsZS1mZW5ldHJlLWJvaXMtbGFzdXJlZS10cmlwbGUtdml0cmFnZS12ZW50ZS1kZWNvLXRyYXZhdXguanBnIiwic2xpZGVzaG93IjoiZWUwMGU5NyJ9\" href='https:\/\/www.deco-travaux.fr\/savoie\/wp-content\/uploads\/2024\/03\/magasin-Christelle-fenetre-bois-lasuree-triple-vitrage-vente-deco-travaux.jpg'><img loading=\"lazy\" decoding=\"async\" width=\"174\" height=\"240\" src=\"https:\/\/www.deco-travaux.fr\/savoie\/wp-content\/uploads\/2024\/03\/magasin-Christelle-fenetre-bois-lasuree-triple-vitrage-vente-deco-travaux-174x240.jpg\" class=\"attachment-medium size-medium\" alt=\"magasin Christelle fen\u00eatre bois lasur\u00e9e triple vitrage vente deco-travaux.fr\" srcset=\"https:\/\/www.deco-travaux.fr\/savoie\/wp-content\/uploads\/2024\/03\/magasin-Christelle-fenetre-bois-lasuree-triple-vitrage-vente-deco-travaux-174x240.jpg 174w, https:\/\/www.deco-travaux.fr\/savoie\/wp-content\/uploads\/2024\/03\/magasin-Christelle-fenetre-bois-lasuree-triple-vitrage-vente-deco-travaux.jpg 434w\" sizes=\"(max-width: 174px) 100vw, 174px\" \/><\/a>\n\t\t\t<\/div><\/figure>\n\t\t<\/div>\n\t\t<\/div>\n\t\t\t\t\t\t<\/div>\n\t\t\t\t<\/div>\n\t\t\t\t\t<\/div>\n\t\t<\/div>\n\t\t\t\t\t<\/div>\n\t\t<\/section>\n\t\t\t\t<section class=\"elementor-section elementor-top-section elementor-element elementor-element-678e890 elementor-section-content-middle elementor-section-boxed elementor-section-height-default elementor-section-height-default\" data-id=\"678e890\" data-element_type=\"section\" data-e-type=\"section\">\n\t\t\t\t\t\t<div class=\"elementor-container elementor-column-gap-no\">\n\t\t\t\t\t<div class=\"elementor-column elementor-col-100 elementor-top-column elementor-element elementor-element-c73d369\" data-id=\"c73d369\" data-element_type=\"column\" data-e-type=\"column\">\n\t\t\t<div class=\"elementor-widget-wrap elementor-element-populated\">\n\t\t\t\t\t\t<div class=\"elementor-element elementor-element-f31b88a elementor-widget elementor-widget-heading\" data-id=\"f31b88a\" data-element_type=\"widget\" data-e-type=\"widget\" data-widget_type=\"heading.default\">\n\t\t\t\t<div class=\"elementor-widget-container\">\n\t\t\t\t\t<h2 class=\"elementor-heading-title elementor-size-default\">Magasin menuiserie Savoie de portes et fen\u00eatres entre Bourg Saint Maurice et Aime<\/h2>\t\t\t\t<\/div>\n\t\t\t\t<\/div>\n\t\t\t\t<div class=\"elementor-element elementor-element-63f566a elementor-widget elementor-widget-heading\" data-id=\"63f566a\" data-element_type=\"widget\" data-e-type=\"widget\" data-widget_type=\"heading.default\">\n\t\t\t\t<div class=\"elementor-widget-container\">\n\t\t\t\t\t<h3 class=\"elementor-heading-title elementor-size-default\">Fen\u00eatres \u00e0 double vitrage sp\u00e9cial altitude ou triple ou quadruple vitrage pour des portes fen\u00eatres \u00e0 haut rendement \u00e9nerg\u00e9tique et passives<\/h3>\t\t\t\t<\/div>\n\t\t\t\t<\/div>\n\t\t\t\t<div class=\"elementor-element elementor-element-d1b4b68 elementor-widget elementor-widget-heading\" data-id=\"d1b4b68\" data-element_type=\"widget\" data-e-type=\"widget\" data-widget_type=\"heading.default\">\n\t\t\t\t<div class=\"elementor-widget-container\">\n\t\t\t\t\t<h3 class=\"elementor-heading-title elementor-size-default\">Portes et fen\u00eatres nombreux coloris et finitions pour pose en tunnel ou en applique<\/h3>\t\t\t\t<\/div>\n\t\t\t\t<\/div>\n\t\t\t\t<div class=\"elementor-element elementor-element-5ea743d elementor-widget elementor-widget-heading\" data-id=\"5ea743d\" data-element_type=\"widget\" data-e-type=\"widget\" data-widget_type=\"heading.default\">\n\t\t\t\t<div class=\"elementor-widget-container\">\n\t\t\t\t\t<h3 class=\"elementor-heading-title elementor-size-default\">Fourniture des accroches murales pour ne pas percer les montants assurant une isolation maximale et pose facile<\/h3>\t\t\t\t<\/div>\n\t\t\t\t<\/div>\n\t\t\t\t<div class=\"elementor-element elementor-element-73e671f elementor-widget elementor-widget-heading\" data-id=\"73e671f\" data-element_type=\"widget\" data-e-type=\"widget\" data-widget_type=\"heading.default\">\n\t\t\t\t<div class=\"elementor-widget-container\">\n\t\t\t\t\t<h3 class=\"elementor-heading-title elementor-size-default\">Montants isol\u00e9s de haute qualit\u00e9 avec renforts acier<\/h3>\t\t\t\t<\/div>\n\t\t\t\t<\/div>\n\t\t\t\t\t<\/div>\n\t\t<\/div>\n\t\t\t\t\t<\/div>\n\t\t<\/section>\n\t\t\t\t<section class=\"elementor-section elementor-top-section elementor-element elementor-element-286b12d1 elementor-section-boxed elementor-section-height-default elementor-section-height-default\" data-id=\"286b12d1\" data-element_type=\"section\" data-e-type=\"section\">\n\t\t\t\t\t\t<div class=\"elementor-container elementor-column-gap-default\">\n\t\t\t\t\t<div class=\"elementor-column elementor-col-100 elementor-top-column elementor-element elementor-element-1e18d708\" data-id=\"1e18d708\" data-element_type=\"column\" data-e-type=\"column\">\n\t\t\t<div class=\"elementor-widget-wrap elementor-element-populated\">\n\t\t\t\t\t\t<div class=\"elementor-element elementor-element-44bab180 elementor-widget elementor-widget-heading\" data-id=\"44bab180\" data-element_type=\"widget\" data-e-type=\"widget\" data-widget_type=\"heading.default\">\n\t\t\t\t<div class=\"elementor-widget-container\">\n\t\t\t\t\t<h2 class=\"elementor-heading-title elementor-size-default\">Magasin fen\u00eatres bois ou bois-aluminium \u00e0 5 minutes de Bourg Saint Maurice<\/h2>\t\t\t\t<\/div>\n\t\t\t\t<\/div>\n\t\t\t\t\t<\/div>\n\t\t<\/div>\n\t\t\t\t\t<\/div>\n\t\t<\/section>\n\t\t\t\t<section class=\"elementor-section elementor-top-section elementor-element elementor-element-6adbecba elementor-section-boxed elementor-section-height-default elementor-section-height-default\" data-id=\"6adbecba\" data-element_type=\"section\" data-e-type=\"section\">\n\t\t\t\t\t\t<div class=\"elementor-container elementor-column-gap-default\">\n\t\t\t\t\t<div class=\"elementor-column elementor-col-100 elementor-top-column elementor-element elementor-element-5dbaa35d\" data-id=\"5dbaa35d\" data-element_type=\"column\" data-e-type=\"column\">\n\t\t\t<div class=\"elementor-widget-wrap elementor-element-populated\">\n\t\t\t\t\t\t<div class=\"elementor-element elementor-element-6f94c4e6 elementor-widget elementor-widget-heading\" data-id=\"6f94c4e6\" data-element_type=\"widget\" data-e-type=\"widget\" data-widget_type=\"heading.default\">\n\t\t\t\t<div class=\"elementor-widget-container\">\n\t\t\t\t\t<h3 class=\"elementor-heading-title elementor-size-medium\">Magasin Christelle de fen\u00eatres d'isolation thermique \u00e9lev\u00e9e avec une isolation acoustique efficace.<\/h3>\t\t\t\t<\/div>\n\t\t\t\t<\/div>\n\t\t\t\t\t<\/div>\n\t\t<\/div>\n\t\t\t\t\t<\/div>\n\t\t<\/section>\n\t\t\t\t<section class=\"elementor-section elementor-top-section elementor-element elementor-element-63d5942 elementor-section-boxed elementor-section-height-default elementor-section-height-default\" data-id=\"63d5942\" data-element_type=\"section\" data-e-type=\"section\">\n\t\t\t\t\t\t<div class=\"elementor-container elementor-column-gap-default\">\n\t\t\t\t\t<div class=\"elementor-column elementor-col-100 elementor-top-column elementor-element elementor-element-d4854f9\" data-id=\"d4854f9\" data-element_type=\"column\" data-e-type=\"column\">\n\t\t\t<div class=\"elementor-widget-wrap elementor-element-populated\">\n\t\t\t\t\t\t<div class=\"elementor-element elementor-element-4117972 elementor-widget elementor-widget-image\" data-id=\"4117972\" data-element_type=\"widget\" data-e-type=\"widget\" data-widget_type=\"image.default\">\n\t\t\t\t<div class=\"elementor-widget-container\">\n\t\t\t\t\t\t\t\t\t\t\t\t\t\t\t<img loading=\"lazy\" decoding=\"async\" width=\"768\" height=\"164\" src=\"https:\/\/www.deco-travaux.fr\/savoie\/wp-content\/uploads\/2024\/03\/couleurs-de-lasure-variees-en-fonction-du-bois-de-fenetre-haute-qualite-768x164.jpg\" class=\"attachment-medium_large size-medium_large wp-image-7303\" alt=\"couleurs de lasure vari\u00e9es en fonction du bois de fen\u00eatre haute qualit\u00e9\" srcset=\"https:\/\/www.deco-travaux.fr\/savoie\/wp-content\/uploads\/2024\/03\/couleurs-de-lasure-variees-en-fonction-du-bois-de-fenetre-haute-qualite-768x164.jpg 768w, https:\/\/www.deco-travaux.fr\/savoie\/wp-content\/uploads\/2024\/03\/couleurs-de-lasure-variees-en-fonction-du-bois-de-fenetre-haute-qualite-300x64.jpg 300w, https:\/\/www.deco-travaux.fr\/savoie\/wp-content\/uploads\/2024\/03\/couleurs-de-lasure-variees-en-fonction-du-bois-de-fenetre-haute-qualite-1024x218.jpg 1024w, https:\/\/www.deco-travaux.fr\/savoie\/wp-content\/uploads\/2024\/03\/couleurs-de-lasure-variees-en-fonction-du-bois-de-fenetre-haute-qualite.jpg 1200w\" sizes=\"(max-width: 768px) 100vw, 768px\" \/>\t\t\t\t\t\t\t\t\t\t\t\t\t\t\t<\/div>\n\t\t\t\t<\/div>\n\t\t\t\t\t<\/div>\n\t\t<\/div>\n\t\t\t\t\t<\/div>\n\t\t<\/section>\n\t\t\t\t<section class=\"elementor-section elementor-top-section elementor-element elementor-element-1b13eac3 elementor-section-boxed elementor-section-height-default elementor-section-height-default\" data-id=\"1b13eac3\" data-element_type=\"section\" data-e-type=\"section\">\n\t\t\t\t\t\t<div class=\"elementor-container elementor-column-gap-default\">\n\t\t\t\t\t<div class=\"elementor-column elementor-col-100 elementor-top-column elementor-element elementor-element-64b5ab89\" data-id=\"64b5ab89\" data-element_type=\"column\" data-e-type=\"column\">\n\t\t\t<div class=\"elementor-widget-wrap elementor-element-populated\">\n\t\t\t\t\t\t<div class=\"elementor-element elementor-element-47c001d2 gallery-spacing-custom e-transform elementor-widget elementor-widget-image-gallery\" data-id=\"47c001d2\" data-element_type=\"widget\" data-e-type=\"widget\" data-settings=\"{&quot;_transform_translateY_effect&quot;:{&quot;unit&quot;:&quot;px&quot;,&quot;size&quot;:-12,&quot;sizes&quot;:[]},&quot;_transform_translateX_effect&quot;:{&quot;unit&quot;:&quot;px&quot;,&quot;size&quot;:&quot;&quot;,&quot;sizes&quot;:[]},&quot;_transform_translateX_effect_tablet&quot;:{&quot;unit&quot;:&quot;px&quot;,&quot;size&quot;:&quot;&quot;,&quot;sizes&quot;:[]},&quot;_transform_translateX_effect_mobile&quot;:{&quot;unit&quot;:&quot;px&quot;,&quot;size&quot;:&quot;&quot;,&quot;sizes&quot;:[]},&quot;_transform_translateY_effect_tablet&quot;:{&quot;unit&quot;:&quot;px&quot;,&quot;size&quot;:&quot;&quot;,&quot;sizes&quot;:[]},&quot;_transform_translateY_effect_mobile&quot;:{&quot;unit&quot;:&quot;px&quot;,&quot;size&quot;:&quot;&quot;,&quot;sizes&quot;:[]}}\" data-widget_type=\"image-gallery.default\">\n\t\t\t\t<div class=\"elementor-widget-container\">\n\t\t\t\t\t\t\t<div class=\"elementor-image-gallery\">\n\t\t\t<div id='gallery-5' class='gallery galleryid-5605 gallery-columns-6 gallery-size-estore-square'><figure class='gallery-item'>\n\t\t\t<div class='gallery-icon landscape'>\n\t\t\t\t<a data-elementor-open-lightbox=\"yes\" data-elementor-lightbox-slideshow=\"47c001d2\" data-elementor-lightbox-title=\"Magasin fen\u00eatre profil\u00e9 bois ext\u00e9rieur alu en bois lamell\u00e9 coll\u00e9 de 4 plis pin, \u00e9pic\u00e9a ou m\u00e9ranti lasur\u00e9, laqu\u00e9 RAL ou brut avec pose de 74 mm supporte vitrage de 48 mm\" data-e-action-hash=\"#elementor-action%3Aaction%3Dlightbox%26settings%3DeyJpZCI6NzE1NSwidXJsIjoiaHR0cHM6XC9cL3d3dy5kZWNvLXRyYXZhdXguZnJcL3Nhdm9pZVwvd3AtY29udGVudFwvdXBsb2Fkc1wvMjAyNFwvMDJcL01hZ2FzaW4tZmVuZXRyZS1wcm9maWxlLWJvaXMtZXh0ZXJpZXVyLWFsdS1lbi1ib2lzLWxhbWVsbGUtY29sbGUtZGUtNC1wbGlzLXBpbi1lcGljZWEtb3UtbWVyYW50aS1sYXN1cmUtbGFxdWUtUkFMLW91LWJydXQtYXZlYy1wb3NlLWRlLTc0LW1tLXN1cHBvcnRlLXZpdHJhZ2UtZGUtNDgtbW0uanBnIiwic2xpZGVzaG93IjoiNDdjMDAxZDIifQ%3D%3D\" href='https:\/\/www.deco-travaux.fr\/savoie\/wp-content\/uploads\/2024\/02\/Magasin-fenetre-profile-bois-exterieur-alu-en-bois-lamelle-colle-de-4-plis-pin-epicea-ou-meranti-lasure-laque-RAL-ou-brut-avec-pose-de-74-mm-supporte-vitrage-de-48-mm.jpg'><img loading=\"lazy\" decoding=\"async\" width=\"444\" height=\"444\" src=\"https:\/\/www.deco-travaux.fr\/savoie\/wp-content\/uploads\/2024\/02\/Magasin-fenetre-profile-bois-exterieur-alu-en-bois-lamelle-colle-de-4-plis-pin-epicea-ou-meranti-lasure-laque-RAL-ou-brut-avec-pose-de-74-mm-supporte-vitrage-de-48-mm-444x444.jpg\" class=\"attachment-estore-square size-estore-square\" alt=\"Magasin Savoie fen\u00eatre profil\u00e9 bois ext\u00e9rieur alu en bois lamell\u00e9 coll\u00e9 de 4 plis pin, \u00e9pic\u00e9a ou m\u00e9ranti lasur\u00e9, laqu\u00e9 RAL ou brut avec pose de 74 mm supporte vitrage de 48 mm\" srcset=\"https:\/\/www.deco-travaux.fr\/savoie\/wp-content\/uploads\/2024\/02\/Magasin-fenetre-profile-bois-exterieur-alu-en-bois-lamelle-colle-de-4-plis-pin-epicea-ou-meranti-lasure-laque-RAL-ou-brut-avec-pose-de-74-mm-supporte-vitrage-de-48-mm-444x444.jpg 444w, https:\/\/www.deco-travaux.fr\/savoie\/wp-content\/uploads\/2024\/02\/Magasin-fenetre-profile-bois-exterieur-alu-en-bois-lamelle-colle-de-4-plis-pin-epicea-ou-meranti-lasure-laque-RAL-ou-brut-avec-pose-de-74-mm-supporte-vitrage-de-48-mm-240x240.jpg 240w, https:\/\/www.deco-travaux.fr\/savoie\/wp-content\/uploads\/2024\/02\/Magasin-fenetre-profile-bois-exterieur-alu-en-bois-lamelle-colle-de-4-plis-pin-epicea-ou-meranti-lasure-laque-RAL-ou-brut-avec-pose-de-74-mm-supporte-vitrage-de-48-mm-150x150.jpg 150w, https:\/\/www.deco-travaux.fr\/savoie\/wp-content\/uploads\/2024\/02\/Magasin-fenetre-profile-bois-exterieur-alu-en-bois-lamelle-colle-de-4-plis-pin-epicea-ou-meranti-lasure-laque-RAL-ou-brut-avec-pose-de-74-mm-supporte-vitrage-de-48-mm-75x75.jpg 75w, https:\/\/www.deco-travaux.fr\/savoie\/wp-content\/uploads\/2024\/02\/Magasin-fenetre-profile-bois-exterieur-alu-en-bois-lamelle-colle-de-4-plis-pin-epicea-ou-meranti-lasure-laque-RAL-ou-brut-avec-pose-de-74-mm-supporte-vitrage-de-48-mm.jpg 500w\" sizes=\"(max-width: 444px) 100vw, 444px\" \/><\/a>\n\t\t\t<\/div><\/figure><figure class='gallery-item'>\n\t\t\t<div class='gallery-icon landscape'>\n\t\t\t\t<a data-elementor-open-lightbox=\"yes\" data-elementor-lightbox-slideshow=\"47c001d2\" data-elementor-lightbox-title=\"Fen\u00eatre bois recouvrement alu ext\u00e9rieur double vitrage en 68 ou 80 mm 3 plis pin et \u00e9pic\u00e9a du nord ou m\u00e9ranti\" data-e-action-hash=\"#elementor-action%3Aaction%3Dlightbox%26settings%3DeyJpZCI6NzIyOCwidXJsIjoiaHR0cHM6XC9cL3d3dy5kZWNvLXRyYXZhdXguZnJcL3Nhdm9pZVwvd3AtY29udGVudFwvdXBsb2Fkc1wvMjAyNFwvMDJcL0ZlbmV0cmUtYm9pcy1yZWNvdXZyZW1lbnQtYWx1LWV4dGVyaWV1ci1kb3VibGUtdml0cmFnZS1lbi02OC1vdS04MC1tbS0zLXBsaXMtcGluLWV0LWVwaWNlYS1kdS1ub3JkLW91LW1lcmFudGkuanBnIiwic2xpZGVzaG93IjoiNDdjMDAxZDIifQ%3D%3D\" href='https:\/\/www.deco-travaux.fr\/savoie\/wp-content\/uploads\/2024\/02\/Fenetre-bois-recouvrement-alu-exterieur-double-vitrage-en-68-ou-80-mm-3-plis-pin-et-epicea-du-nord-ou-meranti.jpg'><img loading=\"lazy\" decoding=\"async\" width=\"444\" height=\"444\" src=\"https:\/\/www.deco-travaux.fr\/savoie\/wp-content\/uploads\/2024\/02\/Fenetre-bois-recouvrement-alu-exterieur-double-vitrage-en-68-ou-80-mm-3-plis-pin-et-epicea-du-nord-ou-meranti-444x444.jpg\" class=\"attachment-estore-square size-estore-square\" alt=\"Fen\u00eatre bois recouvrement alu ext\u00e9rieur double vitrage en 68 ou 80 mm 3 plis pin et \u00e9pic\u00e9a du nord ou m\u00e9ranti\" srcset=\"https:\/\/www.deco-travaux.fr\/savoie\/wp-content\/uploads\/2024\/02\/Fenetre-bois-recouvrement-alu-exterieur-double-vitrage-en-68-ou-80-mm-3-plis-pin-et-epicea-du-nord-ou-meranti-444x444.jpg 444w, https:\/\/www.deco-travaux.fr\/savoie\/wp-content\/uploads\/2024\/02\/Fenetre-bois-recouvrement-alu-exterieur-double-vitrage-en-68-ou-80-mm-3-plis-pin-et-epicea-du-nord-ou-meranti-240x240.jpg 240w, https:\/\/www.deco-travaux.fr\/savoie\/wp-content\/uploads\/2024\/02\/Fenetre-bois-recouvrement-alu-exterieur-double-vitrage-en-68-ou-80-mm-3-plis-pin-et-epicea-du-nord-ou-meranti-150x150.jpg 150w, https:\/\/www.deco-travaux.fr\/savoie\/wp-content\/uploads\/2024\/02\/Fenetre-bois-recouvrement-alu-exterieur-double-vitrage-en-68-ou-80-mm-3-plis-pin-et-epicea-du-nord-ou-meranti-75x75.jpg 75w, https:\/\/www.deco-travaux.fr\/savoie\/wp-content\/uploads\/2024\/02\/Fenetre-bois-recouvrement-alu-exterieur-double-vitrage-en-68-ou-80-mm-3-plis-pin-et-epicea-du-nord-ou-meranti.jpg 500w\" sizes=\"(max-width: 444px) 100vw, 444px\" \/><\/a>\n\t\t\t<\/div><\/figure><figure class='gallery-item'>\n\t\t\t<div class='gallery-icon landscape'>\n\t\t\t\t<a data-elementor-open-lightbox=\"yes\" data-elementor-lightbox-slideshow=\"47c001d2\" data-elementor-lightbox-title=\"Fen\u00eatre bois recouvrement aluminium ext\u00e9rieur double vitrage en 68 ou 80 mm 3 plis pin et \u00e9pic\u00e9a du nord ou m\u00e9ranti avec rainure et goutte d&#039;eau\" data-e-action-hash=\"#elementor-action%3Aaction%3Dlightbox%26settings%3DeyJpZCI6NzIyOSwidXJsIjoiaHR0cHM6XC9cL3d3dy5kZWNvLXRyYXZhdXguZnJcL3Nhdm9pZVwvd3AtY29udGVudFwvdXBsb2Fkc1wvMjAyNFwvMDJcL0ZlbmV0cmUtYm9pcy1yZWNvdXZyZW1lbnQtYWx1bWluaXVtLWV4dGVyaWV1ci1kb3VibGUtdml0cmFnZS1lbi02OC1vdS04MC1tbS0zLXBsaXMtcGluLWV0LWVwaWNlYS1kdS1ub3JkLW91LW1lcmFudGktYXZlYy1yYWludXJlLWV0LWdvdXR0ZS1kZWF1LmpwZyIsInNsaWRlc2hvdyI6IjQ3YzAwMWQyIn0%3D\" href='https:\/\/www.deco-travaux.fr\/savoie\/wp-content\/uploads\/2024\/02\/Fenetre-bois-recouvrement-aluminium-exterieur-double-vitrage-en-68-ou-80-mm-3-plis-pin-et-epicea-du-nord-ou-meranti-avec-rainure-et-goutte-deau.jpg'><img loading=\"lazy\" decoding=\"async\" width=\"444\" height=\"444\" src=\"https:\/\/www.deco-travaux.fr\/savoie\/wp-content\/uploads\/2024\/02\/Fenetre-bois-recouvrement-aluminium-exterieur-double-vitrage-en-68-ou-80-mm-3-plis-pin-et-epicea-du-nord-ou-meranti-avec-rainure-et-goutte-deau-444x444.jpg\" class=\"attachment-estore-square size-estore-square\" alt=\"Fen\u00eatre bois recouvrement aluminium ext\u00e9rieur double vitrage en 68 ou 80 mm 3 plis pin et \u00e9pic\u00e9a du nord ou m\u00e9ranti avec rainure et goutte d&#039;eau\" srcset=\"https:\/\/www.deco-travaux.fr\/savoie\/wp-content\/uploads\/2024\/02\/Fenetre-bois-recouvrement-aluminium-exterieur-double-vitrage-en-68-ou-80-mm-3-plis-pin-et-epicea-du-nord-ou-meranti-avec-rainure-et-goutte-deau-444x444.jpg 444w, https:\/\/www.deco-travaux.fr\/savoie\/wp-content\/uploads\/2024\/02\/Fenetre-bois-recouvrement-aluminium-exterieur-double-vitrage-en-68-ou-80-mm-3-plis-pin-et-epicea-du-nord-ou-meranti-avec-rainure-et-goutte-deau-240x240.jpg 240w, https:\/\/www.deco-travaux.fr\/savoie\/wp-content\/uploads\/2024\/02\/Fenetre-bois-recouvrement-aluminium-exterieur-double-vitrage-en-68-ou-80-mm-3-plis-pin-et-epicea-du-nord-ou-meranti-avec-rainure-et-goutte-deau-150x150.jpg 150w, https:\/\/www.deco-travaux.fr\/savoie\/wp-content\/uploads\/2024\/02\/Fenetre-bois-recouvrement-aluminium-exterieur-double-vitrage-en-68-ou-80-mm-3-plis-pin-et-epicea-du-nord-ou-meranti-avec-rainure-et-goutte-deau-75x75.jpg 75w, https:\/\/www.deco-travaux.fr\/savoie\/wp-content\/uploads\/2024\/02\/Fenetre-bois-recouvrement-aluminium-exterieur-double-vitrage-en-68-ou-80-mm-3-plis-pin-et-epicea-du-nord-ou-meranti-avec-rainure-et-goutte-deau.jpg 500w\" sizes=\"(max-width: 444px) 100vw, 444px\" \/><\/a>\n\t\t\t<\/div><\/figure><figure class='gallery-item'>\n\t\t\t<div class='gallery-icon landscape'>\n\t\t\t\t<a data-elementor-open-lightbox=\"yes\" data-elementor-lightbox-slideshow=\"47c001d2\" data-elementor-lightbox-title=\"magasin fen\u00eatre bois alu 68 Bourg Saint Maurice Moutiers en pin du Nord vitrage sp\u00e9cial altitude\" data-e-action-hash=\"#elementor-action%3Aaction%3Dlightbox%26settings%3DeyJpZCI6ODcyMCwidXJsIjoiaHR0cHM6XC9cL3d3dy5kZWNvLXRyYXZhdXguZnJcL3Nhdm9pZVwvd3AtY29udGVudFwvdXBsb2Fkc1wvMjAyNVwvMDZcL21hZ2FzaW4tZmVuZXRyZS1ib2lzLWFsdS02OC1Cb3VyZy1TYWludC1NYXVyaWNlLU1vdXRpZXJzLWVuLXBpbi1kdS1Ob3JkLXZpdHJhZ2Utc3BlY2lhbC1hbHRpdHVkZS5qcGciLCJzbGlkZXNob3ciOiI0N2MwMDFkMiJ9\" href='https:\/\/www.deco-travaux.fr\/savoie\/wp-content\/uploads\/2025\/06\/magasin-fenetre-bois-alu-68-Bourg-Saint-Maurice-Moutiers-en-pin-du-Nord-vitrage-special-altitude.jpg'><img loading=\"lazy\" decoding=\"async\" width=\"444\" height=\"444\" src=\"https:\/\/www.deco-travaux.fr\/savoie\/wp-content\/uploads\/2025\/06\/magasin-fenetre-bois-alu-68-Bourg-Saint-Maurice-Moutiers-en-pin-du-Nord-vitrage-special-altitude-444x444.jpg\" class=\"attachment-estore-square size-estore-square\" alt=\"magasin fen\u00eatre bois alu 68 Bourg Saint Maurice Moutiers en pin du Nord vitrage sp\u00e9cial altitude\" srcset=\"https:\/\/www.deco-travaux.fr\/savoie\/wp-content\/uploads\/2025\/06\/magasin-fenetre-bois-alu-68-Bourg-Saint-Maurice-Moutiers-en-pin-du-Nord-vitrage-special-altitude-444x444.jpg 444w, https:\/\/www.deco-travaux.fr\/savoie\/wp-content\/uploads\/2025\/06\/magasin-fenetre-bois-alu-68-Bourg-Saint-Maurice-Moutiers-en-pin-du-Nord-vitrage-special-altitude-240x240.jpg 240w, https:\/\/www.deco-travaux.fr\/savoie\/wp-content\/uploads\/2025\/06\/magasin-fenetre-bois-alu-68-Bourg-Saint-Maurice-Moutiers-en-pin-du-Nord-vitrage-special-altitude-150x150.jpg 150w, https:\/\/www.deco-travaux.fr\/savoie\/wp-content\/uploads\/2025\/06\/magasin-fenetre-bois-alu-68-Bourg-Saint-Maurice-Moutiers-en-pin-du-Nord-vitrage-special-altitude-75x75.jpg 75w, https:\/\/www.deco-travaux.fr\/savoie\/wp-content\/uploads\/2025\/06\/magasin-fenetre-bois-alu-68-Bourg-Saint-Maurice-Moutiers-en-pin-du-Nord-vitrage-special-altitude.jpg 500w\" sizes=\"(max-width: 444px) 100vw, 444px\" \/><\/a>\n\t\t\t<\/div><\/figure><figure class='gallery-item'>\n\t\t\t<div class='gallery-icon landscape'>\n\t\t\t\t<a data-elementor-open-lightbox=\"yes\" data-elementor-lightbox-slideshow=\"47c001d2\" data-elementor-lightbox-title=\"Magasin fen\u00eatre bois alu droite double vitrage sp\u00e9ciale altitude en 68 ou 80 mm 4 couches lamell\u00e9 coll\u00e9 pin et \u00e9pic\u00e9a du nord ou m\u00e9ranti\" data-e-action-hash=\"#elementor-action%3Aaction%3Dlightbox%26settings%3DeyJpZCI6NzIzMywidXJsIjoiaHR0cHM6XC9cL3d3dy5kZWNvLXRyYXZhdXguZnJcL3Nhdm9pZVwvd3AtY29udGVudFwvdXBsb2Fkc1wvMjAyNFwvMDJcL01hZ2FzaW4tZmVuZXRyZS1ib2lzLWFsdS1kcm9pdGUtZG91YmxlLXZpdHJhZ2Utc3BlY2lhbGUtYWx0aXR1ZGUtZW4tNjgtb3UtODAtbW0tNC1jb3VjaGVzLWxhbWVsbGUtY29sbGUtcGluLWV0LWVwaWNlYS1kdS1ub3JkLW91LW1lcmFudGkuanBnIiwic2xpZGVzaG93IjoiNDdjMDAxZDIifQ%3D%3D\" href='https:\/\/www.deco-travaux.fr\/savoie\/wp-content\/uploads\/2024\/02\/Magasin-fenetre-bois-alu-droite-double-vitrage-speciale-altitude-en-68-ou-80-mm-4-couches-lamelle-colle-pin-et-epicea-du-nord-ou-meranti.jpg'><img loading=\"lazy\" decoding=\"async\" width=\"444\" height=\"444\" src=\"https:\/\/www.deco-travaux.fr\/savoie\/wp-content\/uploads\/2024\/02\/Magasin-fenetre-bois-alu-droite-double-vitrage-speciale-altitude-en-68-ou-80-mm-4-couches-lamelle-colle-pin-et-epicea-du-nord-ou-meranti-444x444.jpg\" class=\"attachment-estore-square size-estore-square\" alt=\"Magasin Savoie fen\u00eatre bois alu droite double vitrage sp\u00e9ciale altitude en 68 ou 80 mm 4 couches lamell\u00e9 coll\u00e9 pin et \u00e9pic\u00e9a du nord ou m\u00e9ranti\" srcset=\"https:\/\/www.deco-travaux.fr\/savoie\/wp-content\/uploads\/2024\/02\/Magasin-fenetre-bois-alu-droite-double-vitrage-speciale-altitude-en-68-ou-80-mm-4-couches-lamelle-colle-pin-et-epicea-du-nord-ou-meranti-444x444.jpg 444w, https:\/\/www.deco-travaux.fr\/savoie\/wp-content\/uploads\/2024\/02\/Magasin-fenetre-bois-alu-droite-double-vitrage-speciale-altitude-en-68-ou-80-mm-4-couches-lamelle-colle-pin-et-epicea-du-nord-ou-meranti-240x240.jpg 240w, https:\/\/www.deco-travaux.fr\/savoie\/wp-content\/uploads\/2024\/02\/Magasin-fenetre-bois-alu-droite-double-vitrage-speciale-altitude-en-68-ou-80-mm-4-couches-lamelle-colle-pin-et-epicea-du-nord-ou-meranti-150x150.jpg 150w, https:\/\/www.deco-travaux.fr\/savoie\/wp-content\/uploads\/2024\/02\/Magasin-fenetre-bois-alu-droite-double-vitrage-speciale-altitude-en-68-ou-80-mm-4-couches-lamelle-colle-pin-et-epicea-du-nord-ou-meranti-75x75.jpg 75w, https:\/\/www.deco-travaux.fr\/savoie\/wp-content\/uploads\/2024\/02\/Magasin-fenetre-bois-alu-droite-double-vitrage-speciale-altitude-en-68-ou-80-mm-4-couches-lamelle-colle-pin-et-epicea-du-nord-ou-meranti.jpg 500w\" sizes=\"(max-width: 444px) 100vw, 444px\" \/><\/a>\n\t\t\t<\/div><\/figure><figure class='gallery-item'>\n\t\t\t<div class='gallery-icon landscape'>\n\t\t\t\t<a data-elementor-open-lightbox=\"yes\" data-elementor-lightbox-slideshow=\"47c001d2\" data-elementor-lightbox-title=\"Fen\u00eatre bois triple vitrage sp\u00e9ciale altitude en 80 mm 4 plis pin et \u00e9pic\u00e9a du nord ou m\u00e9ranti ext\u00e9rieur alu la plus vendue\" data-e-action-hash=\"#elementor-action%3Aaction%3Dlightbox%26settings%3DeyJpZCI6NzI0MCwidXJsIjoiaHR0cHM6XC9cL3d3dy5kZWNvLXRyYXZhdXguZnJcL3Nhdm9pZVwvd3AtY29udGVudFwvdXBsb2Fkc1wvMjAyNFwvMDJcL0ZlbmV0cmUtYm9pcy10cmlwbGUtdml0cmFnZS1zcGVjaWFsZS1hbHRpdHVkZS1lbi04MC1tbS00LXBsaXMtcGluLWV0LWVwaXNjZWEtZHUtbm9yZC1vdS1tZXJhbnRpLWV4dGVyaWV1ci1hbHUtbGEtcGx1cy12ZW5kdWUtMS5qcGciLCJzbGlkZXNob3ciOiI0N2MwMDFkMiJ9\" href='https:\/\/www.deco-travaux.fr\/savoie\/wp-content\/uploads\/2024\/02\/Fenetre-bois-triple-vitrage-speciale-altitude-en-80-mm-4-plis-pin-et-episcea-du-nord-ou-meranti-exterieur-alu-la-plus-vendue-1.jpg'><img loading=\"lazy\" decoding=\"async\" width=\"444\" height=\"444\" src=\"https:\/\/www.deco-travaux.fr\/savoie\/wp-content\/uploads\/2024\/02\/Fenetre-bois-triple-vitrage-speciale-altitude-en-80-mm-4-plis-pin-et-episcea-du-nord-ou-meranti-exterieur-alu-la-plus-vendue-1-444x444.jpg\" class=\"attachment-estore-square size-estore-square\" alt=\"Magasin menuiserie Bourg Saint Maurice fen\u00eatre bois triple vitrage sp\u00e9ciale altitude en 80 mm 4 plis pin et \u00e9pic\u00e9a du nord ou m\u00e9ranti ext\u00e9rieur alu\" srcset=\"https:\/\/www.deco-travaux.fr\/savoie\/wp-content\/uploads\/2024\/02\/Fenetre-bois-triple-vitrage-speciale-altitude-en-80-mm-4-plis-pin-et-episcea-du-nord-ou-meranti-exterieur-alu-la-plus-vendue-1-444x444.jpg 444w, https:\/\/www.deco-travaux.fr\/savoie\/wp-content\/uploads\/2024\/02\/Fenetre-bois-triple-vitrage-speciale-altitude-en-80-mm-4-plis-pin-et-episcea-du-nord-ou-meranti-exterieur-alu-la-plus-vendue-1-240x240.jpg 240w, https:\/\/www.deco-travaux.fr\/savoie\/wp-content\/uploads\/2024\/02\/Fenetre-bois-triple-vitrage-speciale-altitude-en-80-mm-4-plis-pin-et-episcea-du-nord-ou-meranti-exterieur-alu-la-plus-vendue-1-150x150.jpg 150w, https:\/\/www.deco-travaux.fr\/savoie\/wp-content\/uploads\/2024\/02\/Fenetre-bois-triple-vitrage-speciale-altitude-en-80-mm-4-plis-pin-et-episcea-du-nord-ou-meranti-exterieur-alu-la-plus-vendue-1-75x75.jpg 75w, https:\/\/www.deco-travaux.fr\/savoie\/wp-content\/uploads\/2024\/02\/Fenetre-bois-triple-vitrage-speciale-altitude-en-80-mm-4-plis-pin-et-episcea-du-nord-ou-meranti-exterieur-alu-la-plus-vendue-1.jpg 500w\" sizes=\"(max-width: 444px) 100vw, 444px\" \/><\/a>\n\t\t\t<\/div><\/figure><figure class='gallery-item'>\n\t\t\t<div class='gallery-icon landscape'>\n\t\t\t\t<a data-elementor-open-lightbox=\"yes\" data-elementor-lightbox-slideshow=\"47c001d2\" data-elementor-lightbox-title=\"Fen\u00eatre bois FBelg en 3 plis lamell\u00e9-coll\u00e9 pin, \u00e9pic\u00e9a du nord ou m\u00e9ranti lasure d&#039;usine pour une excellente tenue\" data-e-action-hash=\"#elementor-action%3Aaction%3Dlightbox%26settings%3DeyJpZCI6NzI0NywidXJsIjoiaHR0cHM6XC9cL3d3dy5kZWNvLXRyYXZhdXguZnJcL3Nhdm9pZVwvd3AtY29udGVudFwvdXBsb2Fkc1wvMjAyNFwvMDJcL0ZlbmV0cmUtYm9pcy1GQmVsZy1lbi10cmlwbGktbGFtZWxsZS1jb2xsZS1waW4tZXBpY2VhLWR1LW5vcmQtb3UtbWVyYW50aS1sYXN1cmUtZHVzaW5lLXBvdXItdW5lLWV4Y2VsbGVudGUtdGVudWUuanBnIiwic2xpZGVzaG93IjoiNDdjMDAxZDIifQ%3D%3D\" href='https:\/\/www.deco-travaux.fr\/savoie\/wp-content\/uploads\/2024\/02\/Fenetre-bois-FBelg-en-tripli-lamelle-colle-pin-epicea-du-nord-ou-meranti-lasure-dusine-pour-une-excellente-tenue.jpg'><img loading=\"lazy\" decoding=\"async\" width=\"444\" height=\"444\" src=\"https:\/\/www.deco-travaux.fr\/savoie\/wp-content\/uploads\/2024\/02\/Fenetre-bois-FBelg-en-tripli-lamelle-colle-pin-epicea-du-nord-ou-meranti-lasure-dusine-pour-une-excellente-tenue-444x444.jpg\" class=\"attachment-estore-square size-estore-square\" alt=\"Magasin menuiserie Moutiers Fen\u00eatre bois FBelg en 3 plis lamell\u00e9-coll\u00e9 pin, \u00e9pic\u00e9a du nord ou m\u00e9ranti lasure d&#039;usine pour une excellente tenue\" srcset=\"https:\/\/www.deco-travaux.fr\/savoie\/wp-content\/uploads\/2024\/02\/Fenetre-bois-FBelg-en-tripli-lamelle-colle-pin-epicea-du-nord-ou-meranti-lasure-dusine-pour-une-excellente-tenue-444x444.jpg 444w, https:\/\/www.deco-travaux.fr\/savoie\/wp-content\/uploads\/2024\/02\/Fenetre-bois-FBelg-en-tripli-lamelle-colle-pin-epicea-du-nord-ou-meranti-lasure-dusine-pour-une-excellente-tenue-240x240.jpg 240w, https:\/\/www.deco-travaux.fr\/savoie\/wp-content\/uploads\/2024\/02\/Fenetre-bois-FBelg-en-tripli-lamelle-colle-pin-epicea-du-nord-ou-meranti-lasure-dusine-pour-une-excellente-tenue-150x150.jpg 150w, https:\/\/www.deco-travaux.fr\/savoie\/wp-content\/uploads\/2024\/02\/Fenetre-bois-FBelg-en-tripli-lamelle-colle-pin-epicea-du-nord-ou-meranti-lasure-dusine-pour-une-excellente-tenue-75x75.jpg 75w, https:\/\/www.deco-travaux.fr\/savoie\/wp-content\/uploads\/2024\/02\/Fenetre-bois-FBelg-en-tripli-lamelle-colle-pin-epicea-du-nord-ou-meranti-lasure-dusine-pour-une-excellente-tenue.jpg 500w\" sizes=\"(max-width: 444px) 100vw, 444px\" \/><\/a>\n\t\t\t<\/div><\/figure><figure class='gallery-item'>\n\t\t\t<div class='gallery-icon landscape'>\n\t\t\t\t<a data-elementor-open-lightbox=\"yes\" data-elementor-lightbox-slideshow=\"47c001d2\" data-elementor-lightbox-title=\"Fen\u00eatre bois double vitrage sp\u00e9ciale altitude en 68 mm 3 plis pin et \u00e9pic\u00e9a du nord ou m\u00e9ranti ext\u00e9rieur alu pour pose en applique avec aile recouvrement int\u00e9rieur de 30 mm\" data-e-action-hash=\"#elementor-action%3Aaction%3Dlightbox%26settings%3DeyJpZCI6NzI0OSwidXJsIjoiaHR0cHM6XC9cL3d3dy5kZWNvLXRyYXZhdXguZnJcL3Nhdm9pZVwvd3AtY29udGVudFwvdXBsb2Fkc1wvMjAyNFwvMDJcL0ZlbmV0cmUtYm9pcy1kb3VibGUtdml0cmFnZS1zcGVjaWFsZS1hbHRpdHVkZS1lbi02OC1tbS0zLXBsaXMtcGluLWV0LWVwaWNlYS1kdS1ub3JkLW91LW1lcmFudGktZXh0ZXJpZXVyLWFsdS1wb3VyLXBvc2UtZW4tYXBwbGlxdWUtYXZlYy1haWxlLXJlY291dnJlbWVudC1pbnRlcmlpZXVyLWRlLTMwLW1sbS0xLmpwZyIsInNsaWRlc2hvdyI6IjQ3YzAwMWQyIn0%3D\" href='https:\/\/www.deco-travaux.fr\/savoie\/wp-content\/uploads\/2024\/02\/Fenetre-bois-double-vitrage-speciale-altitude-en-68-mm-3-plis-pin-et-epicea-du-nord-ou-meranti-exterieur-alu-pour-pose-en-applique-avec-aile-recouvrement-interiieur-de-30-mlm-1.jpg'><img loading=\"lazy\" decoding=\"async\" width=\"444\" height=\"444\" src=\"https:\/\/www.deco-travaux.fr\/savoie\/wp-content\/uploads\/2024\/02\/Fenetre-bois-double-vitrage-speciale-altitude-en-68-mm-3-plis-pin-et-epicea-du-nord-ou-meranti-exterieur-alu-pour-pose-en-applique-avec-aile-recouvrement-interiieur-de-30-mlm-1-444x444.jpg\" class=\"attachment-estore-square size-estore-square\" alt=\"Fen\u00eatre bois double vitrage sp\u00e9ciale altitude en 68 mm 3 plis pin et \u00e9pic\u00e9a du nord ou m\u00e9ranti ext\u00e9rieur alu pour pose en applique avec aile recouvrement int\u00e9rieur de 30 mm\" srcset=\"https:\/\/www.deco-travaux.fr\/savoie\/wp-content\/uploads\/2024\/02\/Fenetre-bois-double-vitrage-speciale-altitude-en-68-mm-3-plis-pin-et-epicea-du-nord-ou-meranti-exterieur-alu-pour-pose-en-applique-avec-aile-recouvrement-interiieur-de-30-mlm-1-444x444.jpg 444w, https:\/\/www.deco-travaux.fr\/savoie\/wp-content\/uploads\/2024\/02\/Fenetre-bois-double-vitrage-speciale-altitude-en-68-mm-3-plis-pin-et-epicea-du-nord-ou-meranti-exterieur-alu-pour-pose-en-applique-avec-aile-recouvrement-interiieur-de-30-mlm-1-240x240.jpg 240w, https:\/\/www.deco-travaux.fr\/savoie\/wp-content\/uploads\/2024\/02\/Fenetre-bois-double-vitrage-speciale-altitude-en-68-mm-3-plis-pin-et-epicea-du-nord-ou-meranti-exterieur-alu-pour-pose-en-applique-avec-aile-recouvrement-interiieur-de-30-mlm-1-150x150.jpg 150w, https:\/\/www.deco-travaux.fr\/savoie\/wp-content\/uploads\/2024\/02\/Fenetre-bois-double-vitrage-speciale-altitude-en-68-mm-3-plis-pin-et-epicea-du-nord-ou-meranti-exterieur-alu-pour-pose-en-applique-avec-aile-recouvrement-interiieur-de-30-mlm-1-75x75.jpg 75w, https:\/\/www.deco-travaux.fr\/savoie\/wp-content\/uploads\/2024\/02\/Fenetre-bois-double-vitrage-speciale-altitude-en-68-mm-3-plis-pin-et-epicea-du-nord-ou-meranti-exterieur-alu-pour-pose-en-applique-avec-aile-recouvrement-interiieur-de-30-mlm-1.jpg 500w\" sizes=\"(max-width: 444px) 100vw, 444px\" \/><\/a>\n\t\t\t<\/div><\/figure><figure class='gallery-item'>\n\t\t\t<div class='gallery-icon landscape'>\n\t\t\t\t<a data-elementor-open-lightbox=\"yes\" data-elementor-lightbox-slideshow=\"47c001d2\" data-elementor-lightbox-title=\"Fen\u00eatre bois double vitrage sp\u00e9ciale altitude en 68 mm 3 plis pin et \u00e9pic\u00e9a du nord ou m\u00e9ranti ext\u00e9rieur alu avec tableau bas\" data-e-action-hash=\"#elementor-action%3Aaction%3Dlightbox%26settings%3DeyJpZCI6NzI1NiwidXJsIjoiaHR0cHM6XC9cL3d3dy5kZWNvLXRyYXZhdXguZnJcL3Nhdm9pZVwvd3AtY29udGVudFwvdXBsb2Fkc1wvMjAyNFwvMDJcL0ZlbmV0cmUtYm9pcy1kb3VibGUtdml0cmFnZS1zcGVjaWFsZS1hbHRpdHVkZS1lbi02OC1tbS0zLXBsaXMtcGluLWV0LWVwaWNlYS1kdS1ub3JkLW91LW1lcmFudGktZXh0ZXJpZXVyLWFsdS1hdmVjLXRhYmxlYXUtYmFzLmpwZyIsInNsaWRlc2hvdyI6IjQ3YzAwMWQyIn0%3D\" href='https:\/\/www.deco-travaux.fr\/savoie\/wp-content\/uploads\/2024\/02\/Fenetre-bois-double-vitrage-speciale-altitude-en-68-mm-3-plis-pin-et-epicea-du-nord-ou-meranti-exterieur-alu-avec-tableau-bas.jpg'><img loading=\"lazy\" decoding=\"async\" width=\"444\" height=\"444\" src=\"https:\/\/www.deco-travaux.fr\/savoie\/wp-content\/uploads\/2024\/02\/Fenetre-bois-double-vitrage-speciale-altitude-en-68-mm-3-plis-pin-et-epicea-du-nord-ou-meranti-exterieur-alu-avec-tableau-bas-444x444.jpg\" class=\"attachment-estore-square size-estore-square\" alt=\"Magasin Moutiers fen\u00eatre bois double vitrage sp\u00e9ciale altitude en 68 mm 3 plis pin et \u00e9pic\u00e9a du nord ou m\u00e9ranti ext\u00e9rieur alu avec tableau bas\" srcset=\"https:\/\/www.deco-travaux.fr\/savoie\/wp-content\/uploads\/2024\/02\/Fenetre-bois-double-vitrage-speciale-altitude-en-68-mm-3-plis-pin-et-epicea-du-nord-ou-meranti-exterieur-alu-avec-tableau-bas-444x444.jpg 444w, https:\/\/www.deco-travaux.fr\/savoie\/wp-content\/uploads\/2024\/02\/Fenetre-bois-double-vitrage-speciale-altitude-en-68-mm-3-plis-pin-et-epicea-du-nord-ou-meranti-exterieur-alu-avec-tableau-bas-240x240.jpg 240w, https:\/\/www.deco-travaux.fr\/savoie\/wp-content\/uploads\/2024\/02\/Fenetre-bois-double-vitrage-speciale-altitude-en-68-mm-3-plis-pin-et-epicea-du-nord-ou-meranti-exterieur-alu-avec-tableau-bas-150x150.jpg 150w, https:\/\/www.deco-travaux.fr\/savoie\/wp-content\/uploads\/2024\/02\/Fenetre-bois-double-vitrage-speciale-altitude-en-68-mm-3-plis-pin-et-epicea-du-nord-ou-meranti-exterieur-alu-avec-tableau-bas-75x75.jpg 75w, https:\/\/www.deco-travaux.fr\/savoie\/wp-content\/uploads\/2024\/02\/Fenetre-bois-double-vitrage-speciale-altitude-en-68-mm-3-plis-pin-et-epicea-du-nord-ou-meranti-exterieur-alu-avec-tableau-bas.jpg 500w\" sizes=\"(max-width: 444px) 100vw, 444px\" \/><\/a>\n\t\t\t<\/div><\/figure><figure class='gallery-item'>\n\t\t\t<div class='gallery-icon landscape'>\n\t\t\t\t<a data-elementor-open-lightbox=\"yes\" data-elementor-lightbox-slideshow=\"47c001d2\" data-elementor-lightbox-title=\"Fen\u00eatre bois alu monobloc double vitrage sp\u00e9ciale altitude en 68 mm 3 plis pin et \u00e9pic\u00e9a du nord ou m\u00e9ranti ext\u00e9rieur alu avec entourage tableau bois 100 \u00e0 160 mm et rainure int\u00e9rieure\" data-e-action-hash=\"#elementor-action%3Aaction%3Dlightbox%26settings%3DeyJpZCI6NzI1NywidXJsIjoiaHR0cHM6XC9cL3d3dy5kZWNvLXRyYXZhdXguZnJcL3Nhdm9pZVwvd3AtY29udGVudFwvdXBsb2Fkc1wvMjAyNFwvMDJcL0ZlbmV0cmUtYm9pcy1hbHUtbW9ub2Jsb2NrLWRvdWJsZS12aXRyYWdlLXNwZWNpYWxlLWFsdGl0dWRlLWVuLTY4LW1tLTMtcGxpcy1waW4tZXQtZXBpY2VhLWR1LW5vcmQtb3UtbWVyYW50aS1leHRlcmlldXItYWx1LWF2ZWMtZW50b3VyYWdlLXRhYmxlYXUtYm9pcy0xMDAtYS0xNjAtbW0tZXQtcmFpbnVyZS1pbnRlcmlldXJlLmpwZyIsInNsaWRlc2hvdyI6IjQ3YzAwMWQyIn0%3D\" href='https:\/\/www.deco-travaux.fr\/savoie\/wp-content\/uploads\/2024\/02\/Fenetre-bois-alu-monoblock-double-vitrage-speciale-altitude-en-68-mm-3-plis-pin-et-epicea-du-nord-ou-meranti-exterieur-alu-avec-entourage-tableau-bois-100-a-160-mm-et-rainure-interieure.jpg'><img loading=\"lazy\" decoding=\"async\" width=\"444\" height=\"444\" src=\"https:\/\/www.deco-travaux.fr\/savoie\/wp-content\/uploads\/2024\/02\/Fenetre-bois-alu-monoblock-double-vitrage-speciale-altitude-en-68-mm-3-plis-pin-et-epicea-du-nord-ou-meranti-exterieur-alu-avec-entourage-tableau-bois-100-a-160-mm-et-rainure-interieure-444x444.jpg\" class=\"attachment-estore-square size-estore-square\" alt=\"Magasin menuiserie Aime La Plagne fen\u00eatre bois alu monobloc double vitrage sp\u00e9ciale altitude en 68 mm 3 plis pin et \u00e9pic\u00e9a du nord ou m\u00e9ranti ext\u00e9rieur alu avec entourage tableau bois 100 \u00e0 160 mm et rainure int\u00e9rieure\" srcset=\"https:\/\/www.deco-travaux.fr\/savoie\/wp-content\/uploads\/2024\/02\/Fenetre-bois-alu-monoblock-double-vitrage-speciale-altitude-en-68-mm-3-plis-pin-et-epicea-du-nord-ou-meranti-exterieur-alu-avec-entourage-tableau-bois-100-a-160-mm-et-rainure-interieure-444x444.jpg 444w, https:\/\/www.deco-travaux.fr\/savoie\/wp-content\/uploads\/2024\/02\/Fenetre-bois-alu-monoblock-double-vitrage-speciale-altitude-en-68-mm-3-plis-pin-et-epicea-du-nord-ou-meranti-exterieur-alu-avec-entourage-tableau-bois-100-a-160-mm-et-rainure-interieure-240x240.jpg 240w, https:\/\/www.deco-travaux.fr\/savoie\/wp-content\/uploads\/2024\/02\/Fenetre-bois-alu-monoblock-double-vitrage-speciale-altitude-en-68-mm-3-plis-pin-et-epicea-du-nord-ou-meranti-exterieur-alu-avec-entourage-tableau-bois-100-a-160-mm-et-rainure-interieure-150x150.jpg 150w, https:\/\/www.deco-travaux.fr\/savoie\/wp-content\/uploads\/2024\/02\/Fenetre-bois-alu-monoblock-double-vitrage-speciale-altitude-en-68-mm-3-plis-pin-et-epicea-du-nord-ou-meranti-exterieur-alu-avec-entourage-tableau-bois-100-a-160-mm-et-rainure-interieure-75x75.jpg 75w, https:\/\/www.deco-travaux.fr\/savoie\/wp-content\/uploads\/2024\/02\/Fenetre-bois-alu-monoblock-double-vitrage-speciale-altitude-en-68-mm-3-plis-pin-et-epicea-du-nord-ou-meranti-exterieur-alu-avec-entourage-tableau-bois-100-a-160-mm-et-rainure-interieure.jpg 500w\" sizes=\"(max-width: 444px) 100vw, 444px\" \/><\/a>\n\t\t\t<\/div><\/figure><figure class='gallery-item'>\n\t\t\t<div class='gallery-icon landscape'>\n\t\t\t\t<a data-elementor-open-lightbox=\"yes\" data-elementor-lightbox-slideshow=\"47c001d2\" data-elementor-lightbox-title=\"Fen\u00eatre bois alu double vitrage sp\u00e9ciale altitude en 68 mm 3 plis pin et \u00e9pic\u00e9a du nord ou m\u00e9ranti ext\u00e9rieur alu avec entourage tableau bois\" data-e-action-hash=\"#elementor-action%3Aaction%3Dlightbox%26settings%3DeyJpZCI6NzI1OCwidXJsIjoiaHR0cHM6XC9cL3d3dy5kZWNvLXRyYXZhdXguZnJcL3Nhdm9pZVwvd3AtY29udGVudFwvdXBsb2Fkc1wvMjAyNFwvMDJcL0ZlbmV0cmUtYm9pcy1hbHUtZG91YmxlLXZpdHJhZ2Utc3BlY2lhbGUtYWx0aXR1ZGUtZW4tNjgtbW0tMy1wbGlzLXBpbi1ldC1lcGljZWEtZHUtbm9yZC1vdS1tZXJhbnRpLWV4dGVyaWV1ci1hbHUtYXZlYy1lbnRvdXJhZ2UtdGFibGVhdS1ib2lzLmpwZyIsInNsaWRlc2hvdyI6IjQ3YzAwMWQyIn0%3D\" href='https:\/\/www.deco-travaux.fr\/savoie\/wp-content\/uploads\/2024\/02\/Fenetre-bois-alu-double-vitrage-speciale-altitude-en-68-mm-3-plis-pin-et-epicea-du-nord-ou-meranti-exterieur-alu-avec-entourage-tableau-bois.jpg'><img loading=\"lazy\" decoding=\"async\" width=\"444\" height=\"444\" src=\"https:\/\/www.deco-travaux.fr\/savoie\/wp-content\/uploads\/2024\/02\/Fenetre-bois-alu-double-vitrage-speciale-altitude-en-68-mm-3-plis-pin-et-epicea-du-nord-ou-meranti-exterieur-alu-avec-entourage-tableau-bois-444x444.jpg\" class=\"attachment-estore-square size-estore-square\" alt=\"Magasin Christelle menuiserie fen\u00eatre bois alu double vitrage sp\u00e9ciale altitude en 68 mm 3 plis pin et \u00e9pic\u00e9a du nord ou m\u00e9ranti ext\u00e9rieur alu avec entourage tableau bois\" srcset=\"https:\/\/www.deco-travaux.fr\/savoie\/wp-content\/uploads\/2024\/02\/Fenetre-bois-alu-double-vitrage-speciale-altitude-en-68-mm-3-plis-pin-et-epicea-du-nord-ou-meranti-exterieur-alu-avec-entourage-tableau-bois-444x444.jpg 444w, https:\/\/www.deco-travaux.fr\/savoie\/wp-content\/uploads\/2024\/02\/Fenetre-bois-alu-double-vitrage-speciale-altitude-en-68-mm-3-plis-pin-et-epicea-du-nord-ou-meranti-exterieur-alu-avec-entourage-tableau-bois-240x240.jpg 240w, https:\/\/www.deco-travaux.fr\/savoie\/wp-content\/uploads\/2024\/02\/Fenetre-bois-alu-double-vitrage-speciale-altitude-en-68-mm-3-plis-pin-et-epicea-du-nord-ou-meranti-exterieur-alu-avec-entourage-tableau-bois-150x150.jpg 150w, https:\/\/www.deco-travaux.fr\/savoie\/wp-content\/uploads\/2024\/02\/Fenetre-bois-alu-double-vitrage-speciale-altitude-en-68-mm-3-plis-pin-et-epicea-du-nord-ou-meranti-exterieur-alu-avec-entourage-tableau-bois-75x75.jpg 75w, https:\/\/www.deco-travaux.fr\/savoie\/wp-content\/uploads\/2024\/02\/Fenetre-bois-alu-double-vitrage-speciale-altitude-en-68-mm-3-plis-pin-et-epicea-du-nord-ou-meranti-exterieur-alu-avec-entourage-tableau-bois.jpg 500w\" sizes=\"(max-width: 444px) 100vw, 444px\" \/><\/a>\n\t\t\t<\/div><\/figure>\n\t\t<\/div>\n\t\t<\/div>\n\t\t\t\t\t\t<\/div>\n\t\t\t\t<\/div>\n\t\t\t\t\t<\/div>\n\t\t<\/div>\n\t\t\t\t\t<\/div>\n\t\t<\/section>\n\t\t\t\t<section class=\"elementor-section elementor-top-section elementor-element elementor-element-7b5aa1b7 elementor-section-boxed elementor-section-height-default elementor-section-height-default\" data-id=\"7b5aa1b7\" data-element_type=\"section\" data-e-type=\"section\">\n\t\t\t\t\t\t<div class=\"elementor-container elementor-column-gap-default\">\n\t\t\t\t\t<div class=\"elementor-column elementor-col-100 elementor-top-column elementor-element elementor-element-31d78ee\" data-id=\"31d78ee\" data-element_type=\"column\" data-e-type=\"column\">\n\t\t\t<div class=\"elementor-widget-wrap elementor-element-populated\">\n\t\t\t\t\t\t<div class=\"elementor-element elementor-element-6f96c38d elementor-widget elementor-widget-heading\" data-id=\"6f96c38d\" data-element_type=\"widget\" data-e-type=\"widget\" data-widget_type=\"heading.default\">\n\t\t\t\t<div class=\"elementor-widget-container\">\n\t\t\t\t\t<h2 class=\"elementor-heading-title elementor-size-default\">Magasin menuiserie int\u00e9rieure de portes et fen\u00eatres en acier Aime Moutiers<\/h2>\t\t\t\t<\/div>\n\t\t\t\t<\/div>\n\t\t\t\t\t<\/div>\n\t\t<\/div>\n\t\t\t\t\t<\/div>\n\t\t<\/section>\n\t\t\t\t<section class=\"elementor-section elementor-top-section elementor-element elementor-element-3a14435d elementor-section-boxed elementor-section-height-default elementor-section-height-default\" data-id=\"3a14435d\" data-element_type=\"section\" data-e-type=\"section\">\n\t\t\t\t\t\t<div class=\"elementor-container elementor-column-gap-default\">\n\t\t\t\t\t<div class=\"elementor-column elementor-col-100 elementor-top-column elementor-element elementor-element-6e365678\" data-id=\"6e365678\" data-element_type=\"column\" data-e-type=\"column\">\n\t\t\t<div class=\"elementor-widget-wrap elementor-element-populated\">\n\t\t\t\t\t\t<div class=\"elementor-element elementor-element-13b0c0ea elementor-widget elementor-widget-heading\" data-id=\"13b0c0ea\" data-element_type=\"widget\" data-e-type=\"widget\" data-widget_type=\"heading.default\">\n\t\t\t\t<div class=\"elementor-widget-container\">\n\t\t\t\t\t<h3 class=\"elementor-heading-title elementor-size-medium\">Magasin Christelle de portes de technologies avanc\u00e9es et mat\u00e9riaux dont acier haute r\u00e9sistance<\/h3>\t\t\t\t<\/div>\n\t\t\t\t<\/div>\n\t\t\t\t\t<\/div>\n\t\t<\/div>\n\t\t\t\t\t<\/div>\n\t\t<\/section>\n\t\t\t\t<section class=\"elementor-section elementor-top-section elementor-element elementor-element-6c4a84c4 elementor-section-boxed elementor-section-height-default elementor-section-height-default\" data-id=\"6c4a84c4\" data-element_type=\"section\" data-e-type=\"section\">\n\t\t\t\t\t\t<div class=\"elementor-container elementor-column-gap-default\">\n\t\t\t\t\t<div class=\"elementor-column elementor-col-100 elementor-top-column elementor-element elementor-element-30bba76e\" data-id=\"30bba76e\" data-element_type=\"column\" data-e-type=\"column\">\n\t\t\t<div class=\"elementor-widget-wrap elementor-element-populated\">\n\t\t\t\t\t\t<div class=\"elementor-element elementor-element-2d63f3a9 gallery-spacing-custom e-transform elementor-widget elementor-widget-image-gallery\" data-id=\"2d63f3a9\" data-element_type=\"widget\" data-e-type=\"widget\" data-settings=\"{&quot;_transform_translateY_effect&quot;:{&quot;unit&quot;:&quot;px&quot;,&quot;size&quot;:-12,&quot;sizes&quot;:[]},&quot;_transform_translateX_effect&quot;:{&quot;unit&quot;:&quot;px&quot;,&quot;size&quot;:&quot;&quot;,&quot;sizes&quot;:[]},&quot;_transform_translateX_effect_tablet&quot;:{&quot;unit&quot;:&quot;px&quot;,&quot;size&quot;:&quot;&quot;,&quot;sizes&quot;:[]},&quot;_transform_translateX_effect_mobile&quot;:{&quot;unit&quot;:&quot;px&quot;,&quot;size&quot;:&quot;&quot;,&quot;sizes&quot;:[]},&quot;_transform_translateY_effect_tablet&quot;:{&quot;unit&quot;:&quot;px&quot;,&quot;size&quot;:&quot;&quot;,&quot;sizes&quot;:[]},&quot;_transform_translateY_effect_mobile&quot;:{&quot;unit&quot;:&quot;px&quot;,&quot;size&quot;:&quot;&quot;,&quot;sizes&quot;:[]}}\" data-widget_type=\"image-gallery.default\">\n\t\t\t\t<div class=\"elementor-widget-container\">\n\t\t\t\t\t\t\t<div class=\"elementor-image-gallery\">\n\t\t\t<div id='gallery-6' class='gallery galleryid-5605 gallery-columns-5 gallery-size-estore-square'><figure class='gallery-item'>\n\t\t\t<div class='gallery-icon landscape'>\n\t\t\t\t<a data-elementor-open-lightbox=\"yes\" data-elementor-lightbox-slideshow=\"2d63f3a9\" data-elementor-lightbox-title=\"portes coulissantes en verre s\u00e9curit et acier haute qualit\u00e9\" data-e-action-hash=\"#elementor-action%3Aaction%3Dlightbox%26settings%3DeyJpZCI6NzI5OSwidXJsIjoiaHR0cHM6XC9cL3d3dy5kZWNvLXRyYXZhdXguZnJcL3Nhdm9pZVwvd3AtY29udGVudFwvdXBsb2Fkc1wvMjAyNFwvMDNcL3BvcnRlcy1jb3VsaXNzYW50ZXMtZW4tdmVycmUtc2VjdXJpdC1ldC1hY2llci1oYXV0ZS1xdWFsaXRlLmpwZyIsInNsaWRlc2hvdyI6IjJkNjNmM2E5In0%3D\" href='https:\/\/www.deco-travaux.fr\/savoie\/wp-content\/uploads\/2024\/03\/portes-coulissantes-en-verre-securit-et-acier-haute-qualite.jpg'><img loading=\"lazy\" decoding=\"async\" width=\"444\" height=\"444\" src=\"https:\/\/www.deco-travaux.fr\/savoie\/wp-content\/uploads\/2024\/03\/portes-coulissantes-en-verre-securit-et-acier-haute-qualite-444x444.jpg\" class=\"attachment-estore-square size-estore-square\" alt=\"portes coulissantes en verre s\u00e9curit et acier haute qualit\u00e9\" srcset=\"https:\/\/www.deco-travaux.fr\/savoie\/wp-content\/uploads\/2024\/03\/portes-coulissantes-en-verre-securit-et-acier-haute-qualite-444x444.jpg 444w, https:\/\/www.deco-travaux.fr\/savoie\/wp-content\/uploads\/2024\/03\/portes-coulissantes-en-verre-securit-et-acier-haute-qualite-240x240.jpg 240w, https:\/\/www.deco-travaux.fr\/savoie\/wp-content\/uploads\/2024\/03\/portes-coulissantes-en-verre-securit-et-acier-haute-qualite-150x150.jpg 150w, https:\/\/www.deco-travaux.fr\/savoie\/wp-content\/uploads\/2024\/03\/portes-coulissantes-en-verre-securit-et-acier-haute-qualite-75x75.jpg 75w, https:\/\/www.deco-travaux.fr\/savoie\/wp-content\/uploads\/2024\/03\/portes-coulissantes-en-verre-securit-et-acier-haute-qualite.jpg 517w\" sizes=\"(max-width: 444px) 100vw, 444px\" \/><\/a>\n\t\t\t<\/div><\/figure>\n\t\t<\/div>\n\t\t<\/div>\n\t\t\t\t\t\t<\/div>\n\t\t\t\t<\/div>\n\t\t\t\t\t<\/div>\n\t\t<\/div>\n\t\t\t\t\t<\/div>\n\t\t<\/section>\n\t\t\t\t<section class=\"elementor-section elementor-top-section elementor-element elementor-element-12d918c3 elementor-section-content-middle elementor-section-boxed elementor-section-height-default elementor-section-height-default\" data-id=\"12d918c3\" data-element_type=\"section\" data-e-type=\"section\">\n\t\t\t\t\t\t<div class=\"elementor-container elementor-column-gap-no\">\n\t\t\t\t\t<div class=\"elementor-column elementor-col-100 elementor-top-column elementor-element elementor-element-6c39de3a\" data-id=\"6c39de3a\" data-element_type=\"column\" data-e-type=\"column\">\n\t\t\t<div class=\"elementor-widget-wrap elementor-element-populated\">\n\t\t\t\t\t\t<div class=\"elementor-element elementor-element-79bf5784 elementor-widget elementor-widget-heading\" data-id=\"79bf5784\" data-element_type=\"widget\" data-e-type=\"widget\" data-widget_type=\"heading.default\">\n\t\t\t\t<div class=\"elementor-widget-container\">\n\t\t\t\t\t<h2 class=\"elementor-heading-title elementor-size-default\">Nouvelle collection de volets aluminium effet bois naturel ou c\u00e9rus\u00e9<\/h2>\t\t\t\t<\/div>\n\t\t\t\t<\/div>\n\t\t\t\t<div class=\"elementor-element elementor-element-62c5701 elementor-widget elementor-widget-heading\" data-id=\"62c5701\" data-element_type=\"widget\" data-e-type=\"widget\" data-widget_type=\"heading.default\">\n\t\t\t\t<div class=\"elementor-widget-container\">\n\t\t\t\t\t<h3 class=\"elementor-heading-title elementor-size-default\">Volets battants fabriqu\u00e9s en usine sur mesure, haute qualit\u00e9, classe r\u00e9sistance au vent 6<\/h3>\t\t\t\t<\/div>\n\t\t\t\t<\/div>\n\t\t\t\t<div class=\"elementor-element elementor-element-7815abdb elementor-widget elementor-widget-heading\" data-id=\"7815abdb\" data-element_type=\"widget\" data-e-type=\"widget\" data-widget_type=\"heading.default\">\n\t\t\t\t<div class=\"elementor-widget-container\">\n\t\t\t\t\t<h3 class=\"elementor-heading-title elementor-size-default\">Volet robuste \u00e0 Charni\u00e8res autolubrifiantes, avec ou sans persienne amovible ou fixe<\/h3>\t\t\t\t<\/div>\n\t\t\t\t<\/div>\n\t\t\t\t<div class=\"elementor-element elementor-element-50e79008 elementor-widget elementor-widget-heading\" data-id=\"50e79008\" data-element_type=\"widget\" data-e-type=\"widget\" data-widget_type=\"heading.default\">\n\t\t\t\t<div class=\"elementor-widget-container\">\n\t\t\t\t\t<h3 class=\"elementor-heading-title elementor-size-default\">Magasin Savoie volets battants ou roulants Haute Qualit\u00e9 nombreux coloris<\/h3>\t\t\t\t<\/div>\n\t\t\t\t<\/div>\n\t\t\t\t<div class=\"elementor-element elementor-element-67c111c4 gallery-spacing-custom e-transform elementor-widget elementor-widget-image-gallery\" data-id=\"67c111c4\" data-element_type=\"widget\" data-e-type=\"widget\" data-settings=\"{&quot;_transform_translateX_effect&quot;:{&quot;unit&quot;:&quot;px&quot;,&quot;size&quot;:&quot;&quot;,&quot;sizes&quot;:[]},&quot;_transform_translateX_effect_tablet&quot;:{&quot;unit&quot;:&quot;px&quot;,&quot;size&quot;:&quot;&quot;,&quot;sizes&quot;:[]},&quot;_transform_translateX_effect_mobile&quot;:{&quot;unit&quot;:&quot;px&quot;,&quot;size&quot;:&quot;&quot;,&quot;sizes&quot;:[]},&quot;_transform_translateY_effect&quot;:{&quot;unit&quot;:&quot;px&quot;,&quot;size&quot;:&quot;&quot;,&quot;sizes&quot;:[]},&quot;_transform_translateY_effect_tablet&quot;:{&quot;unit&quot;:&quot;px&quot;,&quot;size&quot;:&quot;&quot;,&quot;sizes&quot;:[]},&quot;_transform_translateY_effect_mobile&quot;:{&quot;unit&quot;:&quot;px&quot;,&quot;size&quot;:&quot;&quot;,&quot;sizes&quot;:[]}}\" data-widget_type=\"image-gallery.default\">\n\t\t\t\t<div class=\"elementor-widget-container\">\n\t\t\t\t\t\t\t<div class=\"elementor-image-gallery\">\n\t\t\t<div id='gallery-7' class='gallery galleryid-5605 gallery-columns-1 gallery-size-medium_large'><figure class='gallery-item'>\n\t\t\t<div class='gallery-icon landscape'>\n\t\t\t\t<a data-elementor-open-lightbox=\"yes\" data-elementor-lightbox-slideshow=\"67c111c4\" data-elementor-lightbox-title=\"volet aluminium effet bois \u00e0 battant ou persienne haute magasin Christelle Savoie\" data-e-action-hash=\"#elementor-action%3Aaction%3Dlightbox%26settings%3DeyJpZCI6ODQ4NSwidXJsIjoiaHR0cHM6XC9cL3d3dy5kZWNvLXRyYXZhdXguZnJcL3Nhdm9pZVwvd3AtY29udGVudFwvdXBsb2Fkc1wvMjAyNVwvMDVcL3ZvbGV0LWFsdW1pbml1bS1lZmZldC1ib2lzLWEtYmF0dGFudC1vdS1wZXJzaWVubmUtaGF1dGUtbWFnYXNpbi1DaHJpc3RlbGxlLVNhdm9pZS5qcGciLCJzbGlkZXNob3ciOiI2N2MxMTFjNCJ9\" href='https:\/\/www.deco-travaux.fr\/savoie\/wp-content\/uploads\/2025\/05\/volet-aluminium-effet-bois-a-battant-ou-persienne-haute-magasin-Christelle-Savoie.jpg'><img loading=\"lazy\" decoding=\"async\" width=\"600\" height=\"286\" src=\"https:\/\/www.deco-travaux.fr\/savoie\/wp-content\/uploads\/2025\/05\/volet-aluminium-effet-bois-a-battant-ou-persienne-haute-magasin-Christelle-Savoie.jpg\" class=\"attachment-medium_large size-medium_large\" alt=\"volet aluminium effet bois \u00e0 battant ou persienne haute magasin Christelle Savoie\" srcset=\"https:\/\/www.deco-travaux.fr\/savoie\/wp-content\/uploads\/2025\/05\/volet-aluminium-effet-bois-a-battant-ou-persienne-haute-magasin-Christelle-Savoie.jpg 600w, https:\/\/www.deco-travaux.fr\/savoie\/wp-content\/uploads\/2025\/05\/volet-aluminium-effet-bois-a-battant-ou-persienne-haute-magasin-Christelle-Savoie-300x143.jpg 300w\" sizes=\"(max-width: 600px) 100vw, 600px\" \/><\/a>\n\t\t\t<\/div><\/figure>\n\t\t<\/div>\n\t\t<\/div>\n\t\t\t\t\t\t<\/div>\n\t\t\t\t<\/div>\n\t\t\t\t\t<\/div>\n\t\t<\/div>\n\t\t\t\t\t<\/div>\n\t\t<\/section>\n\t\t\t\t<section class=\"elementor-section elementor-top-section elementor-element elementor-element-2221b55 elementor-section-content-middle elementor-section-boxed elementor-section-height-default elementor-section-height-default\" data-id=\"2221b55\" data-element_type=\"section\" data-e-type=\"section\">\n\t\t\t\t\t\t<div class=\"elementor-container elementor-column-gap-no\">\n\t\t\t\t\t<div class=\"elementor-column elementor-col-100 elementor-top-column elementor-element elementor-element-a8b6eba\" data-id=\"a8b6eba\" data-element_type=\"column\" data-e-type=\"column\">\n\t\t\t<div class=\"elementor-widget-wrap elementor-element-populated\">\n\t\t\t\t\t\t<div class=\"elementor-element elementor-element-0201fb1 elementor-widget elementor-widget-heading\" data-id=\"0201fb1\" data-element_type=\"widget\" data-e-type=\"widget\" data-widget_type=\"heading.default\">\n\t\t\t\t<div class=\"elementor-widget-container\">\n\t\t\t\t\t<h2 class=\"elementor-heading-title elementor-size-default\">Tout type de porte, fen\u00eatre et volet haute qualit\u00e9 prix bas et d\u00e9lai court<\/h2>\t\t\t\t<\/div>\n\t\t\t\t<\/div>\n\t\t\t\t<div class=\"elementor-element elementor-element-87e95a5 elementor-widget elementor-widget-heading\" data-id=\"87e95a5\" data-element_type=\"widget\" data-e-type=\"widget\" data-widget_type=\"heading.default\">\n\t\t\t\t<div class=\"elementor-widget-container\">\n\t\t\t\t\t<h3 class=\"elementor-heading-title elementor-size-default\">Isolation \u00e9lev\u00e9e dont rupture pont thermique, Warm edge suisse \u00e0 haute r\u00e9sistance<\/h3>\t\t\t\t<\/div>\n\t\t\t\t<\/div>\n\t\t\t\t<div class=\"elementor-element elementor-element-b3ee106 elementor-widget elementor-widget-heading\" data-id=\"b3ee106\" data-element_type=\"widget\" data-e-type=\"widget\" data-widget_type=\"heading.default\">\n\t\t\t\t<div class=\"elementor-widget-container\">\n\t\t\t\t\t<h3 class=\"elementor-heading-title elementor-size-default\">Menuiserie robuste sur mesure en double, triple ou quadruple vitrage<\/h3>\t\t\t\t<\/div>\n\t\t\t\t<\/div>\n\t\t\t\t<div class=\"elementor-element elementor-element-220f782 elementor-widget elementor-widget-heading\" data-id=\"220f782\" data-element_type=\"widget\" data-e-type=\"widget\" data-widget_type=\"heading.default\">\n\t\t\t\t<div class=\"elementor-widget-container\">\n\t\t\t\t\t<h3 class=\"elementor-heading-title elementor-size-default\">Magasin Christelle de fen\u00eatres et porte entre Aime et Bourg Saint Maurice le moins cher de Savoie <\/h3>\t\t\t\t<\/div>\n\t\t\t\t<\/div>\n\t\t\t\t<div class=\"elementor-element elementor-element-ad137a7 gallery-spacing-custom e-transform elementor-widget elementor-widget-image-gallery\" data-id=\"ad137a7\" data-element_type=\"widget\" data-e-type=\"widget\" data-settings=\"{&quot;_transform_translateX_effect&quot;:{&quot;unit&quot;:&quot;px&quot;,&quot;size&quot;:&quot;&quot;,&quot;sizes&quot;:[]},&quot;_transform_translateX_effect_tablet&quot;:{&quot;unit&quot;:&quot;px&quot;,&quot;size&quot;:&quot;&quot;,&quot;sizes&quot;:[]},&quot;_transform_translateX_effect_mobile&quot;:{&quot;unit&quot;:&quot;px&quot;,&quot;size&quot;:&quot;&quot;,&quot;sizes&quot;:[]},&quot;_transform_translateY_effect&quot;:{&quot;unit&quot;:&quot;px&quot;,&quot;size&quot;:&quot;&quot;,&quot;sizes&quot;:[]},&quot;_transform_translateY_effect_tablet&quot;:{&quot;unit&quot;:&quot;px&quot;,&quot;size&quot;:&quot;&quot;,&quot;sizes&quot;:[]},&quot;_transform_translateY_effect_mobile&quot;:{&quot;unit&quot;:&quot;px&quot;,&quot;size&quot;:&quot;&quot;,&quot;sizes&quot;:[]}}\" data-widget_type=\"image-gallery.default\">\n\t\t\t\t<div class=\"elementor-widget-container\">\n\t\t\t\t\t\t\t<div class=\"elementor-image-gallery\">\n\t\t\t<div id='gallery-8' class='gallery galleryid-5605 gallery-columns-1 gallery-size-medium_large'><figure class='gallery-item'>\n\t\t\t<div class='gallery-icon portrait'>\n\t\t\t\t<a data-elementor-open-lightbox=\"yes\" data-elementor-lightbox-slideshow=\"ad137a7\" data-elementor-lightbox-title=\"Magasin Christelle de fen\u00eatres et porte entre Aime et Bourg Saint Maurice le moins cher de Savoie\" data-e-action-hash=\"#elementor-action%3Aaction%3Dlightbox%26settings%3DeyJpZCI6ODUxNiwidXJsIjoiaHR0cHM6XC9cL3d3dy5kZWNvLXRyYXZhdXguZnJcL3Nhdm9pZVwvd3AtY29udGVudFwvdXBsb2Fkc1wvMjAyNVwvMDVcL01hZ2FzaW4tQ2hyaXN0ZWxsZS1kZS1mZW5ldHJlcy1ldC1wb3J0ZS1lbnRyZS1BaW1lLWV0LUJvdXJnLVNhaW50LU1hdXJpY2UtbGUtbW9pbnMtY2hlci1kZS1TYXZvaWUuanBnIiwic2xpZGVzaG93IjoiYWQxMzdhNyJ9\" href='https:\/\/www.deco-travaux.fr\/savoie\/wp-content\/uploads\/2025\/05\/Magasin-Christelle-de-fenetres-et-porte-entre-Aime-et-Bourg-Saint-Maurice-le-moins-cher-de-Savoie.jpg'><img loading=\"lazy\" decoding=\"async\" width=\"375\" height=\"600\" src=\"https:\/\/www.deco-travaux.fr\/savoie\/wp-content\/uploads\/2025\/05\/Magasin-Christelle-de-fenetres-et-porte-entre-Aime-et-Bourg-Saint-Maurice-le-moins-cher-de-Savoie.jpg\" class=\"attachment-medium_large size-medium_large\" alt=\"Magasin Christelle de fen\u00eatres et porte entre Aime et Bourg Saint Maurice le moins cher de Savoie\" srcset=\"https:\/\/www.deco-travaux.fr\/savoie\/wp-content\/uploads\/2025\/05\/Magasin-Christelle-de-fenetres-et-porte-entre-Aime-et-Bourg-Saint-Maurice-le-moins-cher-de-Savoie.jpg 375w, https:\/\/www.deco-travaux.fr\/savoie\/wp-content\/uploads\/2025\/05\/Magasin-Christelle-de-fenetres-et-porte-entre-Aime-et-Bourg-Saint-Maurice-le-moins-cher-de-Savoie-150x240.jpg 150w\" sizes=\"(max-width: 375px) 100vw, 375px\" \/><\/a>\n\t\t\t<\/div><\/figure>\n\t\t<\/div>\n\t\t<\/div>\n\t\t\t\t\t\t<\/div>\n\t\t\t\t<\/div>\n\t\t\t\t\t<\/div>\n\t\t<\/div>\n\t\t\t\t\t<\/div>\n\t\t<\/section>\n\t\t\t\t<\/div>\n\t\t","protected":false},"excerpt":{"rendered":"<p>Magasin de fen\u00eatres et portes entre Moutiers et Bourg Saint Maurice Magasin Christelle portes et fen\u00eatres \u00e9l\u00e9gantes haute qualit\u00e9 \u00e0 prix bas Porte d&rsquo;entr\u00e9e, porte de garage, fen\u00eatres et volets harmonis\u00e9s Magasin menuiserie Savoie haute qualit\u00e9 et \u00e9conomie d&rsquo;\u00e9nergie D\u00e9lais de livraison de fen\u00eatres et portes les plus courts de Savoie Magasin de portes et [&hellip;]<\/p>\n","protected":false},"author":2,"featured_media":0,"parent":0,"menu_order":0,"comment_status":"closed","ping_status":"closed","template":"elementor_header_footer","meta":{"_monsterinsights_skip_tracking":false,"_monsterinsights_sitenote_active":false,"_monsterinsights_sitenote_note":"","_monsterinsights_sitenote_category":0,"ngg_post_thumbnail":0,"footnotes":"","_links_to":"","_links_to_target":""},"class_list":["post-5605","page","type-page","status-publish","hentry"],"yoast_head":"<!-- This site is optimized with the Yoast SEO plugin v27.4 - https:\/\/yoast.com\/product\/yoast-seo-wordpress\/ -->\n<title>Magasin portes et fen\u00eatres bois, alu, acier ou PVC vall\u00e9e Moutiers<\/title>\n<meta name=\"description\" content=\"Magasin Christelle de fen\u00eatres bois, alu, acier ou PVC, porte d&#039;entr\u00e9e, porte de garage et porte int\u00e9rieure en vall\u00e9e de Moutiers, Aime La Plagne et Bourg St Maurice Les Arcs\" \/>\n<meta name=\"robots\" content=\"index, follow, max-snippet:-1, max-image-preview:large, max-video-preview:-1\" \/>\n<link rel=\"canonical\" href=\"https:\/\/www.deco-travaux.fr\/savoie\/portes-fenetres\/\" \/>\n<meta property=\"og:locale\" content=\"fr_FR\" \/>\n<meta property=\"og:type\" content=\"article\" \/>\n<meta property=\"og:title\" content=\"Magasin portes et fen\u00eatres bois, alu, acier ou PVC vall\u00e9e Moutiers\" \/>\n<meta property=\"og:description\" content=\"Magasin Christelle de fen\u00eatres bois, alu, acier ou PVC, porte d&#039;entr\u00e9e, porte de garage et porte int\u00e9rieure en vall\u00e9e de Moutiers, Aime La Plagne et Bourg St Maurice Les Arcs\" \/>\n<meta property=\"og:url\" content=\"https:\/\/www.deco-travaux.fr\/savoie\/portes-fenetres\/\" \/>\n<meta property=\"og:site_name\" content=\"Magasin Christelle carrelage, cuisines, salle de bain, menuiserie\" \/>\n<meta property=\"article:publisher\" content=\"https:\/\/www.facebook.com\/chrisdecotravaux\/\" \/>\n<meta property=\"article:modified_time\" content=\"2026-04-03T08:56:12+00:00\" \/>\n<meta property=\"og:image\" content=\"https:\/\/www.deco-travaux.fr\/savoie\/wp-content\/uploads\/2025\/05\/Magasin-menuiserie-Savoie-portes-et-fenetres-nombreux-coloris-et-finitions-alu-bois-acier-bois-ou-pvc-380x250.jpg\" \/>\n<meta name=\"twitter:label1\" content=\"Dur\u00e9e de lecture estim\u00e9e\" \/>\n\t<meta name=\"twitter:data1\" content=\"7 minutes\" \/>\n<script type=\"application\/ld+json\" class=\"yoast-schema-graph\">{\"@context\":\"https:\\\/\\\/schema.org\",\"@graph\":[{\"@type\":\"WebPage\",\"@id\":\"https:\\\/\\\/www.deco-travaux.fr\\\/savoie\\\/portes-fenetres\\\/\",\"url\":\"https:\\\/\\\/www.deco-travaux.fr\\\/savoie\\\/portes-fenetres\\\/\",\"name\":\"Magasin portes et fen\u00eatres bois, alu, acier ou PVC vall\u00e9e Moutiers\",\"isPartOf\":{\"@id\":\"https:\\\/\\\/www.deco-travaux.fr\\\/savoie\\\/#website\"},\"primaryImageOfPage\":{\"@id\":\"https:\\\/\\\/www.deco-travaux.fr\\\/savoie\\\/portes-fenetres\\\/#primaryimage\"},\"image\":{\"@id\":\"https:\\\/\\\/www.deco-travaux.fr\\\/savoie\\\/portes-fenetres\\\/#primaryimage\"},\"thumbnailUrl\":\"https:\\\/\\\/www.deco-travaux.fr\\\/savoie\\\/wp-content\\\/uploads\\\/2025\\\/05\\\/Magasin-menuiserie-Savoie-portes-et-fenetres-nombreux-coloris-et-finitions-alu-bois-acier-bois-ou-pvc-380x250.jpg\",\"datePublished\":\"2023-11-29T15:52:51+00:00\",\"dateModified\":\"2026-04-03T08:56:12+00:00\",\"description\":\"Magasin Christelle de fen\u00eatres bois, alu, acier ou PVC, porte d'entr\u00e9e, porte de garage et porte int\u00e9rieure en vall\u00e9e de Moutiers, Aime La Plagne et Bourg St Maurice Les Arcs\",\"breadcrumb\":{\"@id\":\"https:\\\/\\\/www.deco-travaux.fr\\\/savoie\\\/portes-fenetres\\\/#breadcrumb\"},\"inLanguage\":\"fr-FR\",\"potentialAction\":[{\"@type\":\"ReadAction\",\"target\":[\"https:\\\/\\\/www.deco-travaux.fr\\\/savoie\\\/portes-fenetres\\\/\"]}]},{\"@type\":\"ImageObject\",\"inLanguage\":\"fr-FR\",\"@id\":\"https:\\\/\\\/www.deco-travaux.fr\\\/savoie\\\/portes-fenetres\\\/#primaryimage\",\"url\":\"https:\\\/\\\/www.deco-travaux.fr\\\/savoie\\\/wp-content\\\/uploads\\\/2025\\\/05\\\/Magasin-menuiserie-Savoie-portes-et-fenetres-nombreux-coloris-et-finitions-alu-bois-acier-bois-ou-pvc.jpg\",\"contentUrl\":\"https:\\\/\\\/www.deco-travaux.fr\\\/savoie\\\/wp-content\\\/uploads\\\/2025\\\/05\\\/Magasin-menuiserie-Savoie-portes-et-fenetres-nombreux-coloris-et-finitions-alu-bois-acier-bois-ou-pvc.jpg\",\"width\":700,\"height\":420,\"caption\":\"Magasin menuiserie Savoie portes et fen\u00eatres nombreux coloris et finitions alu bois acier bois ou pvc\"},{\"@type\":\"BreadcrumbList\",\"@id\":\"https:\\\/\\\/www.deco-travaux.fr\\\/savoie\\\/portes-fenetres\\\/#breadcrumb\",\"itemListElement\":[{\"@type\":\"ListItem\",\"position\":1,\"name\":\"Accueil\",\"item\":\"https:\\\/\\\/www.deco-travaux.fr\\\/savoie\\\/\"},{\"@type\":\"ListItem\",\"position\":2,\"name\":\"Portes fen\u00eatres\"}]},{\"@type\":\"WebSite\",\"@id\":\"https:\\\/\\\/www.deco-travaux.fr\\\/savoie\\\/#website\",\"url\":\"https:\\\/\\\/www.deco-travaux.fr\\\/savoie\\\/\",\"name\":\"Magasin Christelle carrelage, cuisines, salle de bain, menuiserie\",\"description\":\"Magasin expo de produits exceptionnels \u00e0 prix bas \u00e0 5 minutes de Bourg Saint Maurice et Aime La Plagne Tarentaise en Savoie 73\",\"potentialAction\":[{\"@type\":\"SearchAction\",\"target\":{\"@type\":\"EntryPoint\",\"urlTemplate\":\"https:\\\/\\\/www.deco-travaux.fr\\\/savoie\\\/?s={search_term_string}\"},\"query-input\":{\"@type\":\"PropertyValueSpecification\",\"valueRequired\":true,\"valueName\":\"search_term_string\"}}],\"inLanguage\":\"fr-FR\"}]}<\/script>\n<!-- \/ Yoast SEO plugin. -->","yoast_head_json":{"title":"Magasin portes et fen\u00eatres bois, alu, acier ou PVC vall\u00e9e Moutiers","description":"Magasin Christelle de fen\u00eatres bois, alu, acier ou PVC, porte d'entr\u00e9e, porte de garage et porte int\u00e9rieure en vall\u00e9e de Moutiers, Aime La Plagne et Bourg St Maurice Les Arcs","robots":{"index":"index","follow":"follow","max-snippet":"max-snippet:-1","max-image-preview":"max-image-preview:large","max-video-preview":"max-video-preview:-1"},"canonical":"https:\/\/www.deco-travaux.fr\/savoie\/portes-fenetres\/","og_locale":"fr_FR","og_type":"article","og_title":"Magasin portes et fen\u00eatres bois, alu, acier ou PVC vall\u00e9e Moutiers","og_description":"Magasin Christelle de fen\u00eatres bois, alu, acier ou PVC, porte d'entr\u00e9e, porte de garage et porte int\u00e9rieure en vall\u00e9e de Moutiers, Aime La Plagne et Bourg St Maurice Les Arcs","og_url":"https:\/\/www.deco-travaux.fr\/savoie\/portes-fenetres\/","og_site_name":"Magasin Christelle carrelage, cuisines, salle de bain, menuiserie","article_publisher":"https:\/\/www.facebook.com\/chrisdecotravaux\/","article_modified_time":"2026-04-03T08:56:12+00:00","og_image":[{"url":"https:\/\/www.deco-travaux.fr\/savoie\/wp-content\/uploads\/2025\/05\/Magasin-menuiserie-Savoie-portes-et-fenetres-nombreux-coloris-et-finitions-alu-bois-acier-bois-ou-pvc-380x250.jpg","type":"","width":"","height":""}],"twitter_misc":{"Dur\u00e9e de lecture estim\u00e9e":"7 minutes"},"schema":{"@context":"https:\/\/schema.org","@graph":[{"@type":"WebPage","@id":"https:\/\/www.deco-travaux.fr\/savoie\/portes-fenetres\/","url":"https:\/\/www.deco-travaux.fr\/savoie\/portes-fenetres\/","name":"Magasin portes et fen\u00eatres bois, alu, acier ou PVC vall\u00e9e Moutiers","isPartOf":{"@id":"https:\/\/www.deco-travaux.fr\/savoie\/#website"},"primaryImageOfPage":{"@id":"https:\/\/www.deco-travaux.fr\/savoie\/portes-fenetres\/#primaryimage"},"image":{"@id":"https:\/\/www.deco-travaux.fr\/savoie\/portes-fenetres\/#primaryimage"},"thumbnailUrl":"https:\/\/www.deco-travaux.fr\/savoie\/wp-content\/uploads\/2025\/05\/Magasin-menuiserie-Savoie-portes-et-fenetres-nombreux-coloris-et-finitions-alu-bois-acier-bois-ou-pvc-380x250.jpg","datePublished":"2023-11-29T15:52:51+00:00","dateModified":"2026-04-03T08:56:12+00:00","description":"Magasin Christelle de fen\u00eatres bois, alu, acier ou PVC, porte d'entr\u00e9e, porte de garage et porte int\u00e9rieure en vall\u00e9e de Moutiers, Aime La Plagne et Bourg St Maurice Les Arcs","breadcrumb":{"@id":"https:\/\/www.deco-travaux.fr\/savoie\/portes-fenetres\/#breadcrumb"},"inLanguage":"fr-FR","potentialAction":[{"@type":"ReadAction","target":["https:\/\/www.deco-travaux.fr\/savoie\/portes-fenetres\/"]}]},{"@type":"ImageObject","inLanguage":"fr-FR","@id":"https:\/\/www.deco-travaux.fr\/savoie\/portes-fenetres\/#primaryimage","url":"https:\/\/www.deco-travaux.fr\/savoie\/wp-content\/uploads\/2025\/05\/Magasin-menuiserie-Savoie-portes-et-fenetres-nombreux-coloris-et-finitions-alu-bois-acier-bois-ou-pvc.jpg","contentUrl":"https:\/\/www.deco-travaux.fr\/savoie\/wp-content\/uploads\/2025\/05\/Magasin-menuiserie-Savoie-portes-et-fenetres-nombreux-coloris-et-finitions-alu-bois-acier-bois-ou-pvc.jpg","width":700,"height":420,"caption":"Magasin menuiserie Savoie portes et fen\u00eatres nombreux coloris et finitions alu bois acier bois ou pvc"},{"@type":"BreadcrumbList","@id":"https:\/\/www.deco-travaux.fr\/savoie\/portes-fenetres\/#breadcrumb","itemListElement":[{"@type":"ListItem","position":1,"name":"Accueil","item":"https:\/\/www.deco-travaux.fr\/savoie\/"},{"@type":"ListItem","position":2,"name":"Portes fen\u00eatres"}]},{"@type":"WebSite","@id":"https:\/\/www.deco-travaux.fr\/savoie\/#website","url":"https:\/\/www.deco-travaux.fr\/savoie\/","name":"Magasin Christelle carrelage, cuisines, salle de bain, menuiserie","description":"Magasin expo de produits exceptionnels \u00e0 prix bas \u00e0 5 minutes de Bourg Saint Maurice et Aime La Plagne Tarentaise en Savoie 73","potentialAction":[{"@type":"SearchAction","target":{"@type":"EntryPoint","urlTemplate":"https:\/\/www.deco-travaux.fr\/savoie\/?s={search_term_string}"},"query-input":{"@type":"PropertyValueSpecification","valueRequired":true,"valueName":"search_term_string"}}],"inLanguage":"fr-FR"}]}},"_links":{"self":[{"href":"https:\/\/www.deco-travaux.fr\/savoie\/wp-json\/wp\/v2\/pages\/5605","targetHints":{"allow":["GET"]}}],"collection":[{"href":"https:\/\/www.deco-travaux.fr\/savoie\/wp-json\/wp\/v2\/pages"}],"about":[{"href":"https:\/\/www.deco-travaux.fr\/savoie\/wp-json\/wp\/v2\/types\/page"}],"author":[{"embeddable":true,"href":"https:\/\/www.deco-travaux.fr\/savoie\/wp-json\/wp\/v2\/users\/2"}],"replies":[{"embeddable":true,"href":"https:\/\/www.deco-travaux.fr\/savoie\/wp-json\/wp\/v2\/comments?post=5605"}],"version-history":[{"count":531,"href":"https:\/\/www.deco-travaux.fr\/savoie\/wp-json\/wp\/v2\/pages\/5605\/revisions"}],"predecessor-version":[{"id":9190,"href":"https:\/\/www.deco-travaux.fr\/savoie\/wp-json\/wp\/v2\/pages\/5605\/revisions\/9190"}],"wp:attachment":[{"href":"https:\/\/www.deco-travaux.fr\/savoie\/wp-json\/wp\/v2\/media?parent=5605"}],"curies":[{"name":"wp","href":"https:\/\/api.w.org\/{rel}","templated":true}]}}