{"id":5345,"date":"2023-11-17T16:29:18","date_gmt":"2023-11-17T15:29:18","guid":{"rendered":"https:\/\/www.deco-travaux.fr\/savoie\/?page_id=5345"},"modified":"2025-10-24T15:56:30","modified_gmt":"2025-10-24T14:56:30","slug":"magasin-carrelage","status":"publish","type":"page","link":"https:\/\/www.deco-travaux.fr\/savoie\/magasin-carrelage\/","title":{"rendered":"carrelage"},"content":{"rendered":"\t\t<div data-elementor-type=\"wp-page\" data-elementor-id=\"5345\" class=\"elementor elementor-5345\">\n\t\t\t\t\t\t<section class=\"elementor-section elementor-top-section elementor-element elementor-element-18eacddc elementor-section-boxed elementor-section-height-default elementor-section-height-default\" data-id=\"18eacddc\" data-element_type=\"section\" data-e-type=\"section\">\n\t\t\t\t\t\t<div class=\"elementor-container elementor-column-gap-default\">\n\t\t\t\t\t<div class=\"elementor-column elementor-col-100 elementor-top-column elementor-element elementor-element-d2e3189\" data-id=\"d2e3189\" data-element_type=\"column\" data-e-type=\"column\">\n\t\t\t<div class=\"elementor-widget-wrap elementor-element-populated\">\n\t\t\t\t\t\t<div class=\"elementor-element elementor-element-262446e2 elementor-widget elementor-widget-heading\" data-id=\"262446e2\" data-element_type=\"widget\" data-e-type=\"widget\" data-widget_type=\"heading.default\">\n\t\t\t\t<div class=\"elementor-widget-container\">\n\t\t\t\t\t<h1 class=\"elementor-heading-title elementor-size-medium\">Magasin carrelage haute qualit\u00e9 vall\u00e9e Moutiers Bourg Saint Maurice<\/h1>\t\t\t\t<\/div>\n\t\t\t\t<\/div>\n\t\t\t\t\t<\/div>\n\t\t<\/div>\n\t\t\t\t\t<\/div>\n\t\t<\/section>\n\t\t\t\t<section class=\"elementor-section elementor-top-section elementor-element elementor-element-326945b8 elementor-section-boxed elementor-section-height-default elementor-section-height-default\" data-id=\"326945b8\" data-element_type=\"section\" data-e-type=\"section\">\n\t\t\t\t\t\t<div class=\"elementor-container elementor-column-gap-default\">\n\t\t\t\t\t<div class=\"elementor-column elementor-col-50 elementor-top-column elementor-element elementor-element-62af7b37\" data-id=\"62af7b37\" data-element_type=\"column\" data-e-type=\"column\">\n\t\t\t<div class=\"elementor-widget-wrap elementor-element-populated\">\n\t\t\t\t\t\t<div class=\"elementor-element elementor-element-5c4a4e9 elementor-widget elementor-widget-heading\" data-id=\"5c4a4e9\" data-element_type=\"widget\" data-e-type=\"widget\" data-widget_type=\"heading.default\">\n\t\t\t\t<div class=\"elementor-widget-container\">\n\t\t\t\t\t<h2 class=\"elementor-heading-title elementor-size-default\">Magasin plus grand choix de carrelage de Bourg Saint Maurice \u00e0 Albertville<\/h2>\t\t\t\t<\/div>\n\t\t\t\t<\/div>\n\t\t\t\t<div class=\"elementor-element elementor-element-0ba23d8 elementor-widget elementor-widget-heading\" data-id=\"0ba23d8\" data-element_type=\"widget\" data-e-type=\"widget\" data-widget_type=\"heading.default\">\n\t\t\t\t<div class=\"elementor-widget-container\">\n\t\t\t\t\t<h3 class=\"elementor-heading-title elementor-size-default\">Magasin d'exposition carrelage Bourg Saint Maurice Aime Moutiers<\/h3>\t\t\t\t<\/div>\n\t\t\t\t<\/div>\n\t\t\t\t<div class=\"elementor-element elementor-element-6ef31bf elementor-widget elementor-widget-text-editor\" data-id=\"6ef31bf\" data-element_type=\"widget\" data-e-type=\"widget\" data-widget_type=\"text-editor.default\">\n\t\t\t\t<div class=\"elementor-widget-container\">\n\t\t\t\t\t\t\t\t\t<p style=\"text-align: center;\"><span style=\"font-size: 14pt;\">Un magasin de carrelage et c\u00e9ramique modernes uniques en Savoie sur 500 m2 d&rsquo;exposition \u00e0 Landry entre Moutiers et Bourg Saint Maurice. Tr\u00e8s belles collections de gr\u00e8s c\u00e9rame de 1er choix et de carreaux c\u00e9ramiques exceptionnels du petit au tr\u00e8s grand format pour sol, mur, cr\u00e9dence, plan de travail et meuble cuisine ou salle de bains.<\/span><\/p>\t\t\t\t\t\t\t\t<\/div>\n\t\t\t\t<\/div>\n\t\t\t\t\t<\/div>\n\t\t<\/div>\n\t\t\t\t<div class=\"elementor-column elementor-col-50 elementor-top-column elementor-element elementor-element-8fca553\" data-id=\"8fca553\" data-element_type=\"column\" data-e-type=\"column\">\n\t\t\t<div class=\"elementor-widget-wrap elementor-element-populated\">\n\t\t\t\t\t\t<div class=\"elementor-element elementor-element-80a8564 elementor-widget elementor-widget-image\" data-id=\"80a8564\" data-element_type=\"widget\" data-e-type=\"widget\" data-widget_type=\"image.default\">\n\t\t\t\t<div class=\"elementor-widget-container\">\n\t\t\t\t\t\t\t\t\t\t\t\t\t\t\t<img fetchpriority=\"high\" decoding=\"async\" width=\"380\" height=\"250\" src=\"https:\/\/www.deco-travaux.fr\/savoie\/wp-content\/uploads\/2024\/02\/Magasin-carrelage-rouge-et-gris-avec-plan-vasque-ceramique-assorti-380x250.jpg\" class=\"attachment-estore-featured-image size-estore-featured-image wp-image-6920\" alt=\"Magasin carrelage moutiers bourg-saint-maurice carrelage rouge ou gris et plan vasque c\u00e9ramique assorti\" \/>\t\t\t\t\t\t\t\t\t\t\t\t\t\t\t<\/div>\n\t\t\t\t<\/div>\n\t\t\t\t\t<\/div>\n\t\t<\/div>\n\t\t\t\t\t<\/div>\n\t\t<\/section>\n\t\t\t\t<section class=\"elementor-section elementor-top-section elementor-element elementor-element-15a077b elementor-section-content-middle elementor-section-boxed elementor-section-height-default elementor-section-height-default\" data-id=\"15a077b\" data-element_type=\"section\" data-e-type=\"section\">\n\t\t\t\t\t\t<div class=\"elementor-container elementor-column-gap-no\">\n\t\t\t\t\t<div class=\"elementor-column elementor-col-100 elementor-top-column elementor-element elementor-element-b14c724\" data-id=\"b14c724\" data-element_type=\"column\" data-e-type=\"column\">\n\t\t\t<div class=\"elementor-widget-wrap elementor-element-populated\">\n\t\t\t\t\t\t<div class=\"elementor-element elementor-element-fb11bcb elementor-widget elementor-widget-heading\" data-id=\"fb11bcb\" data-element_type=\"widget\" data-e-type=\"widget\" data-widget_type=\"heading.default\">\n\t\t\t\t<div class=\"elementor-widget-container\">\n\t\t\t\t\t<h2 class=\"elementor-heading-title elementor-size-default\">Magasin carrelage vall\u00e9e Moutiers \u00e0 Tignes Val d'Is\u00e8re prix bas<\/h2>\t\t\t\t<\/div>\n\t\t\t\t<\/div>\n\t\t\t\t<div class=\"elementor-element elementor-element-ffdaf56 elementor-widget elementor-widget-heading\" data-id=\"ffdaf56\" data-element_type=\"widget\" data-e-type=\"widget\" data-widget_type=\"heading.default\">\n\t\t\t\t<div class=\"elementor-widget-container\">\n\t\t\t\t\t<h3 class=\"elementor-heading-title elementor-size-default\">Carrelage \u00e9pais gr\u00e8s c\u00e9rame de haute qualit\u00e9 1er choix effet rouille nuanc\u00e9<\/h3>\t\t\t\t<\/div>\n\t\t\t\t<\/div>\n\t\t\t\t<div class=\"elementor-element elementor-element-348c342 elementor-widget elementor-widget-heading\" data-id=\"348c342\" data-element_type=\"widget\" data-e-type=\"widget\" data-widget_type=\"heading.default\">\n\t\t\t\t<div class=\"elementor-widget-container\">\n\t\t\t\t\t<h3 class=\"elementor-heading-title elementor-size-default\">Nouvelle collection de carrelage en 60*120 cm pour sol et mur mat satin<\/h3>\t\t\t\t<\/div>\n\t\t\t\t<\/div>\n\t\t\t\t<div class=\"elementor-element elementor-element-8dbc431 elementor-widget elementor-widget-heading\" data-id=\"8dbc431\" data-element_type=\"widget\" data-e-type=\"widget\" data-widget_type=\"heading.default\">\n\t\t\t\t<div class=\"elementor-widget-container\">\n\t\t\t\t\t<h3 class=\"elementor-heading-title elementor-size-default\">Carrelage solide teint dans la masse effet corten vert, bleu, beige, gris, blanc nuanc\u00e9 rouille<\/h3>\t\t\t\t<\/div>\n\t\t\t\t<\/div>\n\t\t\t\t\t<\/div>\n\t\t<\/div>\n\t\t\t\t\t<\/div>\n\t\t<\/section>\n\t\t\t\t<section class=\"elementor-section elementor-top-section elementor-element elementor-element-4f92b31 elementor-section-content-middle elementor-section-boxed elementor-section-height-default elementor-section-height-default\" data-id=\"4f92b31\" data-element_type=\"section\" data-e-type=\"section\">\n\t\t\t\t\t\t<div class=\"elementor-container elementor-column-gap-no\">\n\t\t\t\t\t<div class=\"elementor-column elementor-col-100 elementor-top-column elementor-element elementor-element-3321e75\" data-id=\"3321e75\" data-element_type=\"column\" data-e-type=\"column\">\n\t\t\t<div class=\"elementor-widget-wrap elementor-element-populated\">\n\t\t\t\t\t\t<div class=\"elementor-element elementor-element-1a224ec elementor-widget elementor-widget-heading\" data-id=\"1a224ec\" data-element_type=\"widget\" data-e-type=\"widget\" data-widget_type=\"heading.default\">\n\t\t\t\t<div class=\"elementor-widget-container\">\n\t\t\t\t\t<h2 class=\"elementor-heading-title elementor-size-default\">Carrelage grands formats pour une ambiance magnifique sans joint \u00e0 nettoyer<\/h2>\t\t\t\t<\/div>\n\t\t\t\t<\/div>\n\t\t\t\t<div class=\"elementor-element elementor-element-6ac7888 elementor-widget elementor-widget-heading\" data-id=\"6ac7888\" data-element_type=\"widget\" data-e-type=\"widget\" data-widget_type=\"heading.default\">\n\t\t\t\t<div class=\"elementor-widget-container\">\n\t\t\t\t\t<h3 class=\"elementor-heading-title elementor-size-default\">Carrelage \u00e0 d\u00e9cors splendides en dimension standard ou sur mesure de gr\u00e8s c\u00e9rame haute qualit\u00e9<\/h3>\t\t\t\t<\/div>\n\t\t\t\t<\/div>\n\t\t\t\t<div class=\"elementor-element elementor-element-c410cb6 gallery-spacing-custom e-transform elementor-widget elementor-widget-image-gallery\" data-id=\"c410cb6\" data-element_type=\"widget\" data-e-type=\"widget\" data-settings=\"{&quot;_transform_translateX_effect&quot;:{&quot;unit&quot;:&quot;px&quot;,&quot;size&quot;:&quot;&quot;,&quot;sizes&quot;:[]},&quot;_transform_translateX_effect_tablet&quot;:{&quot;unit&quot;:&quot;px&quot;,&quot;size&quot;:&quot;&quot;,&quot;sizes&quot;:[]},&quot;_transform_translateX_effect_mobile&quot;:{&quot;unit&quot;:&quot;px&quot;,&quot;size&quot;:&quot;&quot;,&quot;sizes&quot;:[]},&quot;_transform_translateY_effect&quot;:{&quot;unit&quot;:&quot;px&quot;,&quot;size&quot;:&quot;&quot;,&quot;sizes&quot;:[]},&quot;_transform_translateY_effect_tablet&quot;:{&quot;unit&quot;:&quot;px&quot;,&quot;size&quot;:&quot;&quot;,&quot;sizes&quot;:[]},&quot;_transform_translateY_effect_mobile&quot;:{&quot;unit&quot;:&quot;px&quot;,&quot;size&quot;:&quot;&quot;,&quot;sizes&quot;:[]}}\" data-widget_type=\"image-gallery.default\">\n\t\t\t\t<div class=\"elementor-widget-container\">\n\t\t\t\t\t\t\t<div class=\"elementor-image-gallery\">\n\t\t\t<div id='gallery-1' class='gallery galleryid-5345 gallery-columns-4 gallery-size-estore-medium-image'><figure class='gallery-item'>\n\t\t\t<div class='gallery-icon landscape'>\n\t\t\t\t<a data-elementor-open-lightbox=\"yes\" data-elementor-lightbox-slideshow=\"c410cb6\" data-elementor-lightbox-title=\"carrelage de 60 120 cm effet m\u00e9tal mat pour sol et murs, gr\u00e8s c\u00e9rame 1er choix vert rouille\" data-e-action-hash=\"#elementor-action%3Aaction%3Dlightbox%26settings%3DeyJpZCI6ODgyMSwidXJsIjoiaHR0cHM6XC9cL3d3dy5kZWNvLXRyYXZhdXguZnJcL3Nhdm9pZVwvd3AtY29udGVudFwvdXBsb2Fkc1wvMjAyNVwvMDhcL2NhcnJlbGFnZS1kZS02MC0xMjAtY20tZWZmZXQtbWV0YWwtbWF0LXBvdXItc29sLWV0LW11cnMtZ3Jlcy1jZXJhbWUtMWVyLWNob2l4LXZlcnQtcm91aWxsZS5qcGciLCJzbGlkZXNob3ciOiJjNDEwY2I2In0%3D\" href='https:\/\/www.deco-travaux.fr\/savoie\/wp-content\/uploads\/2025\/08\/carrelage-de-60-120-cm-effet-metal-mat-pour-sol-et-murs-gres-cerame-1er-choix-vert-rouille.jpg'><img decoding=\"async\" width=\"250\" height=\"180\" src=\"https:\/\/www.deco-travaux.fr\/savoie\/wp-content\/uploads\/2025\/08\/carrelage-de-60-120-cm-effet-metal-mat-pour-sol-et-murs-gres-cerame-1er-choix-vert-rouille-250x180.jpg\" class=\"attachment-estore-medium-image size-estore-medium-image\" alt=\"carrelage de 60 120 cm effet m\u00e9tal mat pour sol et murs, gr\u00e8s c\u00e9rame 1er choix vert rouille\" \/><\/a>\n\t\t\t<\/div><\/figure><figure class='gallery-item'>\n\t\t\t<div class='gallery-icon landscape'>\n\t\t\t\t<a data-elementor-open-lightbox=\"yes\" data-elementor-lightbox-slideshow=\"c410cb6\" data-elementor-lightbox-title=\"carrelage sol de 60 120 cm beige nuanc\u00e9 rouille mat pour sol et murs effet m\u00e9tal\" data-e-action-hash=\"#elementor-action%3Aaction%3Dlightbox%26settings%3DeyJpZCI6ODgyNSwidXJsIjoiaHR0cHM6XC9cL3d3dy5kZWNvLXRyYXZhdXguZnJcL3Nhdm9pZVwvd3AtY29udGVudFwvdXBsb2Fkc1wvMjAyNVwvMDhcL2NhcnJlbGFnZS1zb2wtZGUtNjAtMTIwLWNtLWJlaWdlLW51YW5jZS1yb3VpbGxlLW1hdC1wb3VyLXNvbC1ldC1tdXJzLWVmZmV0LW1ldGFsLXJvdWlsbGUuanBnIiwic2xpZGVzaG93IjoiYzQxMGNiNiJ9\" href='https:\/\/www.deco-travaux.fr\/savoie\/wp-content\/uploads\/2025\/08\/carrelage-sol-de-60-120-cm-beige-nuance-rouille-mat-pour-sol-et-murs-effet-metal-rouille.jpg'><img decoding=\"async\" width=\"250\" height=\"180\" src=\"https:\/\/www.deco-travaux.fr\/savoie\/wp-content\/uploads\/2025\/08\/carrelage-sol-de-60-120-cm-beige-nuance-rouille-mat-pour-sol-et-murs-effet-metal-rouille-250x180.jpg\" class=\"attachment-estore-medium-image size-estore-medium-image\" alt=\"carrelage sol de 60 120 cm beige nuanc\u00e9 rouille mat pour sol et murs effet m\u00e9tal\" \/><\/a>\n\t\t\t<\/div><\/figure><figure class='gallery-item'>\n\t\t\t<div class='gallery-icon portrait'>\n\t\t\t\t<a data-elementor-open-lightbox=\"yes\" data-elementor-lightbox-slideshow=\"c410cb6\" data-elementor-lightbox-title=\"carrelage pour sol ou mur nuanc\u00e9 rouille corten m\u00e9talis\u00e9\" data-e-action-hash=\"#elementor-action%3Aaction%3Dlightbox%26settings%3DeyJpZCI6ODgzNCwidXJsIjoiaHR0cHM6XC9cL3d3dy5kZWNvLXRyYXZhdXguZnJcL3Nhdm9pZVwvd3AtY29udGVudFwvdXBsb2Fkc1wvMjAyNVwvMDhcL01hZ2FzaW4tY2FycmVsYWdlLUNocmlzdGVsbGUtQm91cmctU2FpbnQtTWF1cmljZS1wb3VyLXNvbC1vdS1tdXItbnVhbmNlLXJvdWlsbGUtY29ydGVuLW1ldGFsaXNlLmpwZWciLCJzbGlkZXNob3ciOiJjNDEwY2I2In0%3D\" href='https:\/\/www.deco-travaux.fr\/savoie\/wp-content\/uploads\/2025\/08\/Magasin-carrelage-Christelle-Bourg-Saint-Maurice-pour-sol-ou-mur-nuance-rouille-corten-metalise.jpeg'><img loading=\"lazy\" decoding=\"async\" width=\"250\" height=\"180\" src=\"https:\/\/www.deco-travaux.fr\/savoie\/wp-content\/uploads\/2025\/08\/Magasin-carrelage-Christelle-Bourg-Saint-Maurice-pour-sol-ou-mur-nuance-rouille-corten-metalise-250x180.jpeg\" class=\"attachment-estore-medium-image size-estore-medium-image\" alt=\"Magasin carrelage Christelle Bourg Saint Maurice pour sol ou mur nuanc\u00e9 rouille corten m\u00e9tallis\u00e9\" srcset=\"https:\/\/www.deco-travaux.fr\/savoie\/wp-content\/uploads\/2025\/08\/Magasin-carrelage-Christelle-Bourg-Saint-Maurice-pour-sol-ou-mur-nuance-rouille-corten-metalise-250x180.jpeg 250w, https:\/\/www.deco-travaux.fr\/savoie\/wp-content\/uploads\/2025\/08\/Magasin-carrelage-Christelle-Bourg-Saint-Maurice-pour-sol-ou-mur-nuance-rouille-corten-metalise-345x250.jpeg 345w\" sizes=\"(max-width: 250px) 100vw, 250px\" \/><\/a>\n\t\t\t<\/div><\/figure><figure class='gallery-item'>\n\t\t\t<div class='gallery-icon portrait'>\n\t\t\t\t<a data-elementor-open-lightbox=\"yes\" data-elementor-lightbox-slideshow=\"c410cb6\" data-elementor-lightbox-title=\"carrelage ou faience bleu nuanc\u00e9 rouille corten effet m\u00e9tal\" data-e-action-hash=\"#elementor-action%3Aaction%3Dlightbox%26settings%3DeyJpZCI6ODg0MSwidXJsIjoiaHR0cHM6XC9cL3d3dy5kZWNvLXRyYXZhdXguZnJcL3Nhdm9pZVwvd3AtY29udGVudFwvdXBsb2Fkc1wvMjAyNVwvMDhcL01hZ2FzaW4tY2FycmVsYWdlLU1vdXRpZXJzLXBvdXItc29sLW91LW11ci1ibGV1LW51YW5jZS1yb3VpbGxlLWNvcnRlbi1lZmZldC1tZXRhbC5qcGciLCJzbGlkZXNob3ciOiJjNDEwY2I2In0%3D\" href='https:\/\/www.deco-travaux.fr\/savoie\/wp-content\/uploads\/2025\/08\/Magasin-carrelage-Moutiers-pour-sol-ou-mur-bleu-nuance-rouille-corten-effet-metal.jpg'><img loading=\"lazy\" decoding=\"async\" width=\"250\" height=\"180\" src=\"https:\/\/www.deco-travaux.fr\/savoie\/wp-content\/uploads\/2025\/08\/Magasin-carrelage-Moutiers-pour-sol-ou-mur-bleu-nuance-rouille-corten-effet-metal-250x180.jpg\" class=\"attachment-estore-medium-image size-estore-medium-image\" alt=\"Magasin carrelage Moutiers pour sol ou mur bleu nuanc\u00e9 rouille corten effet m\u00e9tal\" \/><\/a>\n\t\t\t<\/div><\/figure>\n\t\t<\/div>\n\t\t<\/div>\n\t\t\t\t\t\t<\/div>\n\t\t\t\t<\/div>\n\t\t\t\t<div class=\"elementor-element elementor-element-15ca96c elementor-widget elementor-widget-heading\" data-id=\"15ca96c\" data-element_type=\"widget\" data-e-type=\"widget\" data-widget_type=\"heading.default\">\n\t\t\t\t<div class=\"elementor-widget-container\">\n\t\t\t\t\t<h3 class=\"elementor-heading-title elementor-size-default\">Showroom La Plagne de tr\u00e8s beaux carreaux c\u00e9ramiques grands formats : 1.20*2.40 m ou 1.20*1.20 m ou 0.75*1.50 m\u00e8tre.<\/h3>\t\t\t\t<\/div>\n\t\t\t\t<\/div>\n\t\t\t\t<div class=\"elementor-element elementor-element-8a359de elementor-widget elementor-widget-heading\" data-id=\"8a359de\" data-element_type=\"widget\" data-e-type=\"widget\" data-widget_type=\"heading.default\">\n\t\t\t\t<div class=\"elementor-widget-container\">\n\t\t\t\t\t<h3 class=\"elementor-heading-title elementor-size-default\">C\u00e9ramique et carrelage de haute qualit\u00e9 en finition mat, satin, velour ou brillant<\/h3>\t\t\t\t<\/div>\n\t\t\t\t<\/div>\n\t\t\t\t<div class=\"elementor-element elementor-element-f9b1dcc elementor-widget elementor-widget-heading\" data-id=\"f9b1dcc\" data-element_type=\"widget\" data-e-type=\"widget\" data-widget_type=\"heading.default\">\n\t\t\t\t<div class=\"elementor-widget-container\">\n\t\t\t\t\t<h3 class=\"elementor-heading-title elementor-size-default\">Style moderne ou traditionnel type pierre, marbre, b\u00e9ton, d\u00e9cors modernes ou bois<\/h3>\t\t\t\t<\/div>\n\t\t\t\t<\/div>\n\t\t\t\t<div class=\"elementor-element elementor-element-8f75d1f gallery-spacing-custom e-transform elementor-widget elementor-widget-image-gallery\" data-id=\"8f75d1f\" data-element_type=\"widget\" data-e-type=\"widget\" data-settings=\"{&quot;_transform_translateX_effect&quot;:{&quot;unit&quot;:&quot;px&quot;,&quot;size&quot;:&quot;&quot;,&quot;sizes&quot;:[]},&quot;_transform_translateX_effect_tablet&quot;:{&quot;unit&quot;:&quot;px&quot;,&quot;size&quot;:&quot;&quot;,&quot;sizes&quot;:[]},&quot;_transform_translateX_effect_mobile&quot;:{&quot;unit&quot;:&quot;px&quot;,&quot;size&quot;:&quot;&quot;,&quot;sizes&quot;:[]},&quot;_transform_translateY_effect&quot;:{&quot;unit&quot;:&quot;px&quot;,&quot;size&quot;:&quot;&quot;,&quot;sizes&quot;:[]},&quot;_transform_translateY_effect_tablet&quot;:{&quot;unit&quot;:&quot;px&quot;,&quot;size&quot;:&quot;&quot;,&quot;sizes&quot;:[]},&quot;_transform_translateY_effect_mobile&quot;:{&quot;unit&quot;:&quot;px&quot;,&quot;size&quot;:&quot;&quot;,&quot;sizes&quot;:[]}}\" data-widget_type=\"image-gallery.default\">\n\t\t\t\t<div class=\"elementor-widget-container\">\n\t\t\t\t\t\t\t<div class=\"elementor-image-gallery\">\n\t\t\t<div id='gallery-2' class='gallery galleryid-5345 gallery-columns-4 gallery-size-estore-square'><figure class='gallery-item'>\n\t\t\t<div class='gallery-icon landscape'>\n\t\t\t\t<a data-elementor-open-lightbox=\"yes\" data-elementor-lightbox-slideshow=\"8f75d1f\" data-elementor-lightbox-title=\"carrelage en 120 par 120 cm marbre bleu vert brillant\" data-e-action-hash=\"#elementor-action%3Aaction%3Dlightbox%26settings%3DeyJpZCI6NTgxMywidXJsIjoiaHR0cHM6XC9cL3d3dy5kZWNvLXRyYXZhdXguZnJcL3Nhdm9pZVwvd3AtY29udGVudFwvdXBsb2Fkc1wvMjAyNFwvMDFcL2NhcnJlbGFnZS1lbi0xMjAtcGFyLTEyMC1jbS1tYXJicmUtYmxldS12ZXJ0LW1hZ2FzaW4tQ2hyaXN0ZWxsZS1TYXZvaWUuanBnIiwic2xpZGVzaG93IjoiOGY3NWQxZiJ9\" href='https:\/\/www.deco-travaux.fr\/savoie\/wp-content\/uploads\/2024\/01\/carrelage-en-120-par-120-cm-marbre-bleu-vert-magasin-Christelle-Savoie.jpg'><img loading=\"lazy\" decoding=\"async\" width=\"444\" height=\"444\" src=\"https:\/\/www.deco-travaux.fr\/savoie\/wp-content\/uploads\/2024\/01\/carrelage-en-120-par-120-cm-marbre-bleu-vert-magasin-Christelle-Savoie-444x444.jpg\" class=\"attachment-estore-square size-estore-square\" alt=\"carrelage en 120 par 120 cm marbre bleu vert magasin Christelle Savoie\" srcset=\"https:\/\/www.deco-travaux.fr\/savoie\/wp-content\/uploads\/2024\/01\/carrelage-en-120-par-120-cm-marbre-bleu-vert-magasin-Christelle-Savoie-444x444.jpg 444w, https:\/\/www.deco-travaux.fr\/savoie\/wp-content\/uploads\/2024\/01\/carrelage-en-120-par-120-cm-marbre-bleu-vert-magasin-Christelle-Savoie-150x150.jpg 150w, https:\/\/www.deco-travaux.fr\/savoie\/wp-content\/uploads\/2024\/01\/carrelage-en-120-par-120-cm-marbre-bleu-vert-magasin-Christelle-Savoie-75x75.jpg 75w\" sizes=\"(max-width: 444px) 100vw, 444px\" \/><\/a>\n\t\t\t<\/div><\/figure><figure class='gallery-item'>\n\t\t\t<div class='gallery-icon portrait'>\n\t\t\t\t<a data-elementor-open-lightbox=\"yes\" data-elementor-lightbox-slideshow=\"8f75d1f\" data-elementor-lightbox-title=\"carrelage c\u00e9ramique en 1.20 par 2.40 m marbre noir veinage blanc et gris vein\u00e9 blanc beige marron\" data-e-action-hash=\"#elementor-action%3Aaction%3Dlightbox%26settings%3DeyJpZCI6NTgxNCwidXJsIjoiaHR0cHM6XC9cL3d3dy5kZWNvLXRyYXZhdXguZnJcL3Nhdm9pZVwvd3AtY29udGVudFwvdXBsb2Fkc1wvMjAyNFwvMDFcL2NhcnJlbGFnZS1jZXJhbWlxdWUtZW4tMS4yMC1wYXItMi40MC1tLW1hcmJyZS1ub2lyLXZlaW5hZ2UtYmxhbmMtZXQtZ3Jpcy12ZWluZS1ibGFuYy1iZWlnZS1tYXJyb24uanBnIiwic2xpZGVzaG93IjoiOGY3NWQxZiJ9\" href='https:\/\/www.deco-travaux.fr\/savoie\/wp-content\/uploads\/2024\/01\/carrelage-ceramique-en-1.20-par-2.40-m-marbre-noir-veinage-blanc-et-gris-veine-blanc-beige-marron.jpg'><img loading=\"lazy\" decoding=\"async\" width=\"444\" height=\"444\" src=\"https:\/\/www.deco-travaux.fr\/savoie\/wp-content\/uploads\/2024\/01\/carrelage-ceramique-en-1.20-par-2.40-m-marbre-noir-veinage-blanc-et-gris-veine-blanc-beige-marron-444x444.jpg\" class=\"attachment-estore-square size-estore-square\" alt=\"carrelage c\u00e9ramique en 1.20 par 2.40 m marbre noir veinage blanc et gris vein\u00e9 blanc beige marron\" srcset=\"https:\/\/www.deco-travaux.fr\/savoie\/wp-content\/uploads\/2024\/01\/carrelage-ceramique-en-1.20-par-2.40-m-marbre-noir-veinage-blanc-et-gris-veine-blanc-beige-marron-444x444.jpg 444w, https:\/\/www.deco-travaux.fr\/savoie\/wp-content\/uploads\/2024\/01\/carrelage-ceramique-en-1.20-par-2.40-m-marbre-noir-veinage-blanc-et-gris-veine-blanc-beige-marron-150x150.jpg 150w, https:\/\/www.deco-travaux.fr\/savoie\/wp-content\/uploads\/2024\/01\/carrelage-ceramique-en-1.20-par-2.40-m-marbre-noir-veinage-blanc-et-gris-veine-blanc-beige-marron-75x75.jpg 75w\" sizes=\"(max-width: 444px) 100vw, 444px\" \/><\/a>\n\t\t\t<\/div><\/figure><figure class='gallery-item'>\n\t\t\t<div class='gallery-icon landscape'>\n\t\t\t\t<a data-elementor-open-lightbox=\"yes\" data-elementor-lightbox-slideshow=\"8f75d1f\" data-elementor-lightbox-title=\"carrelage gr\u00e8s c\u00e9rame marbre blanc brillant ou mat avec veinage gris dont design sim\u00e9trique en 1.20 par 1.20 m ou 60 par 120 cm ou 1.20 par 2.40 m\" data-e-action-hash=\"#elementor-action%3Aaction%3Dlightbox%26settings%3DeyJpZCI6NTgxNSwidXJsIjoiaHR0cHM6XC9cL3d3dy5kZWNvLXRyYXZhdXguZnJcL3Nhdm9pZVwvd3AtY29udGVudFwvdXBsb2Fkc1wvMjAyNFwvMDFcL2NhcnJlbGFnZS1ncmVzLWNlcmFtZS1tYXJicmUtYmxhbmMtYnJpbGxhbnQtb3UtbWF0LWF2ZWMtdmVpbmFnZS1ncmlzLWRvbnQtZGVzaWduLXNpbWV0cmlxdWUtZW4tMS4yMC1wYXItMS4yMC1tLW91LTYwLXBhci0xMjAtY20tb3UtMS4yMC1wYXItMi40MC1tLmpwZyIsInNsaWRlc2hvdyI6IjhmNzVkMWYifQ%3D%3D\" href='https:\/\/www.deco-travaux.fr\/savoie\/wp-content\/uploads\/2024\/01\/carrelage-gres-cerame-marbre-blanc-brillant-ou-mat-avec-veinage-gris-dont-design-simetrique-en-1.20-par-1.20-m-ou-60-par-120-cm-ou-1.20-par-2.40-m.jpg'><img loading=\"lazy\" decoding=\"async\" width=\"444\" height=\"375\" src=\"https:\/\/www.deco-travaux.fr\/savoie\/wp-content\/uploads\/2024\/01\/carrelage-gres-cerame-marbre-blanc-brillant-ou-mat-avec-veinage-gris-dont-design-simetrique-en-1.20-par-1.20-m-ou-60-par-120-cm-ou-1.20-par-2.40-m-444x375.jpg\" class=\"attachment-estore-square size-estore-square\" alt=\"carrelage gr\u00e8s c\u00e9rame marbre blanc brillant ou mat avec veinage gris dont design sim\u00e9trique en 1.20 par 1.20 m ou 60 par 120 cm ou 1.20 par 2.40 m\" \/><\/a>\n\t\t\t<\/div><\/figure><figure class='gallery-item'>\n\t\t\t<div class='gallery-icon portrait'>\n\t\t\t\t<a data-elementor-open-lightbox=\"yes\" data-elementor-lightbox-slideshow=\"8f75d1f\" data-elementor-lightbox-title=\"carrelage en 1.20 par 1.20 m vert marbr\u00e9 gris avec veines cristal\" data-e-action-hash=\"#elementor-action%3Aaction%3Dlightbox%26settings%3DeyJpZCI6NTgxNywidXJsIjoiaHR0cHM6XC9cL3d3dy5kZWNvLXRyYXZhdXguZnJcL3Nhdm9pZVwvd3AtY29udGVudFwvdXBsb2Fkc1wvMjAyNFwvMDFcL2NhcnJlbGFnZS1lbi0xLjIwLXBhci0xLjIwLW0tdmVydC1tYXJicmUtZ3Jpcy1hdmVjLXZlaW5lcy1jcmlzdGFsLWJhbGFuYy1kZWNvLXRyYXZhdXguanBnIiwic2xpZGVzaG93IjoiOGY3NWQxZiJ9\" href='https:\/\/www.deco-travaux.fr\/savoie\/wp-content\/uploads\/2024\/01\/carrelage-en-1.20-par-1.20-m-vert-marbre-gris-avec-veines-cristal-balanc-deco-travaux.jpg'><img loading=\"lazy\" decoding=\"async\" width=\"444\" height=\"444\" src=\"https:\/\/www.deco-travaux.fr\/savoie\/wp-content\/uploads\/2024\/01\/carrelage-en-1.20-par-1.20-m-vert-marbre-gris-avec-veines-cristal-balanc-deco-travaux-444x444.jpg\" class=\"attachment-estore-square size-estore-square\" alt=\"carrelage en 1.20 par 1.20 m vert marbr\u00e9 gris avec veines cristal blanc deco-travaux\" srcset=\"https:\/\/www.deco-travaux.fr\/savoie\/wp-content\/uploads\/2024\/01\/carrelage-en-1.20-par-1.20-m-vert-marbre-gris-avec-veines-cristal-balanc-deco-travaux-444x444.jpg 444w, https:\/\/www.deco-travaux.fr\/savoie\/wp-content\/uploads\/2024\/01\/carrelage-en-1.20-par-1.20-m-vert-marbre-gris-avec-veines-cristal-balanc-deco-travaux-150x150.jpg 150w, https:\/\/www.deco-travaux.fr\/savoie\/wp-content\/uploads\/2024\/01\/carrelage-en-1.20-par-1.20-m-vert-marbre-gris-avec-veines-cristal-balanc-deco-travaux-75x75.jpg 75w\" sizes=\"(max-width: 444px) 100vw, 444px\" \/><\/a>\n\t\t\t<\/div><\/figure>\n\t\t<\/div>\n\t\t<\/div>\n\t\t\t\t\t\t<\/div>\n\t\t\t\t<\/div>\n\t\t\t\t\t<\/div>\n\t\t<\/div>\n\t\t\t\t\t<\/div>\n\t\t<\/section>\n\t\t\t\t<section class=\"elementor-section elementor-top-section elementor-element elementor-element-4e931fed elementor-section-content-middle elementor-section-boxed elementor-section-height-default elementor-section-height-default\" data-id=\"4e931fed\" data-element_type=\"section\" data-e-type=\"section\">\n\t\t\t\t\t\t<div class=\"elementor-container elementor-column-gap-no\">\n\t\t\t\t\t<div class=\"elementor-column elementor-col-100 elementor-top-column elementor-element elementor-element-361d93fd\" data-id=\"361d93fd\" data-element_type=\"column\" data-e-type=\"column\">\n\t\t\t<div class=\"elementor-widget-wrap elementor-element-populated\">\n\t\t\t\t\t\t<div class=\"elementor-element elementor-element-5645c0d1 elementor-widget elementor-widget-heading\" data-id=\"5645c0d1\" data-element_type=\"widget\" data-e-type=\"widget\" data-widget_type=\"heading.default\">\n\t\t\t\t<div class=\"elementor-widget-container\">\n\t\t\t\t\t<h2 class=\"elementor-heading-title elementor-size-default\">Carrelage grande dimension standard ou c\u00e9ramique design fibr\u00e9e sur mesure<\/h2>\t\t\t\t<\/div>\n\t\t\t\t<\/div>\n\t\t\t\t<div class=\"elementor-element elementor-element-61f5e65c elementor-widget elementor-widget-heading\" data-id=\"61f5e65c\" data-element_type=\"widget\" data-e-type=\"widget\" data-widget_type=\"heading.default\">\n\t\t\t\t<div class=\"elementor-widget-container\">\n\t\t\t\t\t<h3 class=\"elementor-heading-title elementor-size-default\">Magasin Savoie carrelage c\u00e9ramique avec d\u00e9cor unique pour d\u00e9coration et ambiance int\u00e9rieure d'exception<\/h3>\t\t\t\t<\/div>\n\t\t\t\t<\/div>\n\t\t\t\t<div class=\"elementor-element elementor-element-6486438d elementor-widget elementor-widget-heading\" data-id=\"6486438d\" data-element_type=\"widget\" data-e-type=\"widget\" data-widget_type=\"heading.default\">\n\t\t\t\t<div class=\"elementor-widget-container\">\n\t\t\t\t\t<h3 class=\"elementor-heading-title elementor-size-default\">Possibilit\u00e9 de cr\u00e9er vos d\u00e9cors et d\u00e9coupes directement en usine pour des cr\u00e9ations uniques en coloris et formes vari\u00e9s type losange, triangle ou autre<\/h3>\t\t\t\t<\/div>\n\t\t\t\t<\/div>\n\t\t\t\t<div class=\"elementor-element elementor-element-374ff8d elementor-widget elementor-widget-heading\" data-id=\"374ff8d\" data-element_type=\"widget\" data-e-type=\"widget\" data-widget_type=\"heading.default\">\n\t\t\t\t<div class=\"elementor-widget-container\">\n\t\t\t\t\t<h3 class=\"elementor-heading-title elementor-size-default\">Les carreaux gr\u00e8s c\u00e9rame de grand format en 100*100 cm ou 100*300 cm jusqu'\u00e0 160*320 cm sont fibr\u00e9s r\u00e9sistants et d'\u00e9paisseur r\u00e9duite<\/h3>\t\t\t\t<\/div>\n\t\t\t\t<\/div>\n\t\t\t\t<div class=\"elementor-element elementor-element-4816748f gallery-spacing-custom e-transform elementor-widget elementor-widget-image-gallery\" data-id=\"4816748f\" data-element_type=\"widget\" data-e-type=\"widget\" data-settings=\"{&quot;_transform_translateX_effect&quot;:{&quot;unit&quot;:&quot;px&quot;,&quot;size&quot;:&quot;&quot;,&quot;sizes&quot;:[]},&quot;_transform_translateX_effect_tablet&quot;:{&quot;unit&quot;:&quot;px&quot;,&quot;size&quot;:&quot;&quot;,&quot;sizes&quot;:[]},&quot;_transform_translateX_effect_mobile&quot;:{&quot;unit&quot;:&quot;px&quot;,&quot;size&quot;:&quot;&quot;,&quot;sizes&quot;:[]},&quot;_transform_translateY_effect&quot;:{&quot;unit&quot;:&quot;px&quot;,&quot;size&quot;:&quot;&quot;,&quot;sizes&quot;:[]},&quot;_transform_translateY_effect_tablet&quot;:{&quot;unit&quot;:&quot;px&quot;,&quot;size&quot;:&quot;&quot;,&quot;sizes&quot;:[]},&quot;_transform_translateY_effect_mobile&quot;:{&quot;unit&quot;:&quot;px&quot;,&quot;size&quot;:&quot;&quot;,&quot;sizes&quot;:[]}}\" data-widget_type=\"image-gallery.default\">\n\t\t\t\t<div class=\"elementor-widget-container\">\n\t\t\t\t\t\t\t<div class=\"elementor-image-gallery\">\n\t\t\t<div id='gallery-3' class='gallery galleryid-5345 gallery-columns-4 gallery-size-medium'><figure class='gallery-item'>\n\t\t\t<div class='gallery-icon landscape'>\n\t\t\t\t<a data-elementor-open-lightbox=\"yes\" data-elementor-lightbox-slideshow=\"4816748f\" data-elementor-lightbox-title=\"Magasin-Christelle-magnifique-carrelage-haute-qualite-sol-mur-cuisine-a-5-min-d-Aime-Bourg-Saint-Maucrice\" data-e-action-hash=\"#elementor-action%3Aaction%3Dlightbox%26settings%3DeyJpZCI6Njg4NCwidXJsIjoiaHR0cHM6XC9cL3d3dy5kZWNvLXRyYXZhdXguZnJcL3Nhdm9pZVwvd3AtY29udGVudFwvdXBsb2Fkc1wvMjAyNFwvMDJcL01hZ2FzaW4tQ2hyaXN0ZWxsZS1tYWduaWZpcXVlLWNhcnJlbGFnZS1oYXV0ZS1xdWFsaXRlLXNvbC1tdXItY3Vpc2luZS1ldC1zYWxsZS1kZS1iYWluLWEtNS1taW4tZC1BaW1lLUJvdXJnLVNhaW50LU1hdWNyaWNlLmpwZyIsInNsaWRlc2hvdyI6IjQ4MTY3NDhmIn0%3D\" href='https:\/\/www.deco-travaux.fr\/savoie\/wp-content\/uploads\/2024\/02\/Magasin-Christelle-magnifique-carrelage-haute-qualite-sol-mur-cuisine-et-salle-de-bain-a-5-min-d-Aime-Bourg-Saint-Maucrice.jpg'><img loading=\"lazy\" decoding=\"async\" width=\"288\" height=\"240\" src=\"https:\/\/www.deco-travaux.fr\/savoie\/wp-content\/uploads\/2024\/02\/Magasin-Christelle-magnifique-carrelage-haute-qualite-sol-mur-cuisine-et-salle-de-bain-a-5-min-d-Aime-Bourg-Saint-Maucrice-288x240.jpg\" class=\"attachment-medium size-medium\" alt=\"Magasin-Christelle-magnifique-carrelage-haute-qualite-sol-mur-cuisine-et-salle-de-bain-a-5-min-d-Aime-Bourg-Saint-Maucrice\" srcset=\"https:\/\/www.deco-travaux.fr\/savoie\/wp-content\/uploads\/2024\/02\/Magasin-Christelle-magnifique-carrelage-haute-qualite-sol-mur-cuisine-et-salle-de-bain-a-5-min-d-Aime-Bourg-Saint-Maucrice-288x240.jpg 288w, https:\/\/www.deco-travaux.fr\/savoie\/wp-content\/uploads\/2024\/02\/Magasin-Christelle-magnifique-carrelage-haute-qualite-sol-mur-cuisine-et-salle-de-bain-a-5-min-d-Aime-Bourg-Saint-Maucrice.jpg 600w\" sizes=\"(max-width: 288px) 100vw, 288px\" \/><\/a>\n\t\t\t<\/div><\/figure><figure class='gallery-item'>\n\t\t\t<div class='gallery-icon landscape'>\n\t\t\t\t<a data-elementor-open-lightbox=\"yes\" data-elementor-lightbox-slideshow=\"4816748f\" data-elementor-lightbox-title=\"carrelage c\u00e9ramique fibr\u00e9 graphittis couleur moderne \u00e9paisseur r\u00e9duite grand format de 1 par 3 m\" data-e-action-hash=\"#elementor-action%3Aaction%3Dlightbox%26settings%3DeyJpZCI6NjkwNSwidXJsIjoiaHR0cHM6XC9cL3d3dy5kZWNvLXRyYXZhdXguZnJcL3Nhdm9pZVwvd3AtY29udGVudFwvdXBsb2Fkc1wvMjAyNFwvMDJcL2NhcnJlbGFnZS1jZXJhbWlxdWUtZmlicmUtZ3JhcGhpdHRpcy1jb3VsZXVyLW1vZGVybmUtZXBhaXNzZXVyLXJlZHVpdGUtZ3JhbmQtZm9ybWF0LWRlLTEtcGFyLTMtbS5qcGciLCJzbGlkZXNob3ciOiI0ODE2NzQ4ZiJ9\" href='https:\/\/www.deco-travaux.fr\/savoie\/wp-content\/uploads\/2024\/02\/carrelage-ceramique-fibre-graphittis-couleur-moderne-epaisseur-reduite-grand-format-de-1-par-3-m.jpg'><img loading=\"lazy\" decoding=\"async\" width=\"300\" height=\"240\" src=\"https:\/\/www.deco-travaux.fr\/savoie\/wp-content\/uploads\/2024\/02\/carrelage-ceramique-fibre-graphittis-couleur-moderne-epaisseur-reduite-grand-format-de-1-par-3-m-300x240.jpg\" class=\"attachment-medium size-medium\" alt=\"magasin carrelage c\u00e9ramique fibr\u00e9 graphittis couleur moderne \u00e9paisseur r\u00e9duite grand format de 1 par 3 m\" srcset=\"https:\/\/www.deco-travaux.fr\/savoie\/wp-content\/uploads\/2024\/02\/carrelage-ceramique-fibre-graphittis-couleur-moderne-epaisseur-reduite-grand-format-de-1-par-3-m-300x240.jpg 300w, https:\/\/www.deco-travaux.fr\/savoie\/wp-content\/uploads\/2024\/02\/carrelage-ceramique-fibre-graphittis-couleur-moderne-epaisseur-reduite-grand-format-de-1-par-3-m.jpg 500w\" sizes=\"(max-width: 300px) 100vw, 300px\" \/><\/a>\n\t\t\t<\/div><\/figure><figure class='gallery-item'>\n\t\t\t<div class='gallery-icon landscape'>\n\t\t\t\t<a data-elementor-open-lightbox=\"yes\" data-elementor-lightbox-slideshow=\"4816748f\" data-elementor-lightbox-title=\"carrelage mural de grande dimension plaque solide fibr\u00e9e color\u00e9 rose noir marron gris beige\" data-e-action-hash=\"#elementor-action%3Aaction%3Dlightbox%26settings%3DeyJpZCI6NjkxMiwidXJsIjoiaHR0cHM6XC9cL3d3dy5kZWNvLXRyYXZhdXguZnJcL3Nhdm9pZVwvd3AtY29udGVudFwvdXBsb2Fkc1wvMjAyNFwvMDJcL2NhcnJlbGFnZS1tdXJhbC1kZS1ncmFuZGUtZGltZW5zaW9uLXBsYXF1ZS1zb2xpZGUtZmlicmVlLWNvbG9yZS1yb3NlLW5vaXItbWFycm9uLWdyaXMtYmVpZ2UuanBnIiwic2xpZGVzaG93IjoiNDgxNjc0OGYifQ%3D%3D\" href='https:\/\/www.deco-travaux.fr\/savoie\/wp-content\/uploads\/2024\/02\/carrelage-mural-de-grande-dimension-plaque-solide-fibree-colore-rose-noir-marron-gris-beige.jpg'><img loading=\"lazy\" decoding=\"async\" width=\"288\" height=\"240\" src=\"https:\/\/www.deco-travaux.fr\/savoie\/wp-content\/uploads\/2024\/02\/carrelage-mural-de-grande-dimension-plaque-solide-fibree-colore-rose-noir-marron-gris-beige-288x240.jpg\" class=\"attachment-medium size-medium\" alt=\"carrelage mural de grande dimension plaque solide fibr\u00e9e color\u00e9 rose noir marron gris beige\" srcset=\"https:\/\/www.deco-travaux.fr\/savoie\/wp-content\/uploads\/2024\/02\/carrelage-mural-de-grande-dimension-plaque-solide-fibree-colore-rose-noir-marron-gris-beige-288x240.jpg 288w, https:\/\/www.deco-travaux.fr\/savoie\/wp-content\/uploads\/2024\/02\/carrelage-mural-de-grande-dimension-plaque-solide-fibree-colore-rose-noir-marron-gris-beige.jpg 500w\" sizes=\"(max-width: 288px) 100vw, 288px\" \/><\/a>\n\t\t\t<\/div><\/figure><figure class='gallery-item'>\n\t\t\t<div class='gallery-icon landscape'>\n\t\t\t\t<a data-elementor-open-lightbox=\"yes\" data-elementor-lightbox-slideshow=\"4816748f\" data-elementor-lightbox-title=\"grand carrelage mural dessin nature pour une ambiance chaleureuse unique 1 \u00e0 3 m\u00e8tres\" data-e-action-hash=\"#elementor-action%3Aaction%3Dlightbox%26settings%3DeyJpZCI6NjkxNiwidXJsIjoiaHR0cHM6XC9cL3d3dy5kZWNvLXRyYXZhdXguZnJcL3Nhdm9pZVwvd3AtY29udGVudFwvdXBsb2Fkc1wvMjAyNFwvMDJcL2dyYW5kLWNhcnJlbGFnZS1tdXJhbC1kZXNzaW4tbmF0dXJlLXBvdXItdW5lLWFtYmlhbmNlLWNoYWxldXJldXNlLXVuaXF1ZS0xLWEtMy1tZXRyZXMuanBnIiwic2xpZGVzaG93IjoiNDgxNjc0OGYifQ%3D%3D\" href='https:\/\/www.deco-travaux.fr\/savoie\/wp-content\/uploads\/2024\/02\/grand-carrelage-mural-dessin-nature-pour-une-ambiance-chaleureuse-unique-1-a-3-metres.jpg'><img loading=\"lazy\" decoding=\"async\" width=\"267\" height=\"240\" src=\"https:\/\/www.deco-travaux.fr\/savoie\/wp-content\/uploads\/2024\/02\/grand-carrelage-mural-dessin-nature-pour-une-ambiance-chaleureuse-unique-1-a-3-metres-267x240.jpg\" class=\"attachment-medium size-medium\" alt=\"magasin Moutiers grand carrelage mural dessin nature pour une ambiance chaleureuse unique 1 \u00e0 3 m\u00e8tres\" srcset=\"https:\/\/www.deco-travaux.fr\/savoie\/wp-content\/uploads\/2024\/02\/grand-carrelage-mural-dessin-nature-pour-une-ambiance-chaleureuse-unique-1-a-3-metres-267x240.jpg 267w, https:\/\/www.deco-travaux.fr\/savoie\/wp-content\/uploads\/2024\/02\/grand-carrelage-mural-dessin-nature-pour-une-ambiance-chaleureuse-unique-1-a-3-metres.jpg 500w\" sizes=\"(max-width: 267px) 100vw, 267px\" \/><\/a>\n\t\t\t<\/div><\/figure>\n\t\t<\/div>\n\t\t<\/div>\n\t\t\t\t\t\t<\/div>\n\t\t\t\t<\/div>\n\t\t\t\t\t<\/div>\n\t\t<\/div>\n\t\t\t\t\t<\/div>\n\t\t<\/section>\n\t\t\t\t<section class=\"elementor-section elementor-top-section elementor-element elementor-element-661612a elementor-section-content-middle elementor-section-boxed elementor-section-height-default elementor-section-height-default\" data-id=\"661612a\" data-element_type=\"section\" data-e-type=\"section\">\n\t\t\t\t\t\t<div class=\"elementor-container elementor-column-gap-no\">\n\t\t\t\t\t<div class=\"elementor-column elementor-col-100 elementor-top-column elementor-element elementor-element-af20367\" data-id=\"af20367\" data-element_type=\"column\" data-e-type=\"column\">\n\t\t\t<div class=\"elementor-widget-wrap elementor-element-populated\">\n\t\t\t\t\t\t<div class=\"elementor-element elementor-element-b0c0e4f elementor-widget elementor-widget-heading\" data-id=\"b0c0e4f\" data-element_type=\"widget\" data-e-type=\"widget\" data-widget_type=\"heading.default\">\n\t\t\t\t<div class=\"elementor-widget-container\">\n\t\t\t\t\t<h2 class=\"elementor-heading-title elementor-size-default\">Carrelage effet bois en lames type bois ch\u00eane ou sapin mat ou satin<\/h2>\t\t\t\t<\/div>\n\t\t\t\t<\/div>\n\t\t\t\t<div class=\"elementor-element elementor-element-feb349c elementor-widget elementor-widget-heading\" data-id=\"feb349c\" data-element_type=\"widget\" data-e-type=\"widget\" data-widget_type=\"heading.default\">\n\t\t\t\t<div class=\"elementor-widget-container\">\n\t\t\t\t\t<h3 class=\"elementor-heading-title elementor-size-default\">Magasin Christelle Carrelage effet bois exceptionnel type parquet, mosa\u00efque ou chevrons<\/h3>\t\t\t\t<\/div>\n\t\t\t\t<\/div>\n\t\t\t\t<div class=\"elementor-element elementor-element-2d06dec elementor-widget elementor-widget-heading\" data-id=\"2d06dec\" data-element_type=\"widget\" data-e-type=\"widget\" data-widget_type=\"heading.default\">\n\t\t\t\t<div class=\"elementor-widget-container\">\n\t\t\t\t\t<h3 class=\"elementor-heading-title elementor-size-default\">Grande collection de carrelage imitation bois magnifique en lames de longueur 0.90, 1.20, 1.50 m\u00e8tre et plus<\/h3>\t\t\t\t<\/div>\n\t\t\t\t<\/div>\n\t\t\t\t<div class=\"elementor-element elementor-element-de60901 elementor-widget elementor-widget-heading\" data-id=\"de60901\" data-element_type=\"widget\" data-e-type=\"widget\" data-widget_type=\"heading.default\">\n\t\t\t\t<div class=\"elementor-widget-container\">\n\t\t\t\t\t<h3 class=\"elementor-heading-title elementor-size-default\">Magasin carrelage effet bois le plus grand choix de qualit\u00e9 en vall\u00e9e Bourg Saint Maurice  Moutiers<\/h3>\t\t\t\t<\/div>\n\t\t\t\t<\/div>\n\t\t\t\t<div class=\"elementor-element elementor-element-798a891 gallery-spacing-custom e-transform elementor-widget elementor-widget-image-gallery\" data-id=\"798a891\" data-element_type=\"widget\" data-e-type=\"widget\" data-settings=\"{&quot;_transform_translateX_effect&quot;:{&quot;unit&quot;:&quot;px&quot;,&quot;size&quot;:&quot;&quot;,&quot;sizes&quot;:[]},&quot;_transform_translateX_effect_tablet&quot;:{&quot;unit&quot;:&quot;px&quot;,&quot;size&quot;:&quot;&quot;,&quot;sizes&quot;:[]},&quot;_transform_translateX_effect_mobile&quot;:{&quot;unit&quot;:&quot;px&quot;,&quot;size&quot;:&quot;&quot;,&quot;sizes&quot;:[]},&quot;_transform_translateY_effect&quot;:{&quot;unit&quot;:&quot;px&quot;,&quot;size&quot;:&quot;&quot;,&quot;sizes&quot;:[]},&quot;_transform_translateY_effect_tablet&quot;:{&quot;unit&quot;:&quot;px&quot;,&quot;size&quot;:&quot;&quot;,&quot;sizes&quot;:[]},&quot;_transform_translateY_effect_mobile&quot;:{&quot;unit&quot;:&quot;px&quot;,&quot;size&quot;:&quot;&quot;,&quot;sizes&quot;:[]}}\" data-widget_type=\"image-gallery.default\">\n\t\t\t\t<div class=\"elementor-widget-container\">\n\t\t\t\t\t\t\t<div class=\"elementor-image-gallery\">\n\t\t\t<div id='gallery-4' class='gallery galleryid-5345 gallery-columns-4 gallery-size-estore-featured-image'><figure class='gallery-item'>\n\t\t\t<div class='gallery-icon landscape'>\n\t\t\t\t<a data-elementor-open-lightbox=\"yes\" data-elementor-lightbox-slideshow=\"798a891\" data-elementor-lightbox-title=\"carrelage type parquet bois ch\u00eane large lames de 25 cm par 150 cm et chevrons\" data-e-action-hash=\"#elementor-action%3Aaction%3Dlightbox%26settings%3DeyJpZCI6Njk1MSwidXJsIjoiaHR0cHM6XC9cL3d3dy5kZWNvLXRyYXZhdXguZnJcL3Nhdm9pZVwvd3AtY29udGVudFwvdXBsb2Fkc1wvMjAyNFwvMDJcL01hZ2FzaW4tQ2hyaXN0ZWxsZS1jYXJyZWxhZ2UtdHlwZS1wYXJxdWV0LWJvaXMtY2hlbmUtbGFyZ2UtbGFtZXMtZGUtMjUtY20tcGFyLTE1MC1jbS1ldC1jaGV2cm9ucy5qcGciLCJzbGlkZXNob3ciOiI3OThhODkxIn0%3D\" href='https:\/\/www.deco-travaux.fr\/savoie\/wp-content\/uploads\/2024\/02\/Magasin-Christelle-carrelage-type-parquet-bois-chene-large-lames-de-25-cm-par-150-cm-et-chevrons.jpg'><img loading=\"lazy\" decoding=\"async\" width=\"380\" height=\"250\" src=\"https:\/\/www.deco-travaux.fr\/savoie\/wp-content\/uploads\/2024\/02\/Magasin-Christelle-carrelage-type-parquet-bois-chene-large-lames-de-25-cm-par-150-cm-et-chevrons-380x250.jpg\" class=\"attachment-estore-featured-image size-estore-featured-image\" alt=\"Magasin Christelle carrelage type parquet bois ch\u00eane large lames de 25 cm par 150 cm et chevrons\" \/><\/a>\n\t\t\t<\/div><\/figure><figure class='gallery-item'>\n\t\t\t<div class='gallery-icon landscape'>\n\t\t\t\t<a data-elementor-open-lightbox=\"yes\" data-elementor-lightbox-slideshow=\"798a891\" data-elementor-lightbox-title=\"Magasin Savoie carrelage imitation parquet bois naturel grandes lames 150 cm haute qualit\u00e9\" data-e-action-hash=\"#elementor-action%3Aaction%3Dlightbox%26settings%3DeyJpZCI6ODA5NCwidXJsIjoiaHR0cHM6XC9cL3d3dy5kZWNvLXRyYXZhdXguZnJcL3Nhdm9pZVwvd3AtY29udGVudFwvdXBsb2Fkc1wvMjAyNVwvMDJcL01hZ2FzaW4tU2F2b2llLWNhcnJlbGFnZS1pbWl0YXRpb24tcGFycXVldC1ib2lzLW5hdHVyZWwtZ3JhbmRlcy1sYW1lcy0xNTAtY20taGF1dGUtcXVhbGl0ZS5qcGciLCJzbGlkZXNob3ciOiI3OThhODkxIn0%3D\" href='https:\/\/www.deco-travaux.fr\/savoie\/wp-content\/uploads\/2025\/02\/Magasin-Savoie-carrelage-imitation-parquet-bois-naturel-grandes-lames-150-cm-haute-qualite.jpg'><img loading=\"lazy\" decoding=\"async\" width=\"380\" height=\"250\" src=\"https:\/\/www.deco-travaux.fr\/savoie\/wp-content\/uploads\/2025\/02\/Magasin-Savoie-carrelage-imitation-parquet-bois-naturel-grandes-lames-150-cm-haute-qualite-380x250.jpg\" class=\"attachment-estore-featured-image size-estore-featured-image\" alt=\"Magasin Savoie carrelage imitation parquet bois naturel grandes lames 150 cm haute qualit\u00e9\" \/><\/a>\n\t\t\t<\/div><\/figure><figure class='gallery-item'>\n\t\t\t<div class='gallery-icon landscape'>\n\t\t\t\t<a data-elementor-open-lightbox=\"yes\" data-elementor-lightbox-slideshow=\"798a891\" data-elementor-lightbox-title=\"Magasin Christelle carrelage bois gris nuanc\u00e9 c\u00e9rus\u00e9 satin peu salissant en 120 par 20 cm\" data-e-action-hash=\"#elementor-action%3Aaction%3Dlightbox%26settings%3DeyJpZCI6ODM1OCwidXJsIjoiaHR0cHM6XC9cL3d3dy5kZWNvLXRyYXZhdXguZnJcL3Nhdm9pZVwvd3AtY29udGVudFwvdXBsb2Fkc1wvMjAyNVwvMDNcL01hZ2FzaW4tQ2hyaXN0ZWxsZS1jYXJyZWxhZ2UtYm9pcy1ncmlzLW51YW5jZS1jZXJ1c2Utc2F0aW4tcGV1LXNhbGlzc2FudC1lbi0xMjAtcGFyLTIwLWNtLmpwZyIsInNsaWRlc2hvdyI6Ijc5OGE4OTEifQ%3D%3D\" href='https:\/\/www.deco-travaux.fr\/savoie\/wp-content\/uploads\/2025\/03\/Magasin-Christelle-carrelage-bois-gris-nuance-ceruse-satin-peu-salissant-en-120-par-20-cm.jpg'><img loading=\"lazy\" decoding=\"async\" width=\"380\" height=\"250\" src=\"https:\/\/www.deco-travaux.fr\/savoie\/wp-content\/uploads\/2025\/03\/Magasin-Christelle-carrelage-bois-gris-nuance-ceruse-satin-peu-salissant-en-120-par-20-cm-380x250.jpg\" class=\"attachment-estore-featured-image size-estore-featured-image\" alt=\"Magasin Christelle carrelage bois gris nuanc\u00e9 c\u00e9rus\u00e9 satin peu salissant en 120 par 20 cm\" \/><\/a>\n\t\t\t<\/div><\/figure><figure class='gallery-item'>\n\t\t\t<div class='gallery-icon landscape'>\n\t\t\t\t<a data-elementor-open-lightbox=\"yes\" data-elementor-lightbox-slideshow=\"798a891\" data-elementor-lightbox-title=\"Magasin carrelage Bourg Saint Maurice effet lames de bois naturel nuanc\u00e9 sol ou mur\" data-e-action-hash=\"#elementor-action%3Aaction%3Dlightbox%26settings%3DeyJpZCI6ODA5NSwidXJsIjoiaHR0cHM6XC9cL3d3dy5kZWNvLXRyYXZhdXguZnJcL3Nhdm9pZVwvd3AtY29udGVudFwvdXBsb2Fkc1wvMjAyNVwvMDJcL01hZ2FzaW4tY2FycmVsYWdlLWVmZmV0LWxhbWVzLWRlLWJvaXMtbmF0dXJlbC1udWFuY2Utc29sLW91LW11ci5qcGciLCJzbGlkZXNob3ciOiI3OThhODkxIn0%3D\" href='https:\/\/www.deco-travaux.fr\/savoie\/wp-content\/uploads\/2025\/02\/Magasin-carrelage-effet-lames-de-bois-naturel-nuance-sol-ou-mur.jpg'><img loading=\"lazy\" decoding=\"async\" width=\"380\" height=\"250\" src=\"https:\/\/www.deco-travaux.fr\/savoie\/wp-content\/uploads\/2025\/02\/Magasin-carrelage-effet-lames-de-bois-naturel-nuance-sol-ou-mur-380x250.jpg\" class=\"attachment-estore-featured-image size-estore-featured-image\" alt=\"Magasin carrelage Bourg Saint Maurice effet lames de bois naturel nuanc\u00e9 sol ou mur\" \/><\/a>\n\t\t\t<\/div><\/figure>\n\t\t<\/div>\n\t\t<\/div>\n\t\t\t\t\t\t<\/div>\n\t\t\t\t<\/div>\n\t\t\t\t<div class=\"elementor-element elementor-element-d154d63 gallery-spacing-custom e-transform elementor-widget elementor-widget-image-gallery\" data-id=\"d154d63\" data-element_type=\"widget\" data-e-type=\"widget\" data-settings=\"{&quot;_transform_translateX_effect&quot;:{&quot;unit&quot;:&quot;px&quot;,&quot;size&quot;:&quot;&quot;,&quot;sizes&quot;:[]},&quot;_transform_translateX_effect_tablet&quot;:{&quot;unit&quot;:&quot;px&quot;,&quot;size&quot;:&quot;&quot;,&quot;sizes&quot;:[]},&quot;_transform_translateX_effect_mobile&quot;:{&quot;unit&quot;:&quot;px&quot;,&quot;size&quot;:&quot;&quot;,&quot;sizes&quot;:[]},&quot;_transform_translateY_effect&quot;:{&quot;unit&quot;:&quot;px&quot;,&quot;size&quot;:&quot;&quot;,&quot;sizes&quot;:[]},&quot;_transform_translateY_effect_tablet&quot;:{&quot;unit&quot;:&quot;px&quot;,&quot;size&quot;:&quot;&quot;,&quot;sizes&quot;:[]},&quot;_transform_translateY_effect_mobile&quot;:{&quot;unit&quot;:&quot;px&quot;,&quot;size&quot;:&quot;&quot;,&quot;sizes&quot;:[]}}\" data-widget_type=\"image-gallery.default\">\n\t\t\t\t<div class=\"elementor-widget-container\">\n\t\t\t\t\t\t\t<div class=\"elementor-image-gallery\">\n\t\t\t<div id='gallery-5' class='gallery galleryid-5345 gallery-columns-4 gallery-size-estore-featured-image'><figure class='gallery-item'>\n\t\t\t<div class='gallery-icon portrait'>\n\t\t\t\t<a data-elementor-open-lightbox=\"yes\" data-elementor-lightbox-slideshow=\"d154d63\" data-elementor-lightbox-title=\"Magasin carrelage Moutiers m\u00e9lange bois naturel et marbre noir mosaique marqueterie pr\u00e9coup\u00e9 au laser avec trame pr\u00eate \u00e0 col\" data-e-action-hash=\"#elementor-action%3Aaction%3Dlightbox%26settings%3DeyJpZCI6ODEwOSwidXJsIjoiaHR0cHM6XC9cL3d3dy5kZWNvLXRyYXZhdXguZnJcL3Nhdm9pZVwvd3AtY29udGVudFwvdXBsb2Fkc1wvMjAyNVwvMDJcL01hZ2FzaW4tY2FycmVsYWdlLU1vdXRpZXJzLW1lbGFuZ2UtYm9pcy1uYXR1cmVsLWV0LW1hcmJyZS1ub2lyLW1vc2FpcXVlLW1hcnF1ZXRlcmllLXByZWNvdXBlLWF1LWxhc2VyLWF2ZWMtdHJhbWUtcHJldGUtYS1jb2wuanBnIiwic2xpZGVzaG93IjoiZDE1NGQ2MyJ9\" href='https:\/\/www.deco-travaux.fr\/savoie\/wp-content\/uploads\/2025\/02\/Magasin-carrelage-Moutiers-melange-bois-naturel-et-marbre-noir-mosaique-marqueterie-precoupe-au-laser-avec-trame-prete-a-col.jpg'><img loading=\"lazy\" decoding=\"async\" width=\"373\" height=\"250\" src=\"https:\/\/www.deco-travaux.fr\/savoie\/wp-content\/uploads\/2025\/02\/Magasin-carrelage-Moutiers-melange-bois-naturel-et-marbre-noir-mosaique-marqueterie-precoupe-au-laser-avec-trame-prete-a-col-373x250.jpg\" class=\"attachment-estore-featured-image size-estore-featured-image\" alt=\"Magasin carrelage Moutiers m\u00e9lange bois naturel et marbre noir mosaique marqueterie pr\u00e9coup\u00e9 au laser avec trame pr\u00eate \u00e0 col\" \/><\/a>\n\t\t\t<\/div><\/figure><figure class='gallery-item'>\n\t\t\t<div class='gallery-icon landscape'>\n\t\t\t\t<a data-elementor-open-lightbox=\"yes\" data-elementor-lightbox-slideshow=\"d154d63\" data-elementor-lightbox-title=\"Magasin Christelle carrelage Albertville effet bois naturel mosa\u00efque marqueterie hexagone et chevron coup\u00e9 au laser et trame pr\u00eate \u00e0 coller pour sol ou mur\" data-e-action-hash=\"#elementor-action%3Aaction%3Dlightbox%26settings%3DeyJpZCI6ODExMCwidXJsIjoiaHR0cHM6XC9cL3d3dy5kZWNvLXRyYXZhdXguZnJcL3Nhdm9pZVwvd3AtY29udGVudFwvdXBsb2Fkc1wvMjAyNVwvMDJcL01hZ2FzaW4tQ2hyaXN0ZWxsZS1jYXJyZWxhZ2UtQWxiZXJ0dmlsbGUtZWZmZXQtYm9pcy1uYXR1cmVsLW1vc2FpcXVlLW1hcnF1ZXRlcmllLXByZWNvdXBlLWF1LWxhc2VyLWV0LXRyYW1lLXByZXRlLWEtY29sbGVyLXBvdXItc29sLW91LW11ci5qcGciLCJzbGlkZXNob3ciOiJkMTU0ZDYzIn0%3D\" href='https:\/\/www.deco-travaux.fr\/savoie\/wp-content\/uploads\/2025\/02\/Magasin-Christelle-carrelage-Albertville-effet-bois-naturel-mosaique-marqueterie-precoupe-au-laser-et-trame-prete-a-coller-pour-sol-ou-mur.jpg'><img loading=\"lazy\" decoding=\"async\" width=\"380\" height=\"250\" src=\"https:\/\/www.deco-travaux.fr\/savoie\/wp-content\/uploads\/2025\/02\/Magasin-Christelle-carrelage-Albertville-effet-bois-naturel-mosaique-marqueterie-precoupe-au-laser-et-trame-prete-a-coller-pour-sol-ou-mur-380x250.jpg\" class=\"attachment-estore-featured-image size-estore-featured-image\" alt=\"Magasin Christelle carrelage Albertville effet bois naturel mosa\u00efque marqueterie hexagone et chevron coup\u00e9 au laser et trame pr\u00eate \u00e0 coller pour sol ou mur\" \/><\/a>\n\t\t\t<\/div><\/figure><figure class='gallery-item'>\n\t\t\t<div class='gallery-icon landscape'>\n\t\t\t\t<a data-elementor-open-lightbox=\"yes\" data-elementor-lightbox-slideshow=\"d154d63\" data-elementor-lightbox-title=\"Magasin Christelle carrelage effet bois naturel marqueterie moderne  coup\u00e9 et coll\u00e9 sur trame pret \u00e0 poser en rectangle de 60 cm carrelage Tignes Val d&#039;Is\u00e8re\" data-e-action-hash=\"#elementor-action%3Aaction%3Dlightbox%26settings%3DeyJpZCI6ODExMSwidXJsIjoiaHR0cHM6XC9cL3d3dy5kZWNvLXRyYXZhdXguZnJcL3Nhdm9pZVwvd3AtY29udGVudFwvdXBsb2Fkc1wvMjAyNVwvMDJcL01hZ2FzaW4tQ2hyaXN0ZWxsZS1jYXJyZWxhZ2UtZWZmZXQtYm9pcy1uYXR1cmVsLW1vc2FpcXVlLWNvdXBlLWV0LWNvbGxlLXN1ci10cmFtZS1wcmV0LWEtcG9zZXItZW4tcmVjdGFuZ2xlLWRlLTYwLWNtLWNhcnJlbGFnZS1UaWduZXMtVmFsLWRJc2VyZS5qcGciLCJzbGlkZXNob3ciOiJkMTU0ZDYzIn0%3D\" href='https:\/\/www.deco-travaux.fr\/savoie\/wp-content\/uploads\/2025\/02\/Magasin-Christelle-carrelage-effet-bois-naturel-mosaique-coupe-et-colle-sur-trame-pret-a-poser-en-rectangle-de-60-cm-carrelage-Tignes-Val-dIsere.jpg'><img loading=\"lazy\" decoding=\"async\" width=\"380\" height=\"250\" src=\"https:\/\/www.deco-travaux.fr\/savoie\/wp-content\/uploads\/2025\/02\/Magasin-Christelle-carrelage-effet-bois-naturel-mosaique-coupe-et-colle-sur-trame-pret-a-poser-en-rectangle-de-60-cm-carrelage-Tignes-Val-dIsere-380x250.jpg\" class=\"attachment-estore-featured-image size-estore-featured-image\" alt=\"Magasin Christelle carrelage effet bois naturel marqueterie moderne coup\u00e9 et coll\u00e9 sur trame pret \u00e0 poser en rectangle de 60 cm carrelage Tignes Val d&#039;Is\u00e8re\" \/><\/a>\n\t\t\t<\/div><\/figure><figure class='gallery-item'>\n\t\t\t<div class='gallery-icon landscape'>\n\t\t\t\t<a data-elementor-open-lightbox=\"yes\" data-elementor-lightbox-slideshow=\"d154d63\" data-elementor-lightbox-title=\"Magasin Christelle carrelage fa\u00efence La Rosi\u00e8re effet bois naturel relief stri\u00e9 3D en 120 par 50 cm\" data-e-action-hash=\"#elementor-action%3Aaction%3Dlightbox%26settings%3DeyJpZCI6ODM1MiwidXJsIjoiaHR0cHM6XC9cL3d3dy5kZWNvLXRyYXZhdXguZnJcL3Nhdm9pZVwvd3AtY29udGVudFwvdXBsb2Fkc1wvMjAyNVwvMDNcL01hZ2FzaW4tQ2hyaXN0ZWxsZS1jYXJyZWxhZ2UtZmFpZW5jZS1MYS1Sb3NpZXJlLWVmZmV0LWJvaXMtbmF0dXJlbC1yZWxpZWYtc3RyaWUtM0QtZW4tMTIwLXBhci01MC1jbS5qcGciLCJzbGlkZXNob3ciOiJkMTU0ZDYzIn0%3D\" href='https:\/\/www.deco-travaux.fr\/savoie\/wp-content\/uploads\/2025\/03\/Magasin-Christelle-carrelage-faience-La-Rosiere-effet-bois-naturel-relief-strie-3D-en-120-par-50-cm.jpg'><img loading=\"lazy\" decoding=\"async\" width=\"380\" height=\"250\" src=\"https:\/\/www.deco-travaux.fr\/savoie\/wp-content\/uploads\/2025\/03\/Magasin-Christelle-carrelage-faience-La-Rosiere-effet-bois-naturel-relief-strie-3D-en-120-par-50-cm-380x250.jpg\" class=\"attachment-estore-featured-image size-estore-featured-image\" alt=\"Magasin Christelle carrelage fa\u00efence La Rosi\u00e8re effet bois naturel relief stri\u00e9 3D en 120 par 50 cm\" \/><\/a>\n\t\t\t<\/div><\/figure>\n\t\t<\/div>\n\t\t<\/div>\n\t\t\t\t\t\t<\/div>\n\t\t\t\t<\/div>\n\t\t\t\t\t<\/div>\n\t\t<\/div>\n\t\t\t\t\t<\/div>\n\t\t<\/section>\n\t\t\t\t<section class=\"elementor-section elementor-top-section elementor-element elementor-element-2137139 elementor-section-content-middle elementor-section-boxed elementor-section-height-default elementor-section-height-default\" data-id=\"2137139\" data-element_type=\"section\" data-e-type=\"section\">\n\t\t\t\t\t\t<div class=\"elementor-container elementor-column-gap-no\">\n\t\t\t\t\t<div class=\"elementor-column elementor-col-100 elementor-top-column elementor-element elementor-element-0b9751f\" data-id=\"0b9751f\" data-element_type=\"column\" data-e-type=\"column\">\n\t\t\t<div class=\"elementor-widget-wrap elementor-element-populated\">\n\t\t\t\t\t\t<div class=\"elementor-element elementor-element-0607125 elementor-widget elementor-widget-heading\" data-id=\"0607125\" data-element_type=\"widget\" data-e-type=\"widget\" data-widget_type=\"heading.default\">\n\t\t\t\t<div class=\"elementor-widget-container\">\n\t\t\t\t\t<h2 class=\"elementor-heading-title elementor-size-default\">Magasin superbe carrelage effet pierre mat ou satin nombreux formats<\/h2>\t\t\t\t<\/div>\n\t\t\t\t<\/div>\n\t\t\t\t<div class=\"elementor-element elementor-element-9e03672 elementor-widget elementor-widget-heading\" data-id=\"9e03672\" data-element_type=\"widget\" data-e-type=\"widget\" data-widget_type=\"heading.default\">\n\t\t\t\t<div class=\"elementor-widget-container\">\n\t\t\t\t\t<h3 class=\"elementor-heading-title elementor-size-default\">Carrelage effet pierre \u00e9tanche n\u00e9cessitant peu d'entretien \u00e0 coller ou sur plots<\/h3>\t\t\t\t<\/div>\n\t\t\t\t<\/div>\n\t\t\t\t<div class=\"elementor-element elementor-element-ab01a46 elementor-widget elementor-widget-heading\" data-id=\"ab01a46\" data-element_type=\"widget\" data-e-type=\"widget\" data-widget_type=\"heading.default\">\n\t\t\t\t<div class=\"elementor-widget-container\">\n\t\t\t\t\t<h3 class=\"elementor-heading-title elementor-size-default\">Magasin Christelle vend du tr\u00e8s beau carrelage gr\u00e8s c\u00e9rame type pierre lisse ou structur\u00e9<\/h3>\t\t\t\t<\/div>\n\t\t\t\t<\/div>\n\t\t\t\t<div class=\"elementor-element elementor-element-6eea68b elementor-widget elementor-widget-heading\" data-id=\"6eea68b\" data-element_type=\"widget\" data-e-type=\"widget\" data-widget_type=\"heading.default\">\n\t\t\t\t<div class=\"elementor-widget-container\">\n\t\t\t\t\t<h3 class=\"elementor-heading-title elementor-size-default\">Magasin carrelage pierre pour int\u00e9rieur et ext\u00e9rieur vall\u00e9e Bozel Bourg Saint Maurice et stations d'altitude<\/h3>\t\t\t\t<\/div>\n\t\t\t\t<\/div>\n\t\t\t\t<div class=\"elementor-element elementor-element-97e140a gallery-spacing-custom e-transform elementor-widget elementor-widget-image-gallery\" data-id=\"97e140a\" data-element_type=\"widget\" data-e-type=\"widget\" data-settings=\"{&quot;_transform_translateX_effect&quot;:{&quot;unit&quot;:&quot;px&quot;,&quot;size&quot;:&quot;&quot;,&quot;sizes&quot;:[]},&quot;_transform_translateX_effect_tablet&quot;:{&quot;unit&quot;:&quot;px&quot;,&quot;size&quot;:&quot;&quot;,&quot;sizes&quot;:[]},&quot;_transform_translateX_effect_mobile&quot;:{&quot;unit&quot;:&quot;px&quot;,&quot;size&quot;:&quot;&quot;,&quot;sizes&quot;:[]},&quot;_transform_translateY_effect&quot;:{&quot;unit&quot;:&quot;px&quot;,&quot;size&quot;:&quot;&quot;,&quot;sizes&quot;:[]},&quot;_transform_translateY_effect_tablet&quot;:{&quot;unit&quot;:&quot;px&quot;,&quot;size&quot;:&quot;&quot;,&quot;sizes&quot;:[]},&quot;_transform_translateY_effect_mobile&quot;:{&quot;unit&quot;:&quot;px&quot;,&quot;size&quot;:&quot;&quot;,&quot;sizes&quot;:[]}}\" data-widget_type=\"image-gallery.default\">\n\t\t\t\t<div class=\"elementor-widget-container\">\n\t\t\t\t\t\t\t<div class=\"elementor-image-gallery\">\n\t\t\t<div id='gallery-6' class='gallery galleryid-5345 gallery-columns-4 gallery-size-estore-featured-image'><figure class='gallery-item'>\n\t\t\t<div class='gallery-icon landscape'>\n\t\t\t\t<a data-elementor-open-lightbox=\"yes\" data-elementor-lightbox-slideshow=\"97e140a\" data-elementor-lightbox-title=\"vente carrelage pierre int\u00e9rieur et ext\u00e9rieur splendide\" data-e-action-hash=\"#elementor-action%3Aaction%3Dlightbox%26settings%3DeyJpZCI6ODE1OCwidXJsIjoiaHR0cHM6XC9cL3d3dy5kZWNvLXRyYXZhdXguZnJcL3Nhdm9pZVwvd3AtY29udGVudFwvdXBsb2Fkc1wvMjAyNVwvMDJcL21hZ2FzaW4tc2F2b2llLUJvdXJnLXNhaW50LU1hdXJpY2UtZXQtTW91dGllcnMtdmVudGUtY2FycmVsYWdlLXBpZXJyZS1pbnRlcmlldXItZXQtZXh0ZXJpZXVyLXNwbGVuZGlkZS5qcGciLCJzbGlkZXNob3ciOiI5N2UxNDBhIn0%3D\" href='https:\/\/www.deco-travaux.fr\/savoie\/wp-content\/uploads\/2025\/02\/magasin-savoie-Bourg-saint-Maurice-et-Moutiers-vente-carrelage-pierre-interieur-et-exterieur-splendide.jpg'><img loading=\"lazy\" decoding=\"async\" width=\"380\" height=\"250\" src=\"https:\/\/www.deco-travaux.fr\/savoie\/wp-content\/uploads\/2025\/02\/magasin-savoie-Bourg-saint-Maurice-et-Moutiers-vente-carrelage-pierre-interieur-et-exterieur-splendide-380x250.jpg\" class=\"attachment-estore-featured-image size-estore-featured-image\" alt=\"magasin savoie Bourg saint Maurice et Moutiers vente carrelage pierre int\u00e9rieur et ext\u00e9rieur splendide\" \/><\/a>\n\t\t\t<\/div><\/figure><figure class='gallery-item'>\n\t\t\t<div class='gallery-icon landscape'>\n\t\t\t\t<a data-elementor-open-lightbox=\"yes\" data-elementor-lightbox-slideshow=\"97e140a\" data-elementor-lightbox-title=\"carrelage imitation pierre int\u00e9rieur gris clair et fonc\u00e9 structur\u00e9 peu salissant\" data-e-action-hash=\"#elementor-action%3Aaction%3Dlightbox%26settings%3DeyJpZCI6ODE2OSwidXJsIjoiaHR0cHM6XC9cL3d3dy5kZWNvLXRyYXZhdXguZnJcL3Nhdm9pZVwvd3AtY29udGVudFwvdXBsb2Fkc1wvMjAyNVwvMDJcL01hZ2FzaW4tQ2hyaXN0ZWxsZS1jYXJyZWxhZ2UtaW1pdGF0aW9uLXBpZXJyZS1pbnRlcmlldXItZ3Jpcy1jbGFpci1ldC1mb25jZS1zdHJ1Y3R1cmUtcGV1LXNhbGlzc2FudC5qcGciLCJzbGlkZXNob3ciOiI5N2UxNDBhIn0%3D\" href='https:\/\/www.deco-travaux.fr\/savoie\/wp-content\/uploads\/2025\/02\/Magasin-Christelle-carrelage-imitation-pierre-interieur-gris-clair-et-fonce-structure-peu-salissant.jpg'><img loading=\"lazy\" decoding=\"async\" width=\"380\" height=\"250\" src=\"https:\/\/www.deco-travaux.fr\/savoie\/wp-content\/uploads\/2025\/02\/Magasin-Christelle-carrelage-imitation-pierre-interieur-gris-clair-et-fonce-structure-peu-salissant-380x250.jpg\" class=\"attachment-estore-featured-image size-estore-featured-image\" alt=\"Magasin Christelle carrelage imitation pierre int\u00e9rieur gris clair et fonc\u00e9 structur\u00e9 peu salissant\" srcset=\"https:\/\/www.deco-travaux.fr\/savoie\/wp-content\/uploads\/2025\/02\/Magasin-Christelle-carrelage-imitation-pierre-interieur-gris-clair-et-fonce-structure-peu-salissant-380x250.jpg 380w, https:\/\/www.deco-travaux.fr\/savoie\/wp-content\/uploads\/2025\/02\/Magasin-Christelle-carrelage-imitation-pierre-interieur-gris-clair-et-fonce-structure-peu-salissant-300x197.jpg 300w, https:\/\/www.deco-travaux.fr\/savoie\/wp-content\/uploads\/2025\/02\/Magasin-Christelle-carrelage-imitation-pierre-interieur-gris-clair-et-fonce-structure-peu-salissant.jpg 700w\" sizes=\"(max-width: 380px) 100vw, 380px\" \/><\/a>\n\t\t\t<\/div><\/figure><figure class='gallery-item'>\n\t\t\t<div class='gallery-icon landscape'>\n\t\t\t\t<a data-elementor-open-lightbox=\"yes\" data-elementor-lightbox-slideshow=\"97e140a\" data-elementor-lightbox-title=\"Magasin carrelage Bourg Saint Maurice pierre int\u00e9rieur et ext\u00e9rieur gris et marron nuanc\u00e9\" data-e-action-hash=\"#elementor-action%3Aaction%3Dlightbox%26settings%3DeyJpZCI6ODE3MywidXJsIjoiaHR0cHM6XC9cL3d3dy5kZWNvLXRyYXZhdXguZnJcL3Nhdm9pZVwvd3AtY29udGVudFwvdXBsb2Fkc1wvMjAyNVwvMDJcL01hZ2FzaW4tY2FycmVsYWdlLUJvdXJnLVNhaW50LU1hdXJpY2UtcGllcnJlLWludGVyaWV1ci1ldC1leHRlcmlldXItZ3Jpcy1ldC1tYXJyb24tbnVhbmNlLmpwZyIsInNsaWRlc2hvdyI6Ijk3ZTE0MGEifQ%3D%3D\" href='https:\/\/www.deco-travaux.fr\/savoie\/wp-content\/uploads\/2025\/02\/Magasin-carrelage-Bourg-Saint-Maurice-pierre-interieur-et-exterieur-gris-et-marron-nuance.jpg'><img loading=\"lazy\" decoding=\"async\" width=\"380\" height=\"250\" src=\"https:\/\/www.deco-travaux.fr\/savoie\/wp-content\/uploads\/2025\/02\/Magasin-carrelage-Bourg-Saint-Maurice-pierre-interieur-et-exterieur-gris-et-marron-nuance-380x250.jpg\" class=\"attachment-estore-featured-image size-estore-featured-image\" alt=\"Magasin carrelage Bourg Saint Maurice pierre int\u00e9rieur et ext\u00e9rieur gris et marron nuanc\u00e9\" \/><\/a>\n\t\t\t<\/div><\/figure><figure class='gallery-item'>\n\t\t\t<div class='gallery-icon landscape'>\n\t\t\t\t<a data-elementor-open-lightbox=\"yes\" data-elementor-lightbox-slideshow=\"97e140a\" data-elementor-lightbox-title=\"carrelage pierre Savoie La Plagne gris nuanc\u00e9 gr\u00e8s c\u00e9rame pleine masse pour int\u00e9rieur et ext\u00e9rieur en 30*60 cm\" data-e-action-hash=\"#elementor-action%3Aaction%3Dlightbox%26settings%3DeyJpZCI6ODMyNywidXJsIjoiaHR0cHM6XC9cL3d3dy5kZWNvLXRyYXZhdXguZnJcL3Nhdm9pZVwvd3AtY29udGVudFwvdXBsb2Fkc1wvMjAyNVwvMDNcL01hZ2FzaW4tQ2hyaXN0ZWxsZS1jYXJyZWxhZ2UtcGllcnJlLVNhdm9pZS1MYS1QbGFnbmUtZ3Jpcy1udWFuY2UtZ3Jlcy1jZXJhbWUtcGxlaW5lLW1hc3NlLXBvdXItaW50ZXJpZXVyLWV0LWV4dGVyaWV1ci5qcGciLCJzbGlkZXNob3ciOiI5N2UxNDBhIn0%3D\" href='https:\/\/www.deco-travaux.fr\/savoie\/wp-content\/uploads\/2025\/03\/Magasin-Christelle-carrelage-pierre-Savoie-La-Plagne-gris-nuance-gres-cerame-pleine-masse-pour-interieur-et-exterieur.jpg'><img loading=\"lazy\" decoding=\"async\" width=\"380\" height=\"250\" src=\"https:\/\/www.deco-travaux.fr\/savoie\/wp-content\/uploads\/2025\/03\/Magasin-Christelle-carrelage-pierre-Savoie-La-Plagne-gris-nuance-gres-cerame-pleine-masse-pour-interieur-et-exterieur-380x250.jpg\" class=\"attachment-estore-featured-image size-estore-featured-image\" alt=\"Magasin Christelle carrelage pierre Savoie La Plagne gris nuanc\u00e9 gr\u00e8s c\u00e9rame pleine masse pour int\u00e9rieur et ext\u00e9rieur en 30*60 cm\" \/><\/a>\n\t\t\t<\/div><\/figure>\n\t\t<\/div>\n\t\t<\/div>\n\t\t\t\t\t\t<\/div>\n\t\t\t\t<\/div>\n\t\t\t\t<div class=\"elementor-element elementor-element-3b2ecf8 gallery-spacing-custom e-transform elementor-widget elementor-widget-image-gallery\" data-id=\"3b2ecf8\" data-element_type=\"widget\" data-e-type=\"widget\" data-settings=\"{&quot;_transform_translateX_effect&quot;:{&quot;unit&quot;:&quot;px&quot;,&quot;size&quot;:&quot;&quot;,&quot;sizes&quot;:[]},&quot;_transform_translateX_effect_tablet&quot;:{&quot;unit&quot;:&quot;px&quot;,&quot;size&quot;:&quot;&quot;,&quot;sizes&quot;:[]},&quot;_transform_translateX_effect_mobile&quot;:{&quot;unit&quot;:&quot;px&quot;,&quot;size&quot;:&quot;&quot;,&quot;sizes&quot;:[]},&quot;_transform_translateY_effect&quot;:{&quot;unit&quot;:&quot;px&quot;,&quot;size&quot;:&quot;&quot;,&quot;sizes&quot;:[]},&quot;_transform_translateY_effect_tablet&quot;:{&quot;unit&quot;:&quot;px&quot;,&quot;size&quot;:&quot;&quot;,&quot;sizes&quot;:[]},&quot;_transform_translateY_effect_mobile&quot;:{&quot;unit&quot;:&quot;px&quot;,&quot;size&quot;:&quot;&quot;,&quot;sizes&quot;:[]}}\" data-widget_type=\"image-gallery.default\">\n\t\t\t\t<div class=\"elementor-widget-container\">\n\t\t\t\t\t\t\t<div class=\"elementor-image-gallery\">\n\t\t\t<div id='gallery-7' class='gallery galleryid-5345 gallery-columns-4 gallery-size-estore-featured-image'><figure class='gallery-item'>\n\t\t\t<div class='gallery-icon landscape'>\n\t\t\t\t<a data-elementor-open-lightbox=\"yes\" data-elementor-lightbox-slideshow=\"3b2ecf8\" data-elementor-lightbox-title=\"Magasin Christelle carrelage effet pierre en 60 par 120 cm nuanc\u00e9 beige rouille gris\" data-e-action-hash=\"#elementor-action%3Aaction%3Dlightbox%26settings%3DeyJpZCI6NzA0NSwidXJsIjoiaHR0cHM6XC9cL3d3dy5kZWNvLXRyYXZhdXguZnJcL3Nhdm9pZVwvd3AtY29udGVudFwvdXBsb2Fkc1wvMjAyNFwvMDJcL01hZ2FzaW4tY2FycmVsYWdlLWVmZmV0LXBpZXJyZS1lbi02MC1wYXItMTIwLWNtLW51YW5jZS1iZWlnZS1yb3VpbGxlLWdyaXMuanBnIiwic2xpZGVzaG93IjoiM2IyZWNmOCJ9\" href='https:\/\/www.deco-travaux.fr\/savoie\/wp-content\/uploads\/2024\/02\/Magasin-carrelage-effet-pierre-en-60-par-120-cm-nuance-beige-rouille-gris.jpg'><img loading=\"lazy\" decoding=\"async\" width=\"380\" height=\"250\" src=\"https:\/\/www.deco-travaux.fr\/savoie\/wp-content\/uploads\/2024\/02\/Magasin-carrelage-effet-pierre-en-60-par-120-cm-nuance-beige-rouille-gris-380x250.jpg\" class=\"attachment-estore-featured-image size-estore-featured-image\" alt=\"Magasin Christelle carrelage effet pierre en 60 par 120 cm nuanc\u00e9 beige rouille gris\" \/><\/a>\n\t\t\t<\/div><\/figure><figure class='gallery-item'>\n\t\t\t<div class='gallery-icon landscape'>\n\t\t\t\t<a data-elementor-open-lightbox=\"yes\" data-elementor-lightbox-slideshow=\"3b2ecf8\" data-elementor-lightbox-title=\"fa\u00efence pierre grise nuanc\u00e9 mat doux\" data-e-action-hash=\"#elementor-action%3Aaction%3Dlightbox%26settings%3DeyJpZCI6ODE3NywidXJsIjoiaHR0cHM6XC9cL3d3dy5kZWNvLXRyYXZhdXguZnJcL3Nhdm9pZVwvd3AtY29udGVudFwvdXBsb2Fkc1wvMjAyNVwvMDJcL01hZ2FzaW4tY2FycmVsYWdlLU1vdXRpZXJzLWZhaWVuY2UtcGllcnJlLWdyaXNlLW51YW5jZS1tYXQtZG91eC5qcGciLCJzbGlkZXNob3ciOiIzYjJlY2Y4In0%3D\" href='https:\/\/www.deco-travaux.fr\/savoie\/wp-content\/uploads\/2025\/02\/Magasin-carrelage-Moutiers-faience-pierre-grise-nuance-mat-doux.jpg'><img loading=\"lazy\" decoding=\"async\" width=\"380\" height=\"250\" src=\"https:\/\/www.deco-travaux.fr\/savoie\/wp-content\/uploads\/2025\/02\/Magasin-carrelage-Moutiers-faience-pierre-grise-nuance-mat-doux-380x250.jpg\" class=\"attachment-estore-featured-image size-estore-featured-image\" alt=\"Magasin carrelage Moutiers fa\u00efence pierre grise nuanc\u00e9 mat doux\" \/><\/a>\n\t\t\t<\/div><\/figure><figure class='gallery-item'>\n\t\t\t<div class='gallery-icon landscape'>\n\t\t\t\t<a data-elementor-open-lightbox=\"yes\" data-elementor-lightbox-slideshow=\"3b2ecf8\" data-elementor-lightbox-title=\"Magasin carrelage pierre Aime La Plagne gris nervur\u00e9 superbe grand ou petit format\" data-e-action-hash=\"#elementor-action%3Aaction%3Dlightbox%26settings%3DeyJpZCI6ODE4MSwidXJsIjoiaHR0cHM6XC9cL3d3dy5kZWNvLXRyYXZhdXguZnJcL3Nhdm9pZVwvd3AtY29udGVudFwvdXBsb2Fkc1wvMjAyNVwvMDJcL01hZ2FzaW4tY2FycmVsYWdlLXBpZXJyZS1BaW1lLUxhLVBsYWduZS1ncmlzLW5lcnZ1cmUtc3VwZXJiZS1ncmFuZC1vdS1wZXRpdC1mb3JtYXQuanBnIiwic2xpZGVzaG93IjoiM2IyZWNmOCJ9\" href='https:\/\/www.deco-travaux.fr\/savoie\/wp-content\/uploads\/2025\/02\/Magasin-carrelage-pierre-Aime-La-Plagne-gris-nervure-superbe-grand-ou-petit-format.jpg'><img loading=\"lazy\" decoding=\"async\" width=\"380\" height=\"250\" src=\"https:\/\/www.deco-travaux.fr\/savoie\/wp-content\/uploads\/2025\/02\/Magasin-carrelage-pierre-Aime-La-Plagne-gris-nervure-superbe-grand-ou-petit-format-380x250.jpg\" class=\"attachment-estore-featured-image size-estore-featured-image\" alt=\"Magasin carrelage pierre Aime La Plagne gris nervur\u00e9 superbe grand ou petit format\" \/><\/a>\n\t\t\t<\/div><\/figure><figure class='gallery-item'>\n\t\t\t<div class='gallery-icon landscape'>\n\t\t\t\t<a data-elementor-open-lightbox=\"yes\" data-elementor-lightbox-slideshow=\"3b2ecf8\" data-elementor-lightbox-title=\"Magasin Christelle carrelage pierre Val d&#039;Is\u00e8re Tignes gris rouille nuanc\u00e9 gr\u00e8s c\u00e9rame pleine masse pour int\u00e9rieur et ext\u00e9rieur\" data-e-action-hash=\"#elementor-action%3Aaction%3Dlightbox%26settings%3DeyJpZCI6ODMyMywidXJsIjoiaHR0cHM6XC9cL3d3dy5kZWNvLXRyYXZhdXguZnJcL3Nhdm9pZVwvd3AtY29udGVudFwvdXBsb2Fkc1wvMjAyNVwvMDNcL01hZ2FzaW4tQ2hyaXN0ZWxsZS1jYXJyZWxhZ2UtcGllcnJlLVZhbC1kSXNlcmUtVGlnbmVzLWdyaXMtcm91aWxsZS1udWFuY2UtZ3Jlcy1jZXJhbWUtcGxlaW5lLW1hc3NlLXBvdXItaW50ZXJpZXVyLWV0LWV4dGVyaWV1ci5qcGciLCJzbGlkZXNob3ciOiIzYjJlY2Y4In0%3D\" href='https:\/\/www.deco-travaux.fr\/savoie\/wp-content\/uploads\/2025\/03\/Magasin-Christelle-carrelage-pierre-Val-dIsere-Tignes-gris-rouille-nuance-gres-cerame-pleine-masse-pour-interieur-et-exterieur.jpg'><img loading=\"lazy\" decoding=\"async\" width=\"380\" height=\"250\" src=\"https:\/\/www.deco-travaux.fr\/savoie\/wp-content\/uploads\/2025\/03\/Magasin-Christelle-carrelage-pierre-Val-dIsere-Tignes-gris-rouille-nuance-gres-cerame-pleine-masse-pour-interieur-et-exterieur-380x250.jpg\" class=\"attachment-estore-featured-image size-estore-featured-image\" alt=\"Magasin Christelle carrelage pierre Val d&#039;Is\u00e8re Tignes gris rouille nuanc\u00e9 gr\u00e8s c\u00e9rame pleine masse pour int\u00e9rieur et ext\u00e9rieur\" aria-describedby=\"gallery-7-8323\" \/><\/a>\n\t\t\t<\/div>\n\t\t\t\t<figcaption class='wp-caption-text gallery-caption' id='gallery-7-8323'>\n\t\t\t\t39.60 \u20ac\n\t\t\t\t<\/figcaption><\/figure>\n\t\t<\/div>\n\t\t<\/div>\n\t\t\t\t\t\t<\/div>\n\t\t\t\t<\/div>\n\t\t\t\t\t<\/div>\n\t\t<\/div>\n\t\t\t\t\t<\/div>\n\t\t<\/section>\n\t\t\t\t<section class=\"elementor-section elementor-top-section elementor-element elementor-element-86059af elementor-section-content-middle elementor-section-boxed elementor-section-height-default elementor-section-height-default\" data-id=\"86059af\" data-element_type=\"section\" data-e-type=\"section\">\n\t\t\t\t\t\t<div class=\"elementor-container elementor-column-gap-no\">\n\t\t\t\t\t<div class=\"elementor-column elementor-col-100 elementor-top-column elementor-element elementor-element-a3934d9\" data-id=\"a3934d9\" data-element_type=\"column\" data-e-type=\"column\">\n\t\t\t<div class=\"elementor-widget-wrap elementor-element-populated\">\n\t\t\t\t\t\t<div class=\"elementor-element elementor-element-0ec59e5 elementor-widget elementor-widget-heading\" data-id=\"0ec59e5\" data-element_type=\"widget\" data-e-type=\"widget\" data-widget_type=\"heading.default\">\n\t\t\t\t<div class=\"elementor-widget-container\">\n\t\t\t\t\t<h2 class=\"elementor-heading-title elementor-size-default\">Magasin carrelage effet b\u00e9ton mat ou satin <\/h2>\t\t\t\t<\/div>\n\t\t\t\t<\/div>\n\t\t\t\t<div class=\"elementor-element elementor-element-a963a00 elementor-widget elementor-widget-heading\" data-id=\"a963a00\" data-element_type=\"widget\" data-e-type=\"widget\" data-widget_type=\"heading.default\">\n\t\t\t\t<div class=\"elementor-widget-container\">\n\t\t\t\t\t<h3 class=\"elementor-heading-title elementor-size-default\">Carrelage et fa\u00efence effet b\u00e9ton et ciment design moderne \u00e9tanche peu salissant<\/h3>\t\t\t\t<\/div>\n\t\t\t\t<\/div>\n\t\t\t\t<div class=\"elementor-element elementor-element-da390ef elementor-widget elementor-widget-heading\" data-id=\"da390ef\" data-element_type=\"widget\" data-e-type=\"widget\" data-widget_type=\"heading.default\">\n\t\t\t\t<div class=\"elementor-widget-container\">\n\t\t\t\t\t<h3 class=\"elementor-heading-title elementor-size-default\">Magasin carrelage Moutiers tendance b\u00e9ton gr\u00e8s c\u00e9rame 1er choix norm\u00e9 dont U5P5<\/h3>\t\t\t\t<\/div>\n\t\t\t\t<\/div>\n\t\t\t\t<div class=\"elementor-element elementor-element-274d6aa elementor-widget elementor-widget-heading\" data-id=\"274d6aa\" data-element_type=\"widget\" data-e-type=\"widget\" data-widget_type=\"heading.default\">\n\t\t\t\t<div class=\"elementor-widget-container\">\n\t\t\t\t\t<h3 class=\"elementor-heading-title elementor-size-default\">Magasin carrelage le plus grand grand choix de Bourg Saint Maurice effet b\u00e9ton et nuanc\u00e9 moderne<\/h3>\t\t\t\t<\/div>\n\t\t\t\t<\/div>\n\t\t\t\t<div class=\"elementor-element elementor-element-7062d11 gallery-spacing-custom e-transform elementor-widget elementor-widget-image-gallery\" data-id=\"7062d11\" data-element_type=\"widget\" data-e-type=\"widget\" data-settings=\"{&quot;_transform_translateX_effect&quot;:{&quot;unit&quot;:&quot;px&quot;,&quot;size&quot;:&quot;&quot;,&quot;sizes&quot;:[]},&quot;_transform_translateX_effect_tablet&quot;:{&quot;unit&quot;:&quot;px&quot;,&quot;size&quot;:&quot;&quot;,&quot;sizes&quot;:[]},&quot;_transform_translateX_effect_mobile&quot;:{&quot;unit&quot;:&quot;px&quot;,&quot;size&quot;:&quot;&quot;,&quot;sizes&quot;:[]},&quot;_transform_translateY_effect&quot;:{&quot;unit&quot;:&quot;px&quot;,&quot;size&quot;:&quot;&quot;,&quot;sizes&quot;:[]},&quot;_transform_translateY_effect_tablet&quot;:{&quot;unit&quot;:&quot;px&quot;,&quot;size&quot;:&quot;&quot;,&quot;sizes&quot;:[]},&quot;_transform_translateY_effect_mobile&quot;:{&quot;unit&quot;:&quot;px&quot;,&quot;size&quot;:&quot;&quot;,&quot;sizes&quot;:[]}}\" data-widget_type=\"image-gallery.default\">\n\t\t\t\t<div class=\"elementor-widget-container\">\n\t\t\t\t\t\t\t<div class=\"elementor-image-gallery\">\n\t\t\t<div id='gallery-8' class='gallery galleryid-5345 gallery-columns-4 gallery-size-estore-featured-image'><figure class='gallery-item'>\n\t\t\t<div class='gallery-icon landscape'>\n\t\t\t\t<a data-elementor-open-lightbox=\"yes\" data-elementor-lightbox-slideshow=\"7062d11\" data-elementor-lightbox-title=\"magasin carrelage effet b\u00e9ton nuanc\u00e9 beige clair moderne grand format de 1.50 par 0.75 m\" data-e-action-hash=\"#elementor-action%3Aaction%3Dlightbox%26settings%3DeyJpZCI6ODIwOSwidXJsIjoiaHR0cHM6XC9cL3d3dy5kZWNvLXRyYXZhdXguZnJcL3Nhdm9pZVwvd3AtY29udGVudFwvdXBsb2Fkc1wvMjAyNVwvMDNcL21hZ2FzaW4tY2FycmVsYWdlLWVmZmV0LWJldG9uLW51YW5jZS1iZWlnZS1jbGFpci1tb2Rlcm5lLWdyYW5kLWZvcm1hdC1kZS0xLjUwLXBhci0wLjc1LW0uanBnIiwic2xpZGVzaG93IjoiNzA2MmQxMSJ9\" href='https:\/\/www.deco-travaux.fr\/savoie\/wp-content\/uploads\/2025\/03\/magasin-carrelage-effet-beton-nuance-beige-clair-moderne-grand-format-de-1.50-par-0.75-m.jpg'><img loading=\"lazy\" decoding=\"async\" width=\"380\" height=\"250\" src=\"https:\/\/www.deco-travaux.fr\/savoie\/wp-content\/uploads\/2025\/03\/magasin-carrelage-effet-beton-nuance-beige-clair-moderne-grand-format-de-1.50-par-0.75-m-380x250.jpg\" class=\"attachment-estore-featured-image size-estore-featured-image\" alt=\"magasin carrelage effet b\u00e9ton nuanc\u00e9 beige clair moderne grand format de 1.50 par 0.75 m\" \/><\/a>\n\t\t\t<\/div><\/figure><figure class='gallery-item'>\n\t\t\t<div class='gallery-icon landscape'>\n\t\t\t\t<a data-elementor-open-lightbox=\"yes\" data-elementor-lightbox-slideshow=\"7062d11\" data-elementor-lightbox-title=\"magasin carrelage Savoie sol b\u00e9ton ciment gris fonc\u00e9 nuanc\u00e9 1.50 par 0\" data-e-action-hash=\"#elementor-action%3Aaction%3Dlightbox%26settings%3DeyJpZCI6ODIxNiwidXJsIjoiaHR0cHM6XC9cL3d3dy5kZWNvLXRyYXZhdXguZnJcL3Nhdm9pZVwvd3AtY29udGVudFwvdXBsb2Fkc1wvMjAyNVwvMDNcL21hZ2FzaW4tY2FycmVsYWdlLXNvbC1iZXRvbi1jaW1lbnQtZ3Jpcy1mb25jZS1udWFuY2UtMS41MC1wYXItMC5qcGciLCJzbGlkZXNob3ciOiI3MDYyZDExIn0%3D\" href='https:\/\/www.deco-travaux.fr\/savoie\/wp-content\/uploads\/2025\/03\/magasin-carrelage-sol-beton-ciment-gris-fonce-nuance-1.50-par-0.jpg'><img loading=\"lazy\" decoding=\"async\" width=\"380\" height=\"250\" src=\"https:\/\/www.deco-travaux.fr\/savoie\/wp-content\/uploads\/2025\/03\/magasin-carrelage-sol-beton-ciment-gris-fonce-nuance-1.50-par-0-380x250.jpg\" class=\"attachment-estore-featured-image size-estore-featured-image\" alt=\"magasin carrelage Savoie sol b\u00e9ton ciment gris fonc\u00e9 nuanc\u00e9 1.50 par 0\" \/><\/a>\n\t\t\t<\/div><\/figure><figure class='gallery-item'>\n\t\t\t<div class='gallery-icon landscape'>\n\t\t\t\t<a data-elementor-open-lightbox=\"yes\" data-elementor-lightbox-slideshow=\"7062d11\" data-elementor-lightbox-title=\"magasin carrelage Bourg Saint Maurice sol b\u00e9ton ciment beige, mur fa\u00efence bleu et vert relief 3D moderne, plafond carrelage bois stri\u00e9\" data-e-action-hash=\"#elementor-action%3Aaction%3Dlightbox%26settings%3DeyJpZCI6ODIzMCwidXJsIjoiaHR0cHM6XC9cL3d3dy5kZWNvLXRyYXZhdXguZnJcL3Nhdm9pZVwvd3AtY29udGVudFwvdXBsb2Fkc1wvMjAyNVwvMDNcL21hZ2FzaW4tY2FycmVsYWdlLUJvdXJnLVNhaW50LU1hdXJpY2Utc29sLWJldG9uLWNpbWVudC1iZWlnZS1tdXItZmFpZW5jZS1ibGV1LWV0LXZlcnQtcmVsaWVmLTNELW1vZGVybmUtcGxhZm9uZC1jYXJyZWxhZ2UtZWYuanBnIiwic2xpZGVzaG93IjoiNzA2MmQxMSJ9\" href='https:\/\/www.deco-travaux.fr\/savoie\/wp-content\/uploads\/2025\/03\/magasin-carrelage-Bourg-Saint-Maurice-sol-beton-ciment-beige-mur-faience-bleu-et-vert-relief-3D-moderne-plafond-carrelage-ef.jpg'><img loading=\"lazy\" decoding=\"async\" width=\"380\" height=\"250\" src=\"https:\/\/www.deco-travaux.fr\/savoie\/wp-content\/uploads\/2025\/03\/magasin-carrelage-Bourg-Saint-Maurice-sol-beton-ciment-beige-mur-faience-bleu-et-vert-relief-3D-moderne-plafond-carrelage-ef-380x250.jpg\" class=\"attachment-estore-featured-image size-estore-featured-image\" alt=\"magasin carrelage Bourg Saint Maurice sol b\u00e9ton ciment beige, mur fa\u00efence bleu et vert relief 3D moderne, plafond carrelage bois stri\u00e9\" \/><\/a>\n\t\t\t<\/div><\/figure><figure class='gallery-item'>\n\t\t\t<div class='gallery-icon landscape'>\n\t\t\t\t<a data-elementor-open-lightbox=\"yes\" data-elementor-lightbox-slideshow=\"7062d11\" data-elementor-lightbox-title=\"magasin carrelage Moutiers sol effet b\u00e9ton nuance gris et noir anthracite mat \u00e9tanche avec protection facilement lavable\" data-e-action-hash=\"#elementor-action%3Aaction%3Dlightbox%26settings%3DeyJpZCI6ODIyMCwidXJsIjoiaHR0cHM6XC9cL3d3dy5kZWNvLXRyYXZhdXguZnJcL3Nhdm9pZVwvd3AtY29udGVudFwvdXBsb2Fkc1wvMjAyNVwvMDNcL21hZ2FzaW4tY2FycmVsYWdlLU1vdXRpZXJzLXNvbC1lZmZldC1iZXRvbi1udWFuY2UtZ3Jpcy1ldC1ub2lyLWFudGhyYWNpdGUtbWF0LWV0YW5jaGUtYXZlYy1wcm90ZWN0aW9uLWZhY2lsZW1lbnQtbGF2YWJsZS5qcGciLCJzbGlkZXNob3ciOiI3MDYyZDExIn0%3D\" href='https:\/\/www.deco-travaux.fr\/savoie\/wp-content\/uploads\/2025\/03\/magasin-carrelage-Moutiers-sol-effet-beton-nuance-gris-et-noir-anthracite-mat-etanche-avec-protection-facilement-lavable.jpg'><img loading=\"lazy\" decoding=\"async\" width=\"380\" height=\"250\" src=\"https:\/\/www.deco-travaux.fr\/savoie\/wp-content\/uploads\/2025\/03\/magasin-carrelage-Moutiers-sol-effet-beton-nuance-gris-et-noir-anthracite-mat-etanche-avec-protection-facilement-lavable-380x250.jpg\" class=\"attachment-estore-featured-image size-estore-featured-image\" alt=\"magasin carrelage Moutiers sol effet b\u00e9ton nuance gris et noir anthracite mat \u00e9tanche avec protection facilement lavable\" \/><\/a>\n\t\t\t<\/div><\/figure>\n\t\t<\/div>\n\t\t<\/div>\n\t\t\t\t\t\t<\/div>\n\t\t\t\t<\/div>\n\t\t\t\t\t<\/div>\n\t\t<\/div>\n\t\t\t\t\t<\/div>\n\t\t<\/section>\n\t\t\t\t<section class=\"elementor-section elementor-top-section elementor-element elementor-element-d0a73e5 elementor-section-content-middle elementor-section-boxed elementor-section-height-default elementor-section-height-default\" data-id=\"d0a73e5\" data-element_type=\"section\" data-e-type=\"section\">\n\t\t\t\t\t\t<div class=\"elementor-container elementor-column-gap-no\">\n\t\t\t\t\t<div class=\"elementor-column elementor-col-100 elementor-top-column elementor-element elementor-element-d2fd10f\" data-id=\"d2fd10f\" data-element_type=\"column\" data-e-type=\"column\">\n\t\t\t<div class=\"elementor-widget-wrap elementor-element-populated\">\n\t\t\t\t\t\t<div class=\"elementor-element elementor-element-a17db94 elementor-widget elementor-widget-heading\" data-id=\"a17db94\" data-element_type=\"widget\" data-e-type=\"widget\" data-widget_type=\"heading.default\">\n\t\t\t\t<div class=\"elementor-widget-container\">\n\t\t\t\t\t<h2 class=\"elementor-heading-title elementor-size-default\">Magasin Christelle vend du splendide carrelage m\u00e9tallis\u00e9 unique en France <\/h2>\t\t\t\t<\/div>\n\t\t\t\t<\/div>\n\t\t\t\t<div class=\"elementor-element elementor-element-fa0fd71 elementor-widget elementor-widget-heading\" data-id=\"fa0fd71\" data-element_type=\"widget\" data-e-type=\"widget\" data-widget_type=\"heading.default\">\n\t\t\t\t<div class=\"elementor-widget-container\">\n\t\t\t\t\t<h3 class=\"elementor-heading-title elementor-size-default\">Magasin Christelle \u00e0 Landry vend carrelage et fa\u00efence unique effet m\u00e9tal et miroir lisse ou \u00e0 formes g\u00e9om\u00e9triques<\/h3>\t\t\t\t<\/div>\n\t\t\t\t<\/div>\n\t\t\t\t<div class=\"elementor-element elementor-element-40bc1c3 elementor-widget elementor-widget-heading\" data-id=\"40bc1c3\" data-element_type=\"widget\" data-e-type=\"widget\" data-widget_type=\"heading.default\">\n\t\t\t\t<div class=\"elementor-widget-container\">\n\t\t\t\t\t<h3 class=\"elementor-heading-title elementor-size-default\">Magasin carrelage exclusivit\u00e9s France pour r\u00e9aliser une ambiances chique d'exception de c\u00e9ramiques lumineuses ou paillet\u00e9es<\/h3>\t\t\t\t<\/div>\n\t\t\t\t<\/div>\n\t\t\t\t<div class=\"elementor-element elementor-element-b4d2961 elementor-widget elementor-widget-heading\" data-id=\"b4d2961\" data-element_type=\"widget\" data-e-type=\"widget\" data-widget_type=\"heading.default\">\n\t\t\t\t<div class=\"elementor-widget-container\">\n\t\t\t\t\t<h3 class=\"elementor-heading-title elementor-size-default\">Magasin Christelle \u00e0 Landry vend des carrelages magnifiques effet miroir argent, cuivre, laque, m\u00e9tal<\/h3>\t\t\t\t<\/div>\n\t\t\t\t<\/div>\n\t\t\t\t<div class=\"elementor-element elementor-element-650e312 gallery-spacing-custom e-transform elementor-widget elementor-widget-image-gallery\" data-id=\"650e312\" data-element_type=\"widget\" data-e-type=\"widget\" data-settings=\"{&quot;_transform_translateX_effect&quot;:{&quot;unit&quot;:&quot;px&quot;,&quot;size&quot;:&quot;&quot;,&quot;sizes&quot;:[]},&quot;_transform_translateX_effect_tablet&quot;:{&quot;unit&quot;:&quot;px&quot;,&quot;size&quot;:&quot;&quot;,&quot;sizes&quot;:[]},&quot;_transform_translateX_effect_mobile&quot;:{&quot;unit&quot;:&quot;px&quot;,&quot;size&quot;:&quot;&quot;,&quot;sizes&quot;:[]},&quot;_transform_translateY_effect&quot;:{&quot;unit&quot;:&quot;px&quot;,&quot;size&quot;:&quot;&quot;,&quot;sizes&quot;:[]},&quot;_transform_translateY_effect_tablet&quot;:{&quot;unit&quot;:&quot;px&quot;,&quot;size&quot;:&quot;&quot;,&quot;sizes&quot;:[]},&quot;_transform_translateY_effect_mobile&quot;:{&quot;unit&quot;:&quot;px&quot;,&quot;size&quot;:&quot;&quot;,&quot;sizes&quot;:[]}}\" data-widget_type=\"image-gallery.default\">\n\t\t\t\t<div class=\"elementor-widget-container\">\n\t\t\t\t\t\t\t<div class=\"elementor-image-gallery\">\n\t\t\t<div id='gallery-9' class='gallery galleryid-5345 gallery-columns-4 gallery-size-estore-medium-image'><figure class='gallery-item'>\n\t\t\t<div class='gallery-icon portrait'>\n\t\t\t\t<a data-elementor-open-lightbox=\"yes\" data-elementor-lightbox-slideshow=\"650e312\" data-elementor-lightbox-title=\"magasin Christelle carrelage mural faience unique brillant cuivre ou argent pour ambiance d&#039;exception\" data-e-action-hash=\"#elementor-action%3Aaction%3Dlightbox%26settings%3DeyJpZCI6ODI0MiwidXJsIjoiaHR0cHM6XC9cL3d3dy5kZWNvLXRyYXZhdXguZnJcL3Nhdm9pZVwvd3AtY29udGVudFwvdXBsb2Fkc1wvMjAyNVwvMDNcL21hZ2FzaW4tQ2hyaXN0ZWxsZS1jYXJyZWxhZ2UtbXVyYWwtZmFpZW5jZS11bmlxdWUtYnJpbGxhbnQtY3VpdnJlLW91LWFyZ2VudC1wb3VyLWFtYmlhbmNlLWRleGNlcHRpb24uanBnIiwic2xpZGVzaG93IjoiNjUwZTMxMiJ9\" href='https:\/\/www.deco-travaux.fr\/savoie\/wp-content\/uploads\/2025\/03\/magasin-Christelle-carrelage-mural-faience-unique-brillant-cuivre-ou-argent-pour-ambiance-dexception.jpg'><img loading=\"lazy\" decoding=\"async\" width=\"250\" height=\"180\" src=\"https:\/\/www.deco-travaux.fr\/savoie\/wp-content\/uploads\/2025\/03\/magasin-Christelle-carrelage-mural-faience-unique-brillant-cuivre-ou-argent-pour-ambiance-dexception-250x180.jpg\" class=\"attachment-estore-medium-image size-estore-medium-image\" alt=\"magasin Christelle carrelage mural faience unique brillant cuivre ou argent pour ambiance d&#039;exception\" \/><\/a>\n\t\t\t<\/div><\/figure><figure class='gallery-item'>\n\t\t\t<div class='gallery-icon landscape'>\n\t\t\t\t<a data-elementor-open-lightbox=\"yes\" data-elementor-lightbox-slideshow=\"650e312\" data-elementor-lightbox-title=\"magasin Christelle carrelage mural exceptionnel brillant et marbre pi\u00e8ces uniques en France\" data-e-action-hash=\"#elementor-action%3Aaction%3Dlightbox%26settings%3DeyJpZCI6ODIzNywidXJsIjoiaHR0cHM6XC9cL3d3dy5kZWNvLXRyYXZhdXguZnJcL3Nhdm9pZVwvd3AtY29udGVudFwvdXBsb2Fkc1wvMjAyNVwvMDNcL21hZ2FzaW4tQ2hyaXN0ZWxsZS1jYXJyZWxhZ2UtbXVyYWwtZXhjZXB0aW9ubmVsLWJyaWxsYW50LWV0LW1hcmJyZS1waWVjZXMtdW5pcXVlcy1lbi1GcmFuY2UuanBnIiwic2xpZGVzaG93IjoiNjUwZTMxMiJ9\" href='https:\/\/www.deco-travaux.fr\/savoie\/wp-content\/uploads\/2025\/03\/magasin-Christelle-carrelage-mural-exceptionnel-brillant-et-marbre-pieces-uniques-en-France.jpg'><img loading=\"lazy\" decoding=\"async\" width=\"250\" height=\"180\" src=\"https:\/\/www.deco-travaux.fr\/savoie\/wp-content\/uploads\/2025\/03\/magasin-Christelle-carrelage-mural-exceptionnel-brillant-et-marbre-pieces-uniques-en-France-250x180.jpg\" class=\"attachment-estore-medium-image size-estore-medium-image\" alt=\"magasin Christelle carrelage mural exceptionnel brillant et marbre pi\u00e8ces uniques en France\" \/><\/a>\n\t\t\t<\/div><\/figure><figure class='gallery-item'>\n\t\t\t<div class='gallery-icon portrait'>\n\t\t\t\t<a data-elementor-open-lightbox=\"yes\" data-elementor-lightbox-slideshow=\"650e312\" data-elementor-lightbox-title=\"magasin Christelle carrelage d\u00e9co faience m\u00e9tal brillant cuivre ou argent pour ambiance chique d&#039;exception\" data-e-action-hash=\"#elementor-action%3Aaction%3Dlightbox%26settings%3DeyJpZCI6ODI0NiwidXJsIjoiaHR0cHM6XC9cL3d3dy5kZWNvLXRyYXZhdXguZnJcL3Nhdm9pZVwvd3AtY29udGVudFwvdXBsb2Fkc1wvMjAyNVwvMDNcL21hZ2FzaW4tQ2hyaXN0ZWxsZS1jYXJyZWxhZ2UtZGVjby1mYWllbmNlLW1ldGFsLWJyaWxsYW50LWN1aXZyZS1vdS1hcmdlbnQtcG91ci1hbWJpYW5jZS1jaGlxdWUtZGV4Y2VwdGlvbi5qcGciLCJzbGlkZXNob3ciOiI2NTBlMzEyIn0%3D\" href='https:\/\/www.deco-travaux.fr\/savoie\/wp-content\/uploads\/2025\/03\/magasin-Christelle-carrelage-deco-faience-metal-brillant-cuivre-ou-argent-pour-ambiance-chique-dexception.jpg'><img loading=\"lazy\" decoding=\"async\" width=\"250\" height=\"180\" src=\"https:\/\/www.deco-travaux.fr\/savoie\/wp-content\/uploads\/2025\/03\/magasin-Christelle-carrelage-deco-faience-metal-brillant-cuivre-ou-argent-pour-ambiance-chique-dexception-250x180.jpg\" class=\"attachment-estore-medium-image size-estore-medium-image\" alt=\"magasin Christelle carrelage d\u00e9co faience m\u00e9tal brillant cuivre ou argent pour ambiance chique d&#039;exception\" \/><\/a>\n\t\t\t<\/div><\/figure><figure class='gallery-item'>\n\t\t\t<div class='gallery-icon landscape'>\n\t\t\t\t<a data-elementor-open-lightbox=\"yes\" data-elementor-lightbox-slideshow=\"650e312\" data-elementor-lightbox-title=\"Magasin de carrelage m\u00e9tallis\u00e9 argent de grand format pour sol et mur effet flout\u00e9 et g\u00e9om\u00e9trique\" data-e-action-hash=\"#elementor-action%3Aaction%3Dlightbox%26settings%3DeyJpZCI6NzA2NywidXJsIjoiaHR0cHM6XC9cL3d3dy5kZWNvLXRyYXZhdXguZnJcL3Nhdm9pZVwvd3AtY29udGVudFwvdXBsb2Fkc1wvMjAyNFwvMDJcL01hZ2FzaW4tZGUtY2FycmVsYWdlLW1ldGFsaXNlLWFyZ2VudC1kZS1ncmFuZC1mb3JtYXQtcG91ci1zb2wtZXQtbXVyLWVmZmV0LWZsb3V0ZS1ldC1nZW9tZXRyaXF1ZS5qcGciLCJzbGlkZXNob3ciOiI2NTBlMzEyIn0%3D\" href='https:\/\/www.deco-travaux.fr\/savoie\/wp-content\/uploads\/2024\/02\/Magasin-de-carrelage-metalise-argent-de-grand-format-pour-sol-et-mur-effet-floute-et-geometrique.jpg'><img loading=\"lazy\" decoding=\"async\" width=\"250\" height=\"180\" src=\"https:\/\/www.deco-travaux.fr\/savoie\/wp-content\/uploads\/2024\/02\/Magasin-de-carrelage-metalise-argent-de-grand-format-pour-sol-et-mur-effet-floute-et-geometrique-250x180.jpg\" class=\"attachment-estore-medium-image size-estore-medium-image\" alt=\"Magasin de carrelage m\u00e9tallis\u00e9 argent de grand format pour sol et mur effet flout\u00e9 et g\u00e9om\u00e9trique\" \/><\/a>\n\t\t\t<\/div><\/figure>\n\t\t<\/div>\n\t\t<\/div>\n\t\t\t\t\t\t<\/div>\n\t\t\t\t<\/div>\n\t\t\t\t\t<\/div>\n\t\t<\/div>\n\t\t\t\t\t<\/div>\n\t\t<\/section>\n\t\t\t\t<section class=\"elementor-section elementor-top-section elementor-element elementor-element-97d6b23 elementor-section-content-middle elementor-section-boxed elementor-section-height-default elementor-section-height-default\" data-id=\"97d6b23\" data-element_type=\"section\" data-e-type=\"section\">\n\t\t\t\t\t\t<div class=\"elementor-container elementor-column-gap-no\">\n\t\t\t\t\t<div class=\"elementor-column elementor-col-100 elementor-top-column elementor-element elementor-element-c1eede9\" data-id=\"c1eede9\" data-element_type=\"column\" data-e-type=\"column\">\n\t\t\t<div class=\"elementor-widget-wrap elementor-element-populated\">\n\t\t\t\t\t\t<div class=\"elementor-element elementor-element-6d81527 elementor-widget elementor-widget-heading\" data-id=\"6d81527\" data-element_type=\"widget\" data-e-type=\"widget\" data-widget_type=\"heading.default\">\n\t\t\t\t<div class=\"elementor-widget-container\">\n\t\t\t\t\t<h2 class=\"elementor-heading-title elementor-size-default\">Magasin carrelage mosa\u00efques showroom vall\u00e9e Moutiers Bourg Saint Maurice<\/h2>\t\t\t\t<\/div>\n\t\t\t\t<\/div>\n\t\t\t\t<div class=\"elementor-element elementor-element-c90aecc elementor-widget elementor-widget-heading\" data-id=\"c90aecc\" data-element_type=\"widget\" data-e-type=\"widget\" data-widget_type=\"heading.default\">\n\t\t\t\t<div class=\"elementor-widget-container\">\n\t\t\t\t\t<h3 class=\"elementor-heading-title elementor-size-default\">Magasin Christelle \u00e0 Landry vend carrelage et fa\u00efence effet ciment \u00e0 formes modernes toute couleur<\/h3>\t\t\t\t<\/div>\n\t\t\t\t<\/div>\n\t\t\t\t<div class=\"elementor-element elementor-element-b0dda02 elementor-widget elementor-widget-heading\" data-id=\"b0dda02\" data-element_type=\"widget\" data-e-type=\"widget\" data-widget_type=\"heading.default\">\n\t\t\t\t<div class=\"elementor-widget-container\">\n\t\t\t\t\t<h3 class=\"elementor-heading-title elementor-size-default\">Magasin carrelage mosa\u00efque en gr\u00e8s c\u00e9rame pleine masse pour sol et mur le moins cher de Savoie<\/h3>\t\t\t\t<\/div>\n\t\t\t\t<\/div>\n\t\t\t\t<div class=\"elementor-element elementor-element-a36ff7b elementor-widget elementor-widget-heading\" data-id=\"a36ff7b\" data-element_type=\"widget\" data-e-type=\"widget\" data-widget_type=\"heading.default\">\n\t\t\t\t<div class=\"elementor-widget-container\">\n\t\t\t\t\t<h3 class=\"elementor-heading-title elementor-size-default\">Magasin carrelage grand choix effet mosa\u00efque pierre, ciment, laqu\u00e9, mat, satin ou brillant<\/h3>\t\t\t\t<\/div>\n\t\t\t\t<\/div>\n\t\t\t\t<div class=\"elementor-element elementor-element-62c630e gallery-spacing-custom e-transform elementor-widget elementor-widget-image-gallery\" data-id=\"62c630e\" data-element_type=\"widget\" data-e-type=\"widget\" data-settings=\"{&quot;_transform_translateX_effect&quot;:{&quot;unit&quot;:&quot;px&quot;,&quot;size&quot;:&quot;&quot;,&quot;sizes&quot;:[]},&quot;_transform_translateX_effect_tablet&quot;:{&quot;unit&quot;:&quot;px&quot;,&quot;size&quot;:&quot;&quot;,&quot;sizes&quot;:[]},&quot;_transform_translateX_effect_mobile&quot;:{&quot;unit&quot;:&quot;px&quot;,&quot;size&quot;:&quot;&quot;,&quot;sizes&quot;:[]},&quot;_transform_translateY_effect&quot;:{&quot;unit&quot;:&quot;px&quot;,&quot;size&quot;:&quot;&quot;,&quot;sizes&quot;:[]},&quot;_transform_translateY_effect_tablet&quot;:{&quot;unit&quot;:&quot;px&quot;,&quot;size&quot;:&quot;&quot;,&quot;sizes&quot;:[]},&quot;_transform_translateY_effect_mobile&quot;:{&quot;unit&quot;:&quot;px&quot;,&quot;size&quot;:&quot;&quot;,&quot;sizes&quot;:[]}}\" data-widget_type=\"image-gallery.default\">\n\t\t\t\t<div class=\"elementor-widget-container\">\n\t\t\t\t\t\t\t<div class=\"elementor-image-gallery\">\n\t\t\t<div id='gallery-10' class='gallery galleryid-5345 gallery-columns-4 gallery-size-estore-medium-image'><figure class='gallery-item'>\n\t\t\t<div class='gallery-icon landscape'>\n\t\t\t\t<a data-elementor-open-lightbox=\"yes\" data-elementor-lightbox-slideshow=\"62c630e\" data-elementor-lightbox-title=\"carrelage mosa\u00efque noir et blanc gr\u00e8s c\u00e9rame pour sol et mur\" data-e-action-hash=\"#elementor-action%3Aaction%3Dlightbox%26settings%3DeyJpZCI6ODMxMCwidXJsIjoiaHR0cHM6XC9cL3d3dy5kZWNvLXRyYXZhdXguZnJcL3Nhdm9pZVwvd3AtY29udGVudFwvdXBsb2Fkc1wvMjAyNVwvMDNcL21hZ2FzaW4tY2FycmVsYWdlLUFsYmVydHZpbGxlLU1vdXRpZXJzLW1vc2FpcXVlLW5vaXItZXQtYmxhbmMtZ3Jlcy1jZXJhbWUtcG91ci1zb2wtZXQtbXVyLmpwZWciLCJzbGlkZXNob3ciOiI2MmM2MzBlIn0%3D\" href='https:\/\/www.deco-travaux.fr\/savoie\/wp-content\/uploads\/2025\/03\/magasin-carrelage-Albertville-Moutiers-mosaique-noir-et-blanc-gres-cerame-pour-sol-et-mur.jpeg'><img loading=\"lazy\" decoding=\"async\" width=\"250\" height=\"180\" src=\"https:\/\/www.deco-travaux.fr\/savoie\/wp-content\/uploads\/2025\/03\/magasin-carrelage-Albertville-Moutiers-mosaique-noir-et-blanc-gres-cerame-pour-sol-et-mur-250x180.jpeg\" class=\"attachment-estore-medium-image size-estore-medium-image\" alt=\"magasin carrelage Albertville Moutiers mosa\u00efque noir et blanc gr\u00e8s c\u00e9rame pour sol et mur\" \/><\/a>\n\t\t\t<\/div><\/figure><figure class='gallery-item'>\n\t\t\t<div class='gallery-icon landscape'>\n\t\t\t\t<a data-elementor-open-lightbox=\"yes\" data-elementor-lightbox-slideshow=\"62c630e\" data-elementor-lightbox-title=\"carrelage mosa\u00efque en couleur gr\u00e8s c\u00e9rame brillant\" data-e-action-hash=\"#elementor-action%3Aaction%3Dlightbox%26settings%3DeyJpZCI6ODMxNCwidXJsIjoiaHR0cHM6XC9cL3d3dy5kZWNvLXRyYXZhdXguZnJcL3Nhdm9pZVwvd3AtY29udGVudFwvdXBsb2Fkc1wvMjAyNVwvMDNcL21hZ2FzaW4tQm91cmctU2FpbnQtTWF1cmljZS1jYXJyZWxhZ2UtbW9zYWlxdWUtZW4tY291bGV1ci1ncmVzLWNlcmFtZS1icmlsbGFudC5qcGciLCJzbGlkZXNob3ciOiI2MmM2MzBlIn0%3D\" href='https:\/\/www.deco-travaux.fr\/savoie\/wp-content\/uploads\/2025\/03\/magasin-Bourg-Saint-Maurice-carrelage-mosaique-en-couleur-gres-cerame-brillant.jpg'><img loading=\"lazy\" decoding=\"async\" width=\"250\" height=\"180\" src=\"https:\/\/www.deco-travaux.fr\/savoie\/wp-content\/uploads\/2025\/03\/magasin-Bourg-Saint-Maurice-carrelage-mosaique-en-couleur-gres-cerame-brillant-250x180.jpg\" class=\"attachment-estore-medium-image size-estore-medium-image\" alt=\"magasin Bourg Saint Maurice carrelage mosa\u00efque en couleur gr\u00e8s c\u00e9rame brillant\" \/><\/a>\n\t\t\t<\/div><\/figure><figure class='gallery-item'>\n\t\t\t<div class='gallery-icon landscape'>\n\t\t\t\t<a data-elementor-open-lightbox=\"yes\" data-elementor-lightbox-slideshow=\"62c630e\" data-elementor-lightbox-title=\"carrelage gr\u00e8s c\u00e9rame 1er choix pour sol et mur effet flocon de neige mosa\u00efque\" data-e-action-hash=\"#elementor-action%3Aaction%3Dlightbox%26settings%3DeyJpZCI6ODMzNSwidXJsIjoiaHR0cHM6XC9cL3d3dy5kZWNvLXRyYXZhdXguZnJcL3Nhdm9pZVwvd3AtY29udGVudFwvdXBsb2Fkc1wvMjAyNVwvMDNcL21hZ2FzaW4tY2FycmVsYWdlLUJvdXJnLVNhaW50LU1hdXJpY2UtZ3Jlcy1jZXJhbWUtMWVyLWNob2l4LXBvdXItc29sLWV0LW11ci1lZmZldC1mbG9jb24tZGUtbmVpZ2UtbW9zYWlxdWUuanBnIiwic2xpZGVzaG93IjoiNjJjNjMwZSJ9\" href='https:\/\/www.deco-travaux.fr\/savoie\/wp-content\/uploads\/2025\/03\/magasin-carrelage-Bourg-Saint-Maurice-gres-cerame-1er-choix-pour-sol-et-mur-effet-flocon-de-neige-mosaique.jpg'><img loading=\"lazy\" decoding=\"async\" width=\"250\" height=\"180\" src=\"https:\/\/www.deco-travaux.fr\/savoie\/wp-content\/uploads\/2025\/03\/magasin-carrelage-Bourg-Saint-Maurice-gres-cerame-1er-choix-pour-sol-et-mur-effet-flocon-de-neige-mosaique-250x180.jpg\" class=\"attachment-estore-medium-image size-estore-medium-image\" alt=\"magasin carrelage Bourg Saint Maurice gr\u00e8s c\u00e9rame 1er choix pour sol et mur effet flocon de neige mosaique\" \/><\/a>\n\t\t\t<\/div><\/figure><figure class='gallery-item'>\n\t\t\t<div class='gallery-icon landscape'>\n\t\t\t\t<a data-elementor-open-lightbox=\"yes\" data-elementor-lightbox-slideshow=\"62c630e\" data-elementor-lightbox-title=\"carrelage faience mosa\u00efque gr\u00e8s c\u00e9rame 1er choix pour sol et mur effet demi boule invers\u00e9e ou boule beige et couleur\" data-e-action-hash=\"#elementor-action%3Aaction%3Dlightbox%26settings%3DeyJpZCI6ODMzOSwidXJsIjoiaHR0cHM6XC9cL3d3dy5kZWNvLXRyYXZhdXguZnJcL3Nhdm9pZVwvd3AtY29udGVudFwvdXBsb2Fkc1wvMjAyNVwvMDNcL21hZ2FzaW4tY2FycmVsYWdlLUJvdXJnLVNhaW50LU1hdXJpY2UtbW9zYWlxdWUtZ3Jlcy1jZXJhbWUtMWVyLWNob2l4LXBvdXItc29sLWV0LW11ci1lZmZldC1kZW1pLWJvdWxlLWludmVyc2VlLW91LWJvdWxlLWJlaWdlLWV0LWNvdWxldXIuanBnIiwic2xpZGVzaG93IjoiNjJjNjMwZSJ9\" href='https:\/\/www.deco-travaux.fr\/savoie\/wp-content\/uploads\/2025\/03\/magasin-carrelage-Bourg-Saint-Maurice-mosaique-gres-cerame-1er-choix-pour-sol-et-mur-effet-demi-boule-inversee-ou-boule-beige-et-couleur.jpg'><img loading=\"lazy\" decoding=\"async\" width=\"250\" height=\"180\" src=\"https:\/\/www.deco-travaux.fr\/savoie\/wp-content\/uploads\/2025\/03\/magasin-carrelage-Bourg-Saint-Maurice-mosaique-gres-cerame-1er-choix-pour-sol-et-mur-effet-demi-boule-inversee-ou-boule-beige-et-couleur-250x180.jpg\" class=\"attachment-estore-medium-image size-estore-medium-image\" alt=\"magasin carrelage faience Bourg Saint Maurice mosaique gr\u00e8s c\u00e9rame 1er choix pour sol et mur effet demi boule invers\u00e9e ou boule beige et couleur\" \/><\/a>\n\t\t\t<\/div><\/figure>\n\t\t<\/div>\n\t\t<\/div>\n\t\t\t\t\t\t<\/div>\n\t\t\t\t<\/div>\n\t\t\t\t\t<\/div>\n\t\t<\/div>\n\t\t\t\t\t<\/div>\n\t\t<\/section>\n\t\t\t\t<section class=\"elementor-section elementor-top-section elementor-element elementor-element-3724ddc elementor-section-content-middle elementor-section-boxed elementor-section-height-default elementor-section-height-default\" data-id=\"3724ddc\" data-element_type=\"section\" data-e-type=\"section\">\n\t\t\t\t\t\t<div class=\"elementor-container elementor-column-gap-no\">\n\t\t\t\t\t<div class=\"elementor-column elementor-col-100 elementor-top-column elementor-element elementor-element-45f9982\" data-id=\"45f9982\" data-element_type=\"column\" data-e-type=\"column\">\n\t\t\t<div class=\"elementor-widget-wrap elementor-element-populated\">\n\t\t\t\t\t\t<div class=\"elementor-element elementor-element-7aea4c1 elementor-widget elementor-widget-heading\" data-id=\"7aea4c1\" data-element_type=\"widget\" data-e-type=\"widget\" data-widget_type=\"heading.default\">\n\t\t\t\t<div class=\"elementor-widget-container\">\n\t\t\t\t\t<h2 class=\"elementor-heading-title elementor-size-default\">Magasin carrelage fa\u00efence m\u00e9tro et d\u00e9co moderne brillant couleurs Savoie<\/h2>\t\t\t\t<\/div>\n\t\t\t\t<\/div>\n\t\t\t\t<div class=\"elementor-element elementor-element-4026d6f elementor-widget elementor-widget-heading\" data-id=\"4026d6f\" data-element_type=\"widget\" data-e-type=\"widget\" data-widget_type=\"heading.default\">\n\t\t\t\t<div class=\"elementor-widget-container\">\n\t\t\t\t\t<h3 class=\"elementor-heading-title elementor-size-default\">Magasin carrelage et fa\u00efence effet m\u00e9tro moderne toute couleur en rectangle ou carr\u00e9<\/h3>\t\t\t\t<\/div>\n\t\t\t\t<\/div>\n\t\t\t\t<div class=\"elementor-element elementor-element-7b2a568 elementor-widget elementor-widget-heading\" data-id=\"7b2a568\" data-element_type=\"widget\" data-e-type=\"widget\" data-widget_type=\"heading.default\">\n\t\t\t\t<div class=\"elementor-widget-container\">\n\t\t\t\t\t<h3 class=\"elementor-heading-title elementor-size-default\">Magasin carrelage Moutiers en gr\u00e8s c\u00e9rame pleine masse pour sol, mur et piscine le moins cher de Savoie<\/h3>\t\t\t\t<\/div>\n\t\t\t\t<\/div>\n\t\t\t\t<div class=\"elementor-element elementor-element-255de23 elementor-widget elementor-widget-heading\" data-id=\"255de23\" data-element_type=\"widget\" data-e-type=\"widget\" data-widget_type=\"heading.default\">\n\t\t\t\t<div class=\"elementor-widget-container\">\n\t\t\t\t\t<h3 class=\"elementor-heading-title elementor-size-default\">Magasin carrelage La Plagne grand choix effet laqu\u00e9, mat, satin ou brillant<\/h3>\t\t\t\t<\/div>\n\t\t\t\t<\/div>\n\t\t\t\t<div class=\"elementor-element elementor-element-64fa6a7 gallery-spacing-custom e-transform elementor-widget elementor-widget-image-gallery\" data-id=\"64fa6a7\" data-element_type=\"widget\" data-e-type=\"widget\" data-settings=\"{&quot;_transform_translateX_effect&quot;:{&quot;unit&quot;:&quot;px&quot;,&quot;size&quot;:&quot;&quot;,&quot;sizes&quot;:[]},&quot;_transform_translateX_effect_tablet&quot;:{&quot;unit&quot;:&quot;px&quot;,&quot;size&quot;:&quot;&quot;,&quot;sizes&quot;:[]},&quot;_transform_translateX_effect_mobile&quot;:{&quot;unit&quot;:&quot;px&quot;,&quot;size&quot;:&quot;&quot;,&quot;sizes&quot;:[]},&quot;_transform_translateY_effect&quot;:{&quot;unit&quot;:&quot;px&quot;,&quot;size&quot;:&quot;&quot;,&quot;sizes&quot;:[]},&quot;_transform_translateY_effect_tablet&quot;:{&quot;unit&quot;:&quot;px&quot;,&quot;size&quot;:&quot;&quot;,&quot;sizes&quot;:[]},&quot;_transform_translateY_effect_mobile&quot;:{&quot;unit&quot;:&quot;px&quot;,&quot;size&quot;:&quot;&quot;,&quot;sizes&quot;:[]}}\" data-widget_type=\"image-gallery.default\">\n\t\t\t\t<div class=\"elementor-widget-container\">\n\t\t\t\t\t\t\t<div class=\"elementor-image-gallery\">\n\t\t\t<div id='gallery-11' class='gallery galleryid-5345 gallery-columns-4 gallery-size-estore-medium-image'><figure class='gallery-item'>\n\t\t\t<div class='gallery-icon landscape'>\n\t\t\t\t<a data-elementor-open-lightbox=\"yes\" data-elementor-lightbox-slideshow=\"64fa6a7\" data-elementor-lightbox-title=\"carrelage fa\u00efence bleu pur brillant allong\u00e9 ou carr\u00e9 type m\u00e9tro moderne\" data-e-action-hash=\"#elementor-action%3Aaction%3Dlightbox%26settings%3DeyJpZCI6ODM3MSwidXJsIjoiaHR0cHM6XC9cL3d3dy5kZWNvLXRyYXZhdXguZnJcL3Nhdm9pZVwvd3AtY29udGVudFwvdXBsb2Fkc1wvMjAyNVwvMDNcL01hZ2FzaW4tU2F2b2llLWNhcnJlbGFnZS1mYWllbmNlLWJsZXUtcHVyLWJyaWxsYW50LWFsbG9uZ2Utb3UtY2FycmUtdHlwZS1tZXRyby1tb2Rlcm5lLmpwZyIsInNsaWRlc2hvdyI6IjY0ZmE2YTcifQ%3D%3D\" href='https:\/\/www.deco-travaux.fr\/savoie\/wp-content\/uploads\/2025\/03\/Magasin-Savoie-carrelage-faience-bleu-pur-brillant-allonge-ou-carre-type-metro-moderne.jpg'><img loading=\"lazy\" decoding=\"async\" width=\"250\" height=\"180\" src=\"https:\/\/www.deco-travaux.fr\/savoie\/wp-content\/uploads\/2025\/03\/Magasin-Savoie-carrelage-faience-bleu-pur-brillant-allonge-ou-carre-type-metro-moderne-250x180.jpg\" class=\"attachment-estore-medium-image size-estore-medium-image\" alt=\"Magasin Savoie carrelage fa\u00efence bleu pur brillant allong\u00e9 ou carr\u00e9 type m\u00e9tro moderne\" \/><\/a>\n\t\t\t<\/div><\/figure><figure class='gallery-item'>\n\t\t\t<div class='gallery-icon landscape'>\n\t\t\t\t<a data-elementor-open-lightbox=\"yes\" data-elementor-lightbox-slideshow=\"64fa6a7\" data-elementor-lightbox-title=\"carrelage fa\u00efence vert d&#039;eau brillant allong\u00e9 nuanc\u00e9 type m\u00e9tro moderne\" data-e-action-hash=\"#elementor-action%3Aaction%3Dlightbox%26settings%3DeyJpZCI6ODM4OCwidXJsIjoiaHR0cHM6XC9cL3d3dy5kZWNvLXRyYXZhdXguZnJcL3Nhdm9pZVwvd3AtY29udGVudFwvdXBsb2Fkc1wvMjAyNVwvMDNcL01hZ2FzaW4tQ2hyaXN0ZWxsZS1jYXJyZWxhZ2UtZmFpZW5jZS12ZXJ0LWRlYXUtYnJpbGxhbnQtYWxsb25nZS1udWFuY2UtdHlwZS1tZXRyby1tb2Rlcm5lLmpwZyIsInNsaWRlc2hvdyI6IjY0ZmE2YTcifQ%3D%3D\" href='https:\/\/www.deco-travaux.fr\/savoie\/wp-content\/uploads\/2025\/03\/Magasin-Christelle-carrelage-faience-vert-deau-brillant-allonge-nuance-type-metro-moderne.jpg'><img loading=\"lazy\" decoding=\"async\" width=\"250\" height=\"180\" src=\"https:\/\/www.deco-travaux.fr\/savoie\/wp-content\/uploads\/2025\/03\/Magasin-Christelle-carrelage-faience-vert-deau-brillant-allonge-nuance-type-metro-moderne-250x180.jpg\" class=\"attachment-estore-medium-image size-estore-medium-image\" alt=\"Magasin Christelle carrelage fa\u00efence vert d&#039;eau brillant allong\u00e9 nuanc\u00e9 type m\u00e9tro moderne\" \/><\/a>\n\t\t\t<\/div><\/figure><figure class='gallery-item'>\n\t\t\t<div class='gallery-icon landscape'>\n\t\t\t\t<a data-elementor-open-lightbox=\"yes\" data-elementor-lightbox-slideshow=\"64fa6a7\" data-elementor-lightbox-title=\"carrelage fa\u00efence bleu ciel fonc\u00e9 brillant allong\u00e9 ou carr\u00e9 type m\u00e9tro moderne\" data-e-action-hash=\"#elementor-action%3Aaction%3Dlightbox%26settings%3DeyJpZCI6ODM4NCwidXJsIjoiaHR0cHM6XC9cL3d3dy5kZWNvLXRyYXZhdXguZnJcL3Nhdm9pZVwvd3AtY29udGVudFwvdXBsb2Fkc1wvMjAyNVwvMDNcL01hZ2FzaW4tQm91cmctU2FpbnQtTWF1cmljZS1jYXJyZWxhZ2UtZmFpZW5jZS1ibGV1LWNpZWwtZm9uY2UtYnJpbGxhbnQtYWxsb25nZS1vdS1jYXJyZS10eXBlLW1ldHJvLW1vZGVybmUuanBnIiwic2xpZGVzaG93IjoiNjRmYTZhNyJ9\" href='https:\/\/www.deco-travaux.fr\/savoie\/wp-content\/uploads\/2025\/03\/Magasin-Bourg-Saint-Maurice-carrelage-faience-bleu-ciel-fonce-brillant-allonge-ou-carre-type-metro-moderne.jpg'><img loading=\"lazy\" decoding=\"async\" width=\"250\" height=\"180\" src=\"https:\/\/www.deco-travaux.fr\/savoie\/wp-content\/uploads\/2025\/03\/Magasin-Bourg-Saint-Maurice-carrelage-faience-bleu-ciel-fonce-brillant-allonge-ou-carre-type-metro-moderne-250x180.jpg\" class=\"attachment-estore-medium-image size-estore-medium-image\" alt=\"Magasin Bourg Saint Maurice carrelage fa\u00efence bleu ciel fonc\u00e9 brillant allong\u00e9 ou carr\u00e9 type m\u00e9tro moderne\" \/><\/a>\n\t\t\t<\/div><\/figure><figure class='gallery-item'>\n\t\t\t<div class='gallery-icon landscape'>\n\t\t\t\t<a data-elementor-open-lightbox=\"yes\" data-elementor-lightbox-slideshow=\"64fa6a7\" data-elementor-lightbox-title=\"carrelage fa\u00efence blanc beige ou ros\u00e9 brillant allong\u00e9 nuanc\u00e9 type m\u00e9tro ou carr\u00e9 moderne\" data-e-action-hash=\"#elementor-action%3Aaction%3Dlightbox%26settings%3DeyJpZCI6ODM5MywidXJsIjoiaHR0cHM6XC9cL3d3dy5kZWNvLXRyYXZhdXguZnJcL3Nhdm9pZVwvd3AtY29udGVudFwvdXBsb2Fkc1wvMjAyNVwvMDNcL01hZ2FzaW4tTW91dGllcnMtY2FycmVsYWdlLWZhaWVuY2UtYmxhbmMtYmVpZ2Utb3Utcm9zZS1icmlsbGFudC1hbGxvbmdlLW51YW5jZS10eXBlLW1ldHJvLW91LWNhcnJlLW1vZGVybmUuanBnIiwic2xpZGVzaG93IjoiNjRmYTZhNyJ9\" href='https:\/\/www.deco-travaux.fr\/savoie\/wp-content\/uploads\/2025\/03\/Magasin-Moutiers-carrelage-faience-blanc-beige-ou-rose-brillant-allonge-nuance-type-metro-ou-carre-moderne.jpg'><img loading=\"lazy\" decoding=\"async\" width=\"250\" height=\"180\" src=\"https:\/\/www.deco-travaux.fr\/savoie\/wp-content\/uploads\/2025\/03\/Magasin-Moutiers-carrelage-faience-blanc-beige-ou-rose-brillant-allonge-nuance-type-metro-ou-carre-moderne-250x180.jpg\" class=\"attachment-estore-medium-image size-estore-medium-image\" alt=\"Magasin Moutiers carrelage fa\u00efence blanc beige ou ros\u00e9 brillant allong\u00e9 nuanc\u00e9 type m\u00e9tro ou carr\u00e9 moderne\" \/><\/a>\n\t\t\t<\/div><\/figure>\n\t\t<\/div>\n\t\t<\/div>\n\t\t\t\t\t\t<\/div>\n\t\t\t\t<\/div>\n\t\t\t\t\t<\/div>\n\t\t<\/div>\n\t\t\t\t\t<\/div>\n\t\t<\/section>\n\t\t\t\t<\/div>\n\t\t","protected":false},"excerpt":{"rendered":"<p>Magasin carrelage haute qualit\u00e9 vall\u00e9e Moutiers Bourg Saint Maurice Magasin plus grand choix de carrelage de Bourg Saint Maurice \u00e0 Albertville Magasin d&rsquo;exposition carrelage Bourg Saint Maurice Aime Moutiers Un magasin de carrelage et c\u00e9ramique modernes uniques en Savoie sur 500 m2 d&rsquo;exposition \u00e0 Landry entre Moutiers et Bourg Saint Maurice. Tr\u00e8s belles collections de [&hellip;]<\/p>\n","protected":false},"author":2,"featured_media":0,"parent":0,"menu_order":0,"comment_status":"closed","ping_status":"closed","template":"elementor_header_footer","meta":{"_monsterinsights_skip_tracking":false,"_monsterinsights_sitenote_active":false,"_monsterinsights_sitenote_note":"","_monsterinsights_sitenote_category":0,"ngg_post_thumbnail":0,"footnotes":"","_links_to":"","_links_to_target":""},"class_list":["post-5345","page","type-page","status-publish","hentry"],"yoast_head":"<!-- This site is optimized with the Yoast SEO plugin v27.4 - https:\/\/yoast.com\/product\/yoast-seo-wordpress\/ -->\n<title>Magasin de carrelage et fa\u00efence 1er choix haute qualit\u00e9 prix bas<\/title>\n<meta name=\"description\" content=\"Magasin de carrelage et fa\u00efence de 1er choix haute qualit\u00e9. Expo vente magnifique carrelage petits et tr\u00e8s grands formats \u00e0 Bourg St Maurice\" \/>\n<meta name=\"robots\" content=\"index, follow, max-snippet:-1, max-image-preview:large, max-video-preview:-1\" \/>\n<link rel=\"canonical\" href=\"https:\/\/www.deco-travaux.fr\/savoie\/magasin-carrelage\/\" \/>\n<meta property=\"og:locale\" content=\"fr_FR\" \/>\n<meta property=\"og:type\" content=\"article\" \/>\n<meta property=\"og:title\" content=\"Magasin de carrelage et fa\u00efence 1er choix haute qualit\u00e9 prix bas\" \/>\n<meta property=\"og:description\" content=\"Magasin de carrelage et fa\u00efence de 1er choix haute qualit\u00e9. Expo vente magnifique carrelage petits et tr\u00e8s grands formats \u00e0 Bourg St Maurice\" \/>\n<meta property=\"og:url\" content=\"https:\/\/www.deco-travaux.fr\/savoie\/magasin-carrelage\/\" \/>\n<meta property=\"og:site_name\" content=\"Magasin Christelle carrelage, cuisines, salle de bain, menuiserie\" \/>\n<meta property=\"article:publisher\" content=\"https:\/\/www.facebook.com\/chrisdecotravaux\/\" \/>\n<meta property=\"article:modified_time\" content=\"2025-10-24T14:56:30+00:00\" \/>\n<meta property=\"og:image\" content=\"https:\/\/www.deco-travaux.fr\/savoie\/wp-content\/uploads\/2024\/02\/Magasin-carrelage-rouge-et-gris-avec-plan-vasque-ceramique-assorti.jpg\" \/>\n\t<meta property=\"og:image:width\" content=\"500\" \/>\n\t<meta property=\"og:image:height\" content=\"354\" \/>\n\t<meta property=\"og:image:type\" content=\"image\/jpeg\" \/>\n<meta name=\"twitter:label1\" content=\"Dur\u00e9e de lecture estim\u00e9e\" \/>\n\t<meta name=\"twitter:data1\" content=\"13 minutes\" \/>\n<script type=\"application\/ld+json\" class=\"yoast-schema-graph\">{\"@context\":\"https:\\\/\\\/schema.org\",\"@graph\":[{\"@type\":\"WebPage\",\"@id\":\"https:\\\/\\\/www.deco-travaux.fr\\\/savoie\\\/magasin-carrelage\\\/\",\"url\":\"https:\\\/\\\/www.deco-travaux.fr\\\/savoie\\\/magasin-carrelage\\\/\",\"name\":\"Magasin de carrelage et fa\u00efence 1er choix haute qualit\u00e9 prix bas\",\"isPartOf\":{\"@id\":\"https:\\\/\\\/www.deco-travaux.fr\\\/savoie\\\/#website\"},\"primaryImageOfPage\":{\"@id\":\"https:\\\/\\\/www.deco-travaux.fr\\\/savoie\\\/magasin-carrelage\\\/#primaryimage\"},\"image\":{\"@id\":\"https:\\\/\\\/www.deco-travaux.fr\\\/savoie\\\/magasin-carrelage\\\/#primaryimage\"},\"thumbnailUrl\":\"https:\\\/\\\/www.deco-travaux.fr\\\/savoie\\\/wp-content\\\/uploads\\\/2024\\\/02\\\/Magasin-carrelage-rouge-et-gris-avec-plan-vasque-ceramique-assorti-380x250.jpg\",\"datePublished\":\"2023-11-17T15:29:18+00:00\",\"dateModified\":\"2025-10-24T14:56:30+00:00\",\"description\":\"Magasin de carrelage et fa\u00efence de 1er choix haute qualit\u00e9. Expo vente magnifique carrelage petits et tr\u00e8s grands formats \u00e0 Bourg St Maurice\",\"breadcrumb\":{\"@id\":\"https:\\\/\\\/www.deco-travaux.fr\\\/savoie\\\/magasin-carrelage\\\/#breadcrumb\"},\"inLanguage\":\"fr-FR\",\"potentialAction\":[{\"@type\":\"ReadAction\",\"target\":[\"https:\\\/\\\/www.deco-travaux.fr\\\/savoie\\\/magasin-carrelage\\\/\"]}]},{\"@type\":\"ImageObject\",\"inLanguage\":\"fr-FR\",\"@id\":\"https:\\\/\\\/www.deco-travaux.fr\\\/savoie\\\/magasin-carrelage\\\/#primaryimage\",\"url\":\"https:\\\/\\\/www.deco-travaux.fr\\\/savoie\\\/wp-content\\\/uploads\\\/2024\\\/02\\\/Magasin-carrelage-rouge-et-gris-avec-plan-vasque-ceramique-assorti.jpg\",\"contentUrl\":\"https:\\\/\\\/www.deco-travaux.fr\\\/savoie\\\/wp-content\\\/uploads\\\/2024\\\/02\\\/Magasin-carrelage-rouge-et-gris-avec-plan-vasque-ceramique-assorti.jpg\",\"width\":500,\"height\":354,\"caption\":\"Magasin carrelage moutiers bourg-saint-maurice carrelage rouge ou gris et plan vasque c\u00e9ramique assorti\"},{\"@type\":\"BreadcrumbList\",\"@id\":\"https:\\\/\\\/www.deco-travaux.fr\\\/savoie\\\/magasin-carrelage\\\/#breadcrumb\",\"itemListElement\":[{\"@type\":\"ListItem\",\"position\":1,\"name\":\"Accueil\",\"item\":\"https:\\\/\\\/www.deco-travaux.fr\\\/savoie\\\/\"},{\"@type\":\"ListItem\",\"position\":2,\"name\":\"carrelage\"}]},{\"@type\":\"WebSite\",\"@id\":\"https:\\\/\\\/www.deco-travaux.fr\\\/savoie\\\/#website\",\"url\":\"https:\\\/\\\/www.deco-travaux.fr\\\/savoie\\\/\",\"name\":\"Magasin Christelle carrelage, cuisines, salle de bain, menuiserie\",\"description\":\"Magasin expo de produits exceptionnels \u00e0 prix bas \u00e0 5 minutes de Bourg Saint Maurice et Aime La Plagne Tarentaise en Savoie 73\",\"potentialAction\":[{\"@type\":\"SearchAction\",\"target\":{\"@type\":\"EntryPoint\",\"urlTemplate\":\"https:\\\/\\\/www.deco-travaux.fr\\\/savoie\\\/?s={search_term_string}\"},\"query-input\":{\"@type\":\"PropertyValueSpecification\",\"valueRequired\":true,\"valueName\":\"search_term_string\"}}],\"inLanguage\":\"fr-FR\"}]}<\/script>\n<!-- \/ Yoast SEO plugin. -->","yoast_head_json":{"title":"Magasin de carrelage et fa\u00efence 1er choix haute qualit\u00e9 prix bas","description":"Magasin de carrelage et fa\u00efence de 1er choix haute qualit\u00e9. Expo vente magnifique carrelage petits et tr\u00e8s grands formats \u00e0 Bourg St Maurice","robots":{"index":"index","follow":"follow","max-snippet":"max-snippet:-1","max-image-preview":"max-image-preview:large","max-video-preview":"max-video-preview:-1"},"canonical":"https:\/\/www.deco-travaux.fr\/savoie\/magasin-carrelage\/","og_locale":"fr_FR","og_type":"article","og_title":"Magasin de carrelage et fa\u00efence 1er choix haute qualit\u00e9 prix bas","og_description":"Magasin de carrelage et fa\u00efence de 1er choix haute qualit\u00e9. Expo vente magnifique carrelage petits et tr\u00e8s grands formats \u00e0 Bourg St Maurice","og_url":"https:\/\/www.deco-travaux.fr\/savoie\/magasin-carrelage\/","og_site_name":"Magasin Christelle carrelage, cuisines, salle de bain, menuiserie","article_publisher":"https:\/\/www.facebook.com\/chrisdecotravaux\/","article_modified_time":"2025-10-24T14:56:30+00:00","og_image":[{"width":500,"height":354,"url":"https:\/\/www.deco-travaux.fr\/savoie\/wp-content\/uploads\/2024\/02\/Magasin-carrelage-rouge-et-gris-avec-plan-vasque-ceramique-assorti.jpg","type":"image\/jpeg"}],"twitter_misc":{"Dur\u00e9e de lecture estim\u00e9e":"13 minutes"},"schema":{"@context":"https:\/\/schema.org","@graph":[{"@type":"WebPage","@id":"https:\/\/www.deco-travaux.fr\/savoie\/magasin-carrelage\/","url":"https:\/\/www.deco-travaux.fr\/savoie\/magasin-carrelage\/","name":"Magasin de carrelage et fa\u00efence 1er choix haute qualit\u00e9 prix bas","isPartOf":{"@id":"https:\/\/www.deco-travaux.fr\/savoie\/#website"},"primaryImageOfPage":{"@id":"https:\/\/www.deco-travaux.fr\/savoie\/magasin-carrelage\/#primaryimage"},"image":{"@id":"https:\/\/www.deco-travaux.fr\/savoie\/magasin-carrelage\/#primaryimage"},"thumbnailUrl":"https:\/\/www.deco-travaux.fr\/savoie\/wp-content\/uploads\/2024\/02\/Magasin-carrelage-rouge-et-gris-avec-plan-vasque-ceramique-assorti-380x250.jpg","datePublished":"2023-11-17T15:29:18+00:00","dateModified":"2025-10-24T14:56:30+00:00","description":"Magasin de carrelage et fa\u00efence de 1er choix haute qualit\u00e9. Expo vente magnifique carrelage petits et tr\u00e8s grands formats \u00e0 Bourg St Maurice","breadcrumb":{"@id":"https:\/\/www.deco-travaux.fr\/savoie\/magasin-carrelage\/#breadcrumb"},"inLanguage":"fr-FR","potentialAction":[{"@type":"ReadAction","target":["https:\/\/www.deco-travaux.fr\/savoie\/magasin-carrelage\/"]}]},{"@type":"ImageObject","inLanguage":"fr-FR","@id":"https:\/\/www.deco-travaux.fr\/savoie\/magasin-carrelage\/#primaryimage","url":"https:\/\/www.deco-travaux.fr\/savoie\/wp-content\/uploads\/2024\/02\/Magasin-carrelage-rouge-et-gris-avec-plan-vasque-ceramique-assorti.jpg","contentUrl":"https:\/\/www.deco-travaux.fr\/savoie\/wp-content\/uploads\/2024\/02\/Magasin-carrelage-rouge-et-gris-avec-plan-vasque-ceramique-assorti.jpg","width":500,"height":354,"caption":"Magasin carrelage moutiers bourg-saint-maurice carrelage rouge ou gris et plan vasque c\u00e9ramique assorti"},{"@type":"BreadcrumbList","@id":"https:\/\/www.deco-travaux.fr\/savoie\/magasin-carrelage\/#breadcrumb","itemListElement":[{"@type":"ListItem","position":1,"name":"Accueil","item":"https:\/\/www.deco-travaux.fr\/savoie\/"},{"@type":"ListItem","position":2,"name":"carrelage"}]},{"@type":"WebSite","@id":"https:\/\/www.deco-travaux.fr\/savoie\/#website","url":"https:\/\/www.deco-travaux.fr\/savoie\/","name":"Magasin Christelle carrelage, cuisines, salle de bain, menuiserie","description":"Magasin expo de produits exceptionnels \u00e0 prix bas \u00e0 5 minutes de Bourg Saint Maurice et Aime La Plagne Tarentaise en Savoie 73","potentialAction":[{"@type":"SearchAction","target":{"@type":"EntryPoint","urlTemplate":"https:\/\/www.deco-travaux.fr\/savoie\/?s={search_term_string}"},"query-input":{"@type":"PropertyValueSpecification","valueRequired":true,"valueName":"search_term_string"}}],"inLanguage":"fr-FR"}]}},"_links":{"self":[{"href":"https:\/\/www.deco-travaux.fr\/savoie\/wp-json\/wp\/v2\/pages\/5345","targetHints":{"allow":["GET"]}}],"collection":[{"href":"https:\/\/www.deco-travaux.fr\/savoie\/wp-json\/wp\/v2\/pages"}],"about":[{"href":"https:\/\/www.deco-travaux.fr\/savoie\/wp-json\/wp\/v2\/types\/page"}],"author":[{"embeddable":true,"href":"https:\/\/www.deco-travaux.fr\/savoie\/wp-json\/wp\/v2\/users\/2"}],"replies":[{"embeddable":true,"href":"https:\/\/www.deco-travaux.fr\/savoie\/wp-json\/wp\/v2\/comments?post=5345"}],"version-history":[{"count":656,"href":"https:\/\/www.deco-travaux.fr\/savoie\/wp-json\/wp\/v2\/pages\/5345\/revisions"}],"predecessor-version":[{"id":8955,"href":"https:\/\/www.deco-travaux.fr\/savoie\/wp-json\/wp\/v2\/pages\/5345\/revisions\/8955"}],"wp:attachment":[{"href":"https:\/\/www.deco-travaux.fr\/savoie\/wp-json\/wp\/v2\/media?parent=5345"}],"curies":[{"name":"wp","href":"https:\/\/api.w.org\/{rel}","templated":true}]}}